{"id":11448,"date":"2021-09-01T17:16:06","date_gmt":"2021-09-01T17:16:06","guid":{"rendered":"https:\/\/demokraatlikliikumine.ee\/?post_type=ajalehed&#038;p=11448"},"modified":"2021-09-01T17:16:06","modified_gmt":"2021-09-01T17:16:06","slug":"suurel-reedel","status":"publish","type":"ajalehed","link":"https:\/\/demokraatlikliikumine.ee\/en\/ajalehed\/suurel-reedel\/","title":{"rendered":"Suurel Reedel"},"content":{"rendered":"<p>N\u00e4e, \u00fcle Kolgata k\u00fcnka,<\/p>\n<p>on laskunud pimedus!<\/p>\n<p>Ja enam keegi ei pilka<\/p>\n<p>k\u00f5iki vallanud jahmatus.<\/p>\n<p>&nbsp;<\/p>\n<p>Ja rasket vaikust siis murrab<\/p>\n<p>l\u00f5hkevast s\u00fcdamest h\u00fc\u00fcd:<\/p>\n<p>&#8220;Isa, su k\u00e4tte end annan,<\/p>\n<p>k\u00f5ik l\u00f5petatud on n\u00fc\u00fcd !&#8221;<\/p>\n<p>&nbsp;<\/p>\n<p>Nii suri, nii m\u00f5\u00f5tmatus valus,<\/p>\n<p>maa laste eest ohvriks sai<\/p>\n<p>Jeesus, Jumala Poeg<\/p>\n<p>&nbsp;<\/p>\n<p>Kord, kui k\u00f5ik maine on m\u00f6\u00f6das<\/p>\n<p>ja kutsub meid Issanda h\u00e4\u00e4l &#8211;<\/p>\n<p>kuhu paged, kui Kolgatast m\u00f6\u00f6da<\/p>\n<p>sa pilgates k\u00e4iksid maa peal ?<\/p>\n<p>&nbsp;<\/p>\n<p>V &#8211; i.<\/p>\n","protected":false},"excerpt":{"rendered":"<p>N\u00e4e, \u00fcle Kolgata k\u00fcnka, on laskunud pimedus! Ja enam keegi ei pilka k\u00f5iki vallanud jahmatus. &nbsp; Ja rasket vaikust siis<\/p>\n","protected":false},"featured_media":0,"parent":0,"menu_order":0,"comment_status":"closed","ping_status":"closed","template":"","format":"standard","meta":{"_acf_changed":false},"autorid":[],"aasta":[],"valjaanne":[],"varjunimi":[104],"toimiku_number":[],"class_list":["post-11448","ajalehed","type-ajalehed","status-publish","format-standard","hentry","varjunimi-v-i"],"acf":[],"yoast_head":"<!-- This site is optimized with the Yoast SEO plugin v25.8 - https:\/\/yoast.com\/wordpress\/plugins\/seo\/ -->\n<title>Suurel Reedel - Demokraatlik liikumine<\/title>\n<meta name=\"robots\" content=\"index, follow, max-snippet:-1, max-image-preview:large, max-video-preview:-1\" \/>\n<link rel=\"canonical\" href=\"https:\/\/demokraatlikliikumine.ee\/en\/ajalehed\/suurel-reedel\/\" \/>\n<meta property=\"og:locale\" content=\"en_US\" \/>\n<meta property=\"og:type\" content=\"article\" \/>\n<meta property=\"og:title\" content=\"Suurel Reedel - Demokraatlik liikumine\" \/>\n<meta property=\"og:description\" content=\"N\u00e4e, \u00fcle Kolgata k\u00fcnka, on laskunud pimedus! Ja enam keegi ei pilka k\u00f5iki vallanud jahmatus. &nbsp; Ja rasket vaikust siis\" \/>\n<meta property=\"og:url\" content=\"https:\/\/demokraatlikliikumine.ee\/en\/ajalehed\/suurel-reedel\/\" \/>\n<meta property=\"og:site_name\" content=\"Demokraatlik liikumine\" \/>\n<meta name=\"twitter:card\" content=\"summary_large_image\" \/>\n<meta name=\"twitter:label1\" content=\"Est. reading time\" \/>\n\t<meta name=\"twitter:data1\" content=\"1 minute\" \/>\n<script type=\"application\/ld+json\" class=\"yoast-schema-graph\">{\"@context\":\"https:\/\/schema.org\",\"@graph\":[{\"@type\":\"WebPage\",\"@id\":\"https:\/\/demokraatlikliikumine.ee\/en\/ajalehed\/suurel-reedel\/\",\"url\":\"https:\/\/demokraatlikliikumine.ee\/en\/ajalehed\/suurel-reedel\/\",\"name\":\"Suurel Reedel - Demokraatlik liikumine\",\"isPartOf\":{\"@id\":\"https:\/\/demokraatlikliikumine.ee\/en\/#website\"},\"datePublished\":\"2021-09-01T17:16:06+00:00\",\"breadcrumb\":{\"@id\":\"https:\/\/demokraatlikliikumine.ee\/en\/ajalehed\/suurel-reedel\/#breadcrumb\"},\"inLanguage\":\"en-US\",\"potentialAction\":[{\"@type\":\"ReadAction\",\"target\":[\"https:\/\/demokraatlikliikumine.ee\/en\/ajalehed\/suurel-reedel\/\"]}]},{\"@type\":\"BreadcrumbList\",\"@id\":\"https:\/\/demokraatlikliikumine.ee\/en\/ajalehed\/suurel-reedel\/#breadcrumb\",\"itemListElement\":[{\"@type\":\"ListItem\",\"position\":1,\"name\":\"Home\",\"item\":\"https:\/\/demokraatlikliikumine.ee\/en\/\"},{\"@type\":\"ListItem\",\"position\":2,\"name\":\"Suurel Reedel\"}]},{\"@type\":\"WebSite\",\"@id\":\"https:\/\/demokraatlikliikumine.ee\/en\/#website\",\"url\":\"https:\/\/demokraatlikliikumine.ee\/en\/\",\"name\":\"Demokraatlik liikumine\",\"description\":\"Just another WordPress site\",\"potentialAction\":[{\"@type\":\"SearchAction\",\"target\":{\"@type\":\"EntryPoint\",\"urlTemplate\":\"https:\/\/demokraatlikliikumine.ee\/en\/?s={search_term_string}\"},\"query-input\":{\"@type\":\"PropertyValueSpecification\",\"valueRequired\":true,\"valueName\":\"search_term_string\"}}],\"inLanguage\":\"en-US\"}]}<\/script>\n<!-- \/ Yoast SEO plugin. -->","yoast_head_json":{"title":"Suurel Reedel - Demokraatlik liikumine","robots":{"index":"index","follow":"follow","max-snippet":"max-snippet:-1","max-image-preview":"max-image-preview:large","max-video-preview":"max-video-preview:-1"},"canonical":"https:\/\/demokraatlikliikumine.ee\/en\/ajalehed\/suurel-reedel\/","og_locale":"en_US","og_type":"article","og_title":"Suurel Reedel - Demokraatlik liikumine","og_description":"N\u00e4e, \u00fcle Kolgata k\u00fcnka, on laskunud pimedus! Ja enam keegi ei pilka k\u00f5iki vallanud jahmatus. &nbsp; Ja rasket vaikust siis","og_url":"https:\/\/demokraatlikliikumine.ee\/en\/ajalehed\/suurel-reedel\/","og_site_name":"Demokraatlik liikumine","twitter_card":"summary_large_image","twitter_misc":{"Est. reading time":"1 minute"},"schema":{"@context":"https:\/\/schema.org","@graph":[{"@type":"WebPage","@id":"https:\/\/demokraatlikliikumine.ee\/en\/ajalehed\/suurel-reedel\/","url":"https:\/\/demokraatlikliikumine.ee\/en\/ajalehed\/suurel-reedel\/","name":"Suurel Reedel - Demokraatlik liikumine","isPartOf":{"@id":"https:\/\/demokraatlikliikumine.ee\/en\/#website"},"datePublished":"2021-09-01T17:16:06+00:00","breadcrumb":{"@id":"https:\/\/demokraatlikliikumine.ee\/en\/ajalehed\/suurel-reedel\/#breadcrumb"},"inLanguage":"en-US","potentialAction":[{"@type":"ReadAction","target":["https:\/\/demokraatlikliikumine.ee\/en\/ajalehed\/suurel-reedel\/"]}]},{"@type":"BreadcrumbList","@id":"https:\/\/demokraatlikliikumine.ee\/en\/ajalehed\/suurel-reedel\/#breadcrumb","itemListElement":[{"@type":"ListItem","position":1,"name":"Home","item":"https:\/\/demokraatlikliikumine.ee\/en\/"},{"@type":"ListItem","position":2,"name":"Suurel Reedel"}]},{"@type":"WebSite","@id":"https:\/\/demokraatlikliikumine.ee\/en\/#website","url":"https:\/\/demokraatlikliikumine.ee\/en\/","name":"Demokraatlik liikumine","description":"Just another WordPress site","potentialAction":[{"@type":"SearchAction","target":{"@type":"EntryPoint","urlTemplate":"https:\/\/demokraatlikliikumine.ee\/en\/?s={search_term_string}"},"query-input":{"@type":"PropertyValueSpecification","valueRequired":true,"valueName":"search_term_string"}}],"inLanguage":"en-US"}]}},"_links":{"self":[{"href":"https:\/\/demokraatlikliikumine.ee\/en\/wp-json\/wp\/v2\/ajalehed\/11448","targetHints":{"allow":["GET"]}}],"collection":[{"href":"https:\/\/demokraatlikliikumine.ee\/en\/wp-json\/wp\/v2\/ajalehed"}],"about":[{"href":"https:\/\/demokraatlikliikumine.ee\/en\/wp-json\/wp\/v2\/types\/ajalehed"}],"replies":[{"embeddable":true,"href":"https:\/\/demokraatlikliikumine.ee\/en\/wp-json\/wp\/v2\/comments?post=11448"}],"version-history":[{"count":1,"href":"https:\/\/demokraatlikliikumine.ee\/en\/wp-json\/wp\/v2\/ajalehed\/11448\/revisions"}],"predecessor-version":[{"id":11449,"href":"https:\/\/demokraatlikliikumine.ee\/en\/wp-json\/wp\/v2\/ajalehed\/11448\/revisions\/11449"}],"wp:attachment":[{"href":"https:\/\/demokraatlikliikumine.ee\/en\/wp-json\/wp\/v2\/media?parent=11448"}],"wp:term":[{"taxonomy":"autorid","embeddable":true,"href":"https:\/\/demokraatlikliikumine.ee\/en\/wp-json\/wp\/v2\/autorid?post=11448"},{"taxonomy":"aasta","embeddable":true,"href":"https:\/\/demokraatlikliikumine.ee\/en\/wp-json\/wp\/v2\/aasta?post=11448"},{"taxonomy":"valjaanne","embeddable":true,"href":"https:\/\/demokraatlikliikumine.ee\/en\/wp-json\/wp\/v2\/valjaanne?post=11448"},{"taxonomy":"varjunimi","embeddable":true,"href":"https:\/\/demokraatlikliikumine.ee\/en\/wp-json\/wp\/v2\/varjunimi?post=11448"},{"taxonomy":"toimiku_number","embeddable":true,"href":"https:\/\/demokraatlikliikumine.ee\/en\/wp-json\/wp\/v2\/toimiku_number?post=11448"}],"curies":[{"name":"wp","href":"https:\/\/api.w.org\/{rel}","templated":true}]}}