{"id":11456,"date":"2021-09-01T17:36:54","date_gmt":"2021-09-01T17:36:54","guid":{"rendered":"https:\/\/demokraatlikliikumine.ee\/?post_type=ajalehed&#038;p=11456"},"modified":"2021-09-01T17:38:05","modified_gmt":"2021-09-01T17:38:05","slug":"minu-motteid-vabastajatest","status":"publish","type":"ajalehed","link":"https:\/\/demokraatlikliikumine.ee\/en\/ajalehed\/minu-motteid-vabastajatest\/","title":{"rendered":"Minu m\u00f5tteid \u201cvabastajatest\u201d"},"content":{"rendered":"<p>K\u00f5igepealt olukorrast, kuidas see m\u00f5te \u00fcldse tekkis.<\/p>\n<p>Seisin poes j\u00e4rjekorras, m\u00fc\u00fcdi v\u00e4rskeid kurke. J\u00e4rjekord oli pikk. * ees seisis \u00fcks keskkooli \u00f5pilane. J\u00e4rjekord tegi k\u00e4\u00e4naku seina \u00e4\u00e4* ja p\u00f6\u00f6rdus leti juurde. Mina ja minu ees seisev keskkooli \u00f5pilane j\u00e4rgnesime k\u00e4\u00e4nakule. Paistis, et ka sel keskkooli \u00f5pilasel ei meeldinud eriti tihedalt teiste j\u00e4rjekorrasolijate vastu suruda, mida kasutas \u00e4ra \u00fcks osav naissoost isik. Kurgid olid l\u00f5ppemas. See sundis ostjaid ostma(?) \u00fche kurgi asemel kaks, aga \u00fcks vene rahvusest naine isegi kaheksa suurt ja k\u00f5verat kurgivolaskit. Miks ma r\u00f5hutasin just, et vene rahvusest, seda sellep\u00e4rast et, enamus j\u00e4rjekorrasolijatest olid eestlased * nad naeratasid selle, minu meelest ahnitsemise peale, veidi irooniliselt. No olgu pealegi, mis tal vaja oli nii palju, las v\u00f5tab. Mida v\u00e4hemaks j\u00e4i kurke letil, seda \u00e4revamaks muutus j\u00e4rjekord.Kulminatsioon*. Viimased kaks h\u00e4sti k\u00f5verat ning suurt kurki sattusid mehele. * seisis selle juhusliku vaheletr\u00fcgija ees.Oi issand! M\u00f5ni sekund tagasi vaikne olnud kauplus t\u00e4itus paugupealt sellise l\u00e4rmiga, et m\u00fc\u00fcja ei suutnud mehele \u00f6elda, kui palju viimane v\u00f5lgneb ostatud kurkide eest. Muidugi m\u00f5ista oli l\u00e4rm \u00fchepoolne.<\/p>\n<p>L\u00e4bi l\u00e4rmi oli kuulda sellist \u00fctlust: \u201dM\u00f5 vas osvobodili, a vas ..\u201d * ma hakkasin m\u00f5tlema, mida siis t\u00e4hendab vabastama ja kuidas sellistele l\u00e4rmitsejatele vastata.<\/p>\n<p>Minu meelest, kui \u00fcks muulane ajab teise v\u00e4lja, on ta samasugune agressor, kui eelminegi okupant. Vabastamiseks v\u00f5ib nimetada Venemaa s\u00f5da T\u00fcrgi vastu Bulgaarias, kus Vene v\u00e4ed peale s\u00f5da * v\u00e4lja viidi.Ja seda s\u00fcndmust bulgaaria rahvas meenutab suure t\u00e4nutundega t\u00e4naseni.<\/p>\n<p>Keda siis m\u00f5jutavad Eestis viibivad venelased?V.I.Lenini m\u00e4\u00e4rangus rahvuse kohta on \u00e4ra toodud viis tunnust, nende hulgas on oma \u00fchtse territooriumi tingimus.\u00dchegi neist viiest tunnusest puudumise korral ei ole s\u00f5na rahvus nende inimeste kohta kasutatav.Venelastel ja muulastel seega pole Eesti territooriumil rahvuse tunnust.J\u00e4\u00e4b \u00fcle ainult, et nad esindavad siis seda maad, kes eelmised okupandid v\u00e4lja ajas, seega esindavad nad uusi okupante.<\/p>\n<p>Oh et kas okupant pole liiga r\u00e4ngalt \u00f6eldud.Arvan et ei.Kes iseloomustab okupatsioonire\u017eiimi \u00fcldiselt. K\u00f5igepealt okupatsioonimeelne valitsus. Kas meil see tingimus on t\u00e4idetud? On k\u00fcll, sest suured eksitused Moskvas ei kutsunud meie valitsuses mingeid muudatusi. Asja v\u00f5iks seletada meie valitsusjuhtide k\u00f5rge diplomaatilise tasemega, kuid see arvatavasti Moskvat ei rahuldaks. Palju kindlam on see variant, et Eestis * seda mida Moskvas ette v\u00f5etakse. Kui Eestis tekib raskusi sobiva * leidmisega, siis Moskvast saab neid niipalju kui soovid. Ma nimesid ei hakka nimetama, arvan,e t k\u00f5ik juba teavad, v\u00e4hemalt *.<\/p>\n<p>Teiseks okupatsiooni iseloomustavaks jooneks on okupantide s\u00f5jav\u00e4e viibimine okupeeritaval territooriumil. Ka see tingimus on meil t\u00e4idetud. Kuigi konstitutsiooniga on etten\u00e4htud oma s\u00f5jav\u00e4e\u00fcksuste omamine omal territooriumil, on sellest praktikast loobutud, sest parem karta kui kahetseda.Aga et kas s\u00f5jav\u00e4ge rahva vastu kasutataks?Poola s\u00fcndmused n\u00e4itasid, et t\u00e4itsa edukalt. Surnuid oli enam v\u00e4hem v\u00f5rdselt nii tsiviilelanikkonna keskel, kui ka s\u00f5durite seas veidi \u00fcle poole tuhande.m\u00f5lemaid.<\/p>\n<p>Kolmandaks: okupantide privilegeeritud seisund. Kas meil on see tingimus t\u00e4idetud? Teatud m\u00e4\u00e4ral k\u00fcll, kuid siin on olustikulised p\u00f5hjused. Korteritega varustatus on venelastel parem, sest \u201cspetsialistid\u201d vajavad korralikke elamistingimusi. Kuid nad on vaid okupatsioonile kaasnev n\u00e4htus. Okupantideks aga v\u00f5ib lugeda riigi poolt m\u00e4\u00e4ratuid k\u00f5rgemalseisvaid isikuid ja nende kohta k\u00e4ivad privileegid t\u00e4iel m\u00e4\u00e4ral. Nendel pole vaja j\u00e4rjekordades seista ja seep\u00e4rast neid kohtad harva. Kohtad aga okupatsioonimaad esindavat rahvast, kellele on p\u00e4he taotud, et nad on vabastajad. nad teavad meie varemast elust ainult halba. Nagu see naisterahvas v\u00e4ljendas: \u201cU vas ran\u0161e nitsevo ne b\u00f5lo. V\u00f5 v laptjah hodili\u201d.<\/p>\n<p>*poolest meil varem ei olnud selliseid j\u00e4rjekordi poes. Ei olnud. * arvan, et venelaste abiga, s.t. et kui neid veel rohkem juurde tuleb(?), kaovad j\u00e4rjekorrad varsti, sest pole ju m\u00f5tet t\u00fchjas poes j\u00e4rjekorras seista. Ma ei ole rassist ega natsist. Ma ei v\u00e4ida, et eestlased oleksid mustad ja laisad inimesed, kuid sajanditepikkuse orjusega \u00f5ppisid nad t\u00f6\u00f6tama ja j\u00f5udsid l\u00f5puks kultuurrahvaste tasemele. Oma sajanditepikkuse r\u00e4nga t\u00f6\u00f6ga on nad loonud k\u00fcllaltki hea teedev\u00f5rgu, mida praegugi kasutatakse ja millesarnast pole Venemaal vastu pakkuda. Sest see, mida me t\u00e4na kasutame, pole mitte \u00fcksnes eile loodud, vaid tunduvalt varem ja selle loomisest on osa v\u00f5tnud meie esivanemate p\u00f5lvkonnad. Ja seep\u00e4rast ma arvan, et igal rahvusel on \u00f5igus n\u00f5uda igalt k\u00fclaliselt v\u00e4\u00e4rikat k\u00e4itumist k\u00f5igis elu valdkondades. Arvan, et on \u00f5igustatud sisse(seada?) eelis\u00f5igus rahvustele, eriti v\u00e4ikerahvustele. Sest praegu kehtiv v\u00f5rd\u00f5iguslikkus on tegelikkuses v\u00f5rd\u00f5igusetus. V\u00f5\u00f5ra rahva vaba sissevool ja v\u00f5rd\u00f5iguslikkus h\u00e4vitavad v\u00e4ikerahva. Mida annab k\u00fcmne eestlase ja tuhande venelase vaba segunemine? Muidugi mitte eestlase.<\/p>\n<p>Lootusetu on loota okupantidelt enesevastast seadust. Mida siis ette v\u00f5tta nende \u201cvabastajatega\u201d. Vale on lasta minna asjadel oma rada. Arvan, et oleks liialt suur ohver m\u00f5nek\u00fcmne aastaga matta maha k\u00f5ik see *, mida aastasadu on meie rahvas kogunud. Aga oht selleks on. Rahva * ei ole lineaarses seoses tema \u00fchtsusega, vaid teatud segunemise astme juures v\u00f5ib j\u00e4rsult langeda ja hoopis lakata. Seda v\u00f5ib maailmaajaloost mitmeil mail n\u00e4ha saada.<\/p>\n<p>Arvan, selleks et olukorrast p\u00e4\u00e4seda, on vaja t\u00f5sta rahva eneseteadvust, anda talle k\u00e4tte tegevusjuhiseid. Puudus on rahvuslikust filosoofiast.<\/p>\n<p>\u201cVabastajatele\u201d arvan, et sobiks selgitada nii: vabastaja on see, kes tuleb, vabastab ja l\u00e4heb siis \u00e4ra, j\u00e4\u00e4des aga ise asemele ja ajades teise muulase eest \u00e4ra, on ta samasugune okupant kui eelmine.<\/p>\n<p>Neile, kes \u00fctlevad, et meil varem midagi polnud, soovitan vastuseks: Ja Teil varem ikka \u00fchtteisst oli, aga n\u00fc\u00fcd ei ole sedagi, isegi *pealinnas. Ja mida meil varem polnud, see oli vast j\u00e4rjekord.<\/p>\n<p>Tookord polnud meil need laused just nii korrektselt kasutatavad, kui selle m\u00f5tte suutsin siiski sellele naisterahvale edasi anda. Efekt * siiski. L\u00e4rmaja j\u00e4i vait. Loobus kaebuse sissekirjutamisest m\u00fc\u00fcjale * v\u00e4ljus \u00fcpris vaikselt.<\/p>\n<p>Ma ei soovinud antud jutuga mitte mingil juhul solvata vene rahvust tervikuna. Igal rahval on omad erip\u00e4rad ja omad saavutused. Olles * Venemaal, olen alati saanud sooja vastuv\u00f5tu osaliseks. Kuid on alati esitatud pretensioone eestlaste ebas\u00f5bralikkuse kohta Eestis. Arvan et need pretensioonid on \u00f5igustatud ja et need harva Eestit k\u00fclastavad venelased v\u00e4\u00e4riksid tunduvalt paremat kohtlemist.<\/p>\n<p>Milles on siis asi? Kas t\u00f5esti eesti rahvas on nii halb ja j\u00f5hker? Muidugi on eestlane oma olemuselt k\u00fclmem ja ei suuda venelaste, meile * \u00fclilahkusega v\u00f5istelda. See on meie eestlaste omap\u00e4ra. Kuid jutt pole sellest k\u00fclmusest, vaid j\u00f5hkrusest. Millest tuleneb see j\u00f5hkrus? Arvatavasti nendest ebanormaalsetest suhetest eestlaste ja Eestis viibivate venelaste vahel. Varustatud \u201cvabastajate\u201d idudega?, tekitavad nad suurt kahju eesti ja vene rahva vahelistele suhetele. Seni kui me piirdume ainult loosungiga \u201cElagu NSVLiidu rahvaste vaheline s\u00f5prus\u201d ja tarvitame \u201cArmeenia raadio\u201d definitsiooni rahvaste s\u00f5pruse kohta NSVL, muidugi midagi head loota pole. Rahvusk\u00fcsimust \u00fcldse ei uurita, vaid konstanteeritakse, et kongresside vahelisel perioodil tugevnes vennasrahvaste vaheline s\u00f5prus ja kui vaja, siis lisatakse s\u00f5na veelgi. Arvan, et vaatamata sellele, et kuulume \u00fchtsesse riiki ja sammume \u00fchtses rivis, ei pruugi veel olla kohe vennad. Arvan, et k\u00fcsimus on nii kaugele lastud* keegi ei julge seda \u00fcldse puudutada seni, kuni kuskil m\u00f5ni plahvatus tekib. Soovin siiski, et see plahvatus meil ei tekiks, sest see n\u00f5uaks kindlasti ka ohvreid.<\/p>\n<p>Arvan, e olukorra ainsaks \u00f5igeks lahenduseks on vene rahva enda objektiivsem suhtumine praegusesse olukorda. Loodan, et vene rahva seas leidub selliseid vaimuinimesi, kes suudavad hinnata ja austada v\u00e4ikerahvaid ja sisendada seda ka teistele oma rahvusest kaaslastele. Sest meie selgitusi see v\u00f5\u00f5ras mass, t\u00e4nu senisele ideoloogilisele t\u00f6\u00f6tlusele, ei * muudmoodi v\u00f5tta kui natsionalismi avaldusena. Nad arvatavasti ei tea V. I. Lenini \u00fctlust natsionalismi kohta paljurahvuslikus Vene riigis. See k\u00f5lab nii: \u201cNatsionalism saab tekkida siis ainult suurvene \u0161ovinismi m\u00f5ju t\u00f5ttu\u201d. Pole t\u00e4pselt piiritletud suurvene \u0161ovinismi k\u00fclgi ja varjundeid * on selge, et ega paljal pinnal midagi tekkida ei saa ning on selge * kui on juttu v\u00e4ikerahva natsionallismist, siis juuri tuleb otsida suur* \u0161ovinismist.<\/p>\n<p>Arvan, et normaalsete suhete sisseseadmine k\u00f5igi Liidu rahvaste * aitab kaasa meie maa majandusliku ja poliitilisehomogeensuse saavutamisele. avardab inimeste silmaringi, k\u00f5rvaldab eelarvamused ja muudab inimesed oma t\u00f5elisteks peremeesteks.<\/p>\n<p>Lugupidamisega<\/p>\n<p>\u201cKalevipoja p\u00e4rija\u201d.<\/p>\n","protected":false},"excerpt":{"rendered":"<p>K\u00f5igepealt olukorrast, kuidas see m\u00f5te \u00fcldse tekkis. Seisin poes j\u00e4rjekorras, m\u00fc\u00fcdi v\u00e4rskeid kurke. J\u00e4rjekord oli pikk. * ees seisis \u00fcks<\/p>\n","protected":false},"featured_media":0,"parent":0,"menu_order":0,"comment_status":"closed","ping_status":"closed","template":"","format":"standard","meta":{"_acf_changed":false},"autorid":[108],"aasta":[],"valjaanne":[],"varjunimi":[109],"toimiku_number":[],"class_list":["post-11456","ajalehed","type-ajalehed","status-publish","format-standard","hentry","autorid-mati-kiirend","varjunimi-kalevipoja-parija"],"acf":[],"yoast_head":"<!-- This site is optimized with the Yoast SEO plugin v25.8 - https:\/\/yoast.com\/wordpress\/plugins\/seo\/ -->\n<title>Minu m\u00f5tteid \u201cvabastajatest\u201d - Demokraatlik liikumine<\/title>\n<meta name=\"robots\" content=\"index, follow, max-snippet:-1, max-image-preview:large, max-video-preview:-1\" \/>\n<link rel=\"canonical\" href=\"https:\/\/demokraatlikliikumine.ee\/en\/ajalehed\/minu-motteid-vabastajatest\/\" \/>\n<meta property=\"og:locale\" content=\"en_US\" \/>\n<meta property=\"og:type\" content=\"article\" \/>\n<meta property=\"og:title\" content=\"Minu m\u00f5tteid \u201cvabastajatest\u201d - Demokraatlik liikumine\" \/>\n<meta property=\"og:description\" content=\"K\u00f5igepealt olukorrast, kuidas see m\u00f5te \u00fcldse tekkis. Seisin poes j\u00e4rjekorras, m\u00fc\u00fcdi v\u00e4rskeid kurke. J\u00e4rjekord oli pikk. * ees seisis \u00fcks\" \/>\n<meta property=\"og:url\" content=\"https:\/\/demokraatlikliikumine.ee\/en\/ajalehed\/minu-motteid-vabastajatest\/\" \/>\n<meta property=\"og:site_name\" content=\"Demokraatlik liikumine\" \/>\n<meta property=\"article:modified_time\" content=\"2021-09-01T17:38:05+00:00\" \/>\n<meta name=\"twitter:card\" content=\"summary_large_image\" \/>\n<meta name=\"twitter:label1\" content=\"Est. reading time\" \/>\n\t<meta name=\"twitter:data1\" content=\"6 minutes\" \/>\n<script type=\"application\/ld+json\" class=\"yoast-schema-graph\">{\"@context\":\"https:\/\/schema.org\",\"@graph\":[{\"@type\":\"WebPage\",\"@id\":\"https:\/\/demokraatlikliikumine.ee\/en\/ajalehed\/minu-motteid-vabastajatest\/\",\"url\":\"https:\/\/demokraatlikliikumine.ee\/en\/ajalehed\/minu-motteid-vabastajatest\/\",\"name\":\"Minu m\u00f5tteid \u201cvabastajatest\u201d - Demokraatlik liikumine\",\"isPartOf\":{\"@id\":\"https:\/\/demokraatlikliikumine.ee\/en\/#website\"},\"datePublished\":\"2021-09-01T17:36:54+00:00\",\"dateModified\":\"2021-09-01T17:38:05+00:00\",\"breadcrumb\":{\"@id\":\"https:\/\/demokraatlikliikumine.ee\/en\/ajalehed\/minu-motteid-vabastajatest\/#breadcrumb\"},\"inLanguage\":\"en-US\",\"potentialAction\":[{\"@type\":\"ReadAction\",\"target\":[\"https:\/\/demokraatlikliikumine.ee\/en\/ajalehed\/minu-motteid-vabastajatest\/\"]}]},{\"@type\":\"BreadcrumbList\",\"@id\":\"https:\/\/demokraatlikliikumine.ee\/en\/ajalehed\/minu-motteid-vabastajatest\/#breadcrumb\",\"itemListElement\":[{\"@type\":\"ListItem\",\"position\":1,\"name\":\"Home\",\"item\":\"https:\/\/demokraatlikliikumine.ee\/en\/\"},{\"@type\":\"ListItem\",\"position\":2,\"name\":\"Minu m\u00f5tteid \u201cvabastajatest\u201d\"}]},{\"@type\":\"WebSite\",\"@id\":\"https:\/\/demokraatlikliikumine.ee\/en\/#website\",\"url\":\"https:\/\/demokraatlikliikumine.ee\/en\/\",\"name\":\"Demokraatlik liikumine\",\"description\":\"Just another WordPress site\",\"potentialAction\":[{\"@type\":\"SearchAction\",\"target\":{\"@type\":\"EntryPoint\",\"urlTemplate\":\"https:\/\/demokraatlikliikumine.ee\/en\/?s={search_term_string}\"},\"query-input\":{\"@type\":\"PropertyValueSpecification\",\"valueRequired\":true,\"valueName\":\"search_term_string\"}}],\"inLanguage\":\"en-US\"}]}<\/script>\n<!-- \/ Yoast SEO plugin. -->","yoast_head_json":{"title":"Minu m\u00f5tteid \u201cvabastajatest\u201d - Demokraatlik liikumine","robots":{"index":"index","follow":"follow","max-snippet":"max-snippet:-1","max-image-preview":"max-image-preview:large","max-video-preview":"max-video-preview:-1"},"canonical":"https:\/\/demokraatlikliikumine.ee\/en\/ajalehed\/minu-motteid-vabastajatest\/","og_locale":"en_US","og_type":"article","og_title":"Minu m\u00f5tteid \u201cvabastajatest\u201d - Demokraatlik liikumine","og_description":"K\u00f5igepealt olukorrast, kuidas see m\u00f5te \u00fcldse tekkis. Seisin poes j\u00e4rjekorras, m\u00fc\u00fcdi v\u00e4rskeid kurke. J\u00e4rjekord oli pikk. * ees seisis \u00fcks","og_url":"https:\/\/demokraatlikliikumine.ee\/en\/ajalehed\/minu-motteid-vabastajatest\/","og_site_name":"Demokraatlik liikumine","article_modified_time":"2021-09-01T17:38:05+00:00","twitter_card":"summary_large_image","twitter_misc":{"Est. reading time":"6 minutes"},"schema":{"@context":"https:\/\/schema.org","@graph":[{"@type":"WebPage","@id":"https:\/\/demokraatlikliikumine.ee\/en\/ajalehed\/minu-motteid-vabastajatest\/","url":"https:\/\/demokraatlikliikumine.ee\/en\/ajalehed\/minu-motteid-vabastajatest\/","name":"Minu m\u00f5tteid \u201cvabastajatest\u201d - Demokraatlik liikumine","isPartOf":{"@id":"https:\/\/demokraatlikliikumine.ee\/en\/#website"},"datePublished":"2021-09-01T17:36:54+00:00","dateModified":"2021-09-01T17:38:05+00:00","breadcrumb":{"@id":"https:\/\/demokraatlikliikumine.ee\/en\/ajalehed\/minu-motteid-vabastajatest\/#breadcrumb"},"inLanguage":"en-US","potentialAction":[{"@type":"ReadAction","target":["https:\/\/demokraatlikliikumine.ee\/en\/ajalehed\/minu-motteid-vabastajatest\/"]}]},{"@type":"BreadcrumbList","@id":"https:\/\/demokraatlikliikumine.ee\/en\/ajalehed\/minu-motteid-vabastajatest\/#breadcrumb","itemListElement":[{"@type":"ListItem","position":1,"name":"Home","item":"https:\/\/demokraatlikliikumine.ee\/en\/"},{"@type":"ListItem","position":2,"name":"Minu m\u00f5tteid \u201cvabastajatest\u201d"}]},{"@type":"WebSite","@id":"https:\/\/demokraatlikliikumine.ee\/en\/#website","url":"https:\/\/demokraatlikliikumine.ee\/en\/","name":"Demokraatlik liikumine","description":"Just another WordPress site","potentialAction":[{"@type":"SearchAction","target":{"@type":"EntryPoint","urlTemplate":"https:\/\/demokraatlikliikumine.ee\/en\/?s={search_term_string}"},"query-input":{"@type":"PropertyValueSpecification","valueRequired":true,"valueName":"search_term_string"}}],"inLanguage":"en-US"}]}},"_links":{"self":[{"href":"https:\/\/demokraatlikliikumine.ee\/en\/wp-json\/wp\/v2\/ajalehed\/11456","targetHints":{"allow":["GET"]}}],"collection":[{"href":"https:\/\/demokraatlikliikumine.ee\/en\/wp-json\/wp\/v2\/ajalehed"}],"about":[{"href":"https:\/\/demokraatlikliikumine.ee\/en\/wp-json\/wp\/v2\/types\/ajalehed"}],"replies":[{"embeddable":true,"href":"https:\/\/demokraatlikliikumine.ee\/en\/wp-json\/wp\/v2\/comments?post=11456"}],"version-history":[{"count":3,"href":"https:\/\/demokraatlikliikumine.ee\/en\/wp-json\/wp\/v2\/ajalehed\/11456\/revisions"}],"predecessor-version":[{"id":11459,"href":"https:\/\/demokraatlikliikumine.ee\/en\/wp-json\/wp\/v2\/ajalehed\/11456\/revisions\/11459"}],"wp:attachment":[{"href":"https:\/\/demokraatlikliikumine.ee\/en\/wp-json\/wp\/v2\/media?parent=11456"}],"wp:term":[{"taxonomy":"autorid","embeddable":true,"href":"https:\/\/demokraatlikliikumine.ee\/en\/wp-json\/wp\/v2\/autorid?post=11456"},{"taxonomy":"aasta","embeddable":true,"href":"https:\/\/demokraatlikliikumine.ee\/en\/wp-json\/wp\/v2\/aasta?post=11456"},{"taxonomy":"valjaanne","embeddable":true,"href":"https:\/\/demokraatlikliikumine.ee\/en\/wp-json\/wp\/v2\/valjaanne?post=11456"},{"taxonomy":"varjunimi","embeddable":true,"href":"https:\/\/demokraatlikliikumine.ee\/en\/wp-json\/wp\/v2\/varjunimi?post=11456"},{"taxonomy":"toimiku_number","embeddable":true,"href":"https:\/\/demokraatlikliikumine.ee\/en\/wp-json\/wp\/v2\/toimiku_number?post=11456"}],"curies":[{"name":"wp","href":"https:\/\/api.w.org\/{rel}","templated":true}]}}