{"id":11189,"date":"2021-08-16T19:06:51","date_gmt":"2021-08-16T19:06:51","guid":{"rendered":"https:\/\/demokraatlikliikumine.ee\/?post_type=dokumendid&#038;p=11189"},"modified":"2021-10-27T22:09:43","modified_gmt":"2021-10-27T22:09:43","slug":"x-uhiskondlik-poliitiline-kord","status":"publish","type":"dokumendid","link":"https:\/\/demokraatlikliikumine.ee\/en\/dokumendid\/eesti-demokraatliku-liikumise-edl-programm\/x-uhiskondlik-poliitiline-kord\/","title":{"rendered":"X \u00dchiskondlik-poliitiline kord"},"content":{"rendered":"<p>194. EDL seab oma eesm\u00e4rgiks p\u00e4rast Eesti Vabariigi taastamist vaba demokraatliku korra loomise suver\u00e4\u00e4nses Eesti Vabariigis.<br \/>\n195. Vaba demokraatliku korra olulisemad tunnused on:<br \/>\n1) v\u00e4hemuse vabaduse ja loomulike inim\u00f5iguste v\u00f5\u00f5randamatus enamuse poolt;<br \/>\n2) \u00fcksikisiku v\u00f5i isikute grupi poliitiliste domineerimise lubamatus enamuse \u00fcle;<br \/>\n3) opositsioonij\u00f5udude olemasolu obligatoorsus riigi juhtimises;<br \/>\n4) v\u00f5rdsete poliitiliste \u00f5iguste kindlustatus k\u00f5igile kodanikele ja poliitilistele organisatsioonidele;<br \/>\n5) privileegide puudumine \u00fcksk\u00f5ik kelle suhtes ja mistahes vormis;<br \/>\n6) riik on kodanike jaoks, mitte kodanikud riigi jaoks.<br \/>\n196. K\u00f5igile Eesti kodanikele kehtestatakse j\u00e4rgmised \u00f5igused ja vabadused:<br \/>\n1. VABADUS POLIITILISTE J\u00c4LITAMISTE EEST.<br \/>\n2. S\u00fcDAMETUNNISTUSE JA VEENDUMUSTE VABADUS.<br \/>\n3. TEGEVUSVABADUS.<br \/>\n4. HARIDUSE JA \u00d5PETAMISE VABADUS.<br \/>\n5. LOOMINGUVABADUS.<br \/>\n6. VABADUS SAADA K\u00d5IGIS SISE- JA V\u00c4LISELU K\u00fcSIMUSTES AMMENDAVAT JA MITMEK\u00fcLGSET INFORMATSIOONI NING SEDA LEVITADA.<br \/>\n7. KODAKONDSUSE JA ELUKOHA VALIKU VABADUS.<br \/>\n8. S\u00d5NA- JA TR\u00fcKIVABADUS, SEALJUURES TSENSUUR JA EELTSENSUUR KAOTATAKSE.<br \/>\n9. KOOSOLEKUTE, LIITUDE JA ORGANISATSIOONIDE VABADUS.<br \/>\n10. DEMONSTRATSIOONIDE JA POLIITILISTE VALIMISTE VABADUS.<br \/>\n197. \u00dcRO Inim\u00f5iguste \u00fclddeklaratsioonis fikseeritud \u00f5igused kehtestatakse ja kindlustatakse t\u00e4ies mahus k\u00f5igile kodanikele.<br \/>\n198. Iga kodanik, olenemata tema \u00fchiskondlikust seisundist ja varasematest teenetest, kaotab puutumatuse immuunsuse ja kuulub kohtulikule vastutusele v\u00f5tmisele, kui ta tungib v\u00e4givalla v\u00f5i pettusega kallale kaasinimese vabadusele ja ta loomulikele \u00f5igustele v\u00f5i demokraatlikele institutsioonidele.<br \/>\n199. Iga valitsus, kes ettekavatsetult kitsendab ja rikub inim\u00f5igusi, seab end sellega v\u00e4ljaspoole seadust. Kodanike kohuseks on sellisele valitsusele mitte alluda ja luua uus valitsus.<br \/>\n200. \u00dchtegi valitsust ei saa lugeda seaduslikuks, kui ta rikub omaenda seadusi. Seadused on kehtivad ainult siis, kui nad on P\u00f5hiseadusega koosk\u00f5las ja on avalikult v\u00e4lja kuulutatud.<br \/>\n201. Vaba demokraatlik kord t\u00e4hendab ulatuslikku detsentraliseerituse astet. Kesksed valitsusasutused v\u00f5tavad endi peale peamiselt nende \u00fcldrahvalike k\u00fcsimuste lahendamise, mis k\u00e4ivad kohalikele omavalitsustele \u00fcle j\u00f5u (riigikaitse, rahandus, raudteed, side jms.).<br \/>\n202. Riik aitab kohalikke omavalitsusi nende majanduse arendamisel laenude ja tagastamatute dotatsioonidega, kaupade turustamise organiseerimisega, konjunktuursete plaanide levitamisega jne.<br \/>\n203. Riigi kodanike heaolu on nende endi k\u00e4tes!<br \/>\nKodanike isiklikest v\u00f5imetest ja oskustest s\u00f5ltub nende materiaalne elatustase. Riik soodustab kodanike heaolu t\u00f5usu.<br \/>\nRiik v\u00f5tab enda peale sotsiaalselt n\u00f5rkade kodanike kaitse ja kindlustab nad t\u00f6\u00f6ga ning tsiviliseeritud inimesele v\u00e4\u00e4rilise t\u00f6\u00f6tasuga.<br \/>\nSotsiaalselt n\u00f5rkade kodanike kaitsega tegelevad ka kohalikud omavalitsused.<br \/>\nK\u00f5ik t\u00f6\u00f6v\u00f5imetud kodanikud kindlustatakse pensionitega, vaatamata t\u00f6\u00f6staa\u0163ile.<br \/>\n204. K\u00f5igile v\u00e4hemusrahvustele kindlustatakse kultuurautonoomia.<br \/>\n205. Usulistel \u00fchisustel ja sektidel, nagu ka k\u00f5igil kodanikel on \u00f5igus luua \u00fchisusi ja kommuune, kus nad v\u00f5ivad praktikas katsetada oma \u00fchiskondliku eluviisi mudeleid, kuid seda tingimustel, mis garanteerivad vaba liikmeksastumise ja \u00fchisustest v\u00e4ljaastumise nende liikmetele.<\/p>\n","protected":false},"excerpt":{"rendered":"<p>194. EDL seab oma eesm\u00e4rgiks p\u00e4rast Eesti Vabariigi taastamist vaba demokraatliku korra loomise suver\u00e4\u00e4nses Eesti Vabariigis. 195. Vaba demokraatliku korra<\/p>\n","protected":false},"featured_media":0,"parent":11216,"menu_order":0,"template":"","format":"standard","meta":{"_acf_changed":false,"footnotes":""},"autorid":[89],"aasta":[90],"valjaanne":[],"toimiku_number":[],"class_list":["post-11189","dokumendid","type-dokumendid","status-publish","format-standard","hentry","autorid-eesti-demokraatlik-liikumine","aasta-90"],"acf":[],"yoast_head":"<!-- This site is optimized with the Yoast SEO plugin v25.8 - https:\/\/yoast.com\/wordpress\/plugins\/seo\/ -->\n<title>X \u00dchiskondlik-poliitiline kord - Demokraatlik liikumine<\/title>\n<meta name=\"robots\" content=\"index, follow, max-snippet:-1, max-image-preview:large, max-video-preview:-1\" \/>\n<link rel=\"canonical\" href=\"https:\/\/demokraatlikliikumine.ee\/en\/dokumendid\/eesti-demokraatliku-liikumise-edl-programm\/x-uhiskondlik-poliitiline-kord\/\" \/>\n<meta property=\"og:locale\" content=\"en_US\" \/>\n<meta property=\"og:type\" content=\"article\" \/>\n<meta property=\"og:title\" content=\"X \u00dchiskondlik-poliitiline kord - Demokraatlik liikumine\" \/>\n<meta property=\"og:description\" content=\"194. EDL seab oma eesm\u00e4rgiks p\u00e4rast Eesti Vabariigi taastamist vaba demokraatliku korra loomise suver\u00e4\u00e4nses Eesti Vabariigis. 195. Vaba demokraatliku korra\" \/>\n<meta property=\"og:url\" content=\"https:\/\/demokraatlikliikumine.ee\/en\/dokumendid\/eesti-demokraatliku-liikumise-edl-programm\/x-uhiskondlik-poliitiline-kord\/\" \/>\n<meta property=\"og:site_name\" content=\"Demokraatlik liikumine\" \/>\n<meta property=\"article:modified_time\" content=\"2021-10-27T22:09:43+00:00\" \/>\n<meta name=\"twitter:card\" content=\"summary_large_image\" \/>\n<meta name=\"twitter:label1\" content=\"Est. reading time\" \/>\n\t<meta name=\"twitter:data1\" content=\"2 minutes\" \/>\n<script type=\"application\/ld+json\" class=\"yoast-schema-graph\">{\"@context\":\"https:\/\/schema.org\",\"@graph\":[{\"@type\":\"WebPage\",\"@id\":\"https:\/\/demokraatlikliikumine.ee\/en\/dokumendid\/eesti-demokraatliku-liikumise-edl-programm\/x-uhiskondlik-poliitiline-kord\/\",\"url\":\"https:\/\/demokraatlikliikumine.ee\/en\/dokumendid\/eesti-demokraatliku-liikumise-edl-programm\/x-uhiskondlik-poliitiline-kord\/\",\"name\":\"X \u00dchiskondlik-poliitiline kord - Demokraatlik liikumine\",\"isPartOf\":{\"@id\":\"https:\/\/demokraatlikliikumine.ee\/en\/#website\"},\"datePublished\":\"2021-08-16T19:06:51+00:00\",\"dateModified\":\"2021-10-27T22:09:43+00:00\",\"breadcrumb\":{\"@id\":\"https:\/\/demokraatlikliikumine.ee\/en\/dokumendid\/eesti-demokraatliku-liikumise-edl-programm\/x-uhiskondlik-poliitiline-kord\/#breadcrumb\"},\"inLanguage\":\"en-US\",\"potentialAction\":[{\"@type\":\"ReadAction\",\"target\":[\"https:\/\/demokraatlikliikumine.ee\/en\/dokumendid\/eesti-demokraatliku-liikumise-edl-programm\/x-uhiskondlik-poliitiline-kord\/\"]}]},{\"@type\":\"BreadcrumbList\",\"@id\":\"https:\/\/demokraatlikliikumine.ee\/en\/dokumendid\/eesti-demokraatliku-liikumise-edl-programm\/x-uhiskondlik-poliitiline-kord\/#breadcrumb\",\"itemListElement\":[{\"@type\":\"ListItem\",\"position\":1,\"name\":\"Home\",\"item\":\"https:\/\/demokraatlikliikumine.ee\/en\/\"},{\"@type\":\"ListItem\",\"position\":2,\"name\":\"Eesti Demokraatliku Liikumise (EDL) Programm\",\"item\":\"https:\/\/demokraatlikliikumine.ee\/en\/dokumendid\/eesti-demokraatliku-liikumise-edl-programm\/\"},{\"@type\":\"ListItem\",\"position\":3,\"name\":\"X \u00dchiskondlik-poliitiline kord\"}]},{\"@type\":\"WebSite\",\"@id\":\"https:\/\/demokraatlikliikumine.ee\/en\/#website\",\"url\":\"https:\/\/demokraatlikliikumine.ee\/en\/\",\"name\":\"Demokraatlik liikumine\",\"description\":\"Just another WordPress site\",\"potentialAction\":[{\"@type\":\"SearchAction\",\"target\":{\"@type\":\"EntryPoint\",\"urlTemplate\":\"https:\/\/demokraatlikliikumine.ee\/en\/?s={search_term_string}\"},\"query-input\":{\"@type\":\"PropertyValueSpecification\",\"valueRequired\":true,\"valueName\":\"search_term_string\"}}],\"inLanguage\":\"en-US\"}]}<\/script>\n<!-- \/ Yoast SEO plugin. -->","yoast_head_json":{"title":"X \u00dchiskondlik-poliitiline kord - Demokraatlik liikumine","robots":{"index":"index","follow":"follow","max-snippet":"max-snippet:-1","max-image-preview":"max-image-preview:large","max-video-preview":"max-video-preview:-1"},"canonical":"https:\/\/demokraatlikliikumine.ee\/en\/dokumendid\/eesti-demokraatliku-liikumise-edl-programm\/x-uhiskondlik-poliitiline-kord\/","og_locale":"en_US","og_type":"article","og_title":"X \u00dchiskondlik-poliitiline kord - Demokraatlik liikumine","og_description":"194. EDL seab oma eesm\u00e4rgiks p\u00e4rast Eesti Vabariigi taastamist vaba demokraatliku korra loomise suver\u00e4\u00e4nses Eesti Vabariigis. 195. Vaba demokraatliku korra","og_url":"https:\/\/demokraatlikliikumine.ee\/en\/dokumendid\/eesti-demokraatliku-liikumise-edl-programm\/x-uhiskondlik-poliitiline-kord\/","og_site_name":"Demokraatlik liikumine","article_modified_time":"2021-10-27T22:09:43+00:00","twitter_card":"summary_large_image","twitter_misc":{"Est. reading time":"2 minutes"},"schema":{"@context":"https:\/\/schema.org","@graph":[{"@type":"WebPage","@id":"https:\/\/demokraatlikliikumine.ee\/en\/dokumendid\/eesti-demokraatliku-liikumise-edl-programm\/x-uhiskondlik-poliitiline-kord\/","url":"https:\/\/demokraatlikliikumine.ee\/en\/dokumendid\/eesti-demokraatliku-liikumise-edl-programm\/x-uhiskondlik-poliitiline-kord\/","name":"X \u00dchiskondlik-poliitiline kord - Demokraatlik liikumine","isPartOf":{"@id":"https:\/\/demokraatlikliikumine.ee\/en\/#website"},"datePublished":"2021-08-16T19:06:51+00:00","dateModified":"2021-10-27T22:09:43+00:00","breadcrumb":{"@id":"https:\/\/demokraatlikliikumine.ee\/en\/dokumendid\/eesti-demokraatliku-liikumise-edl-programm\/x-uhiskondlik-poliitiline-kord\/#breadcrumb"},"inLanguage":"en-US","potentialAction":[{"@type":"ReadAction","target":["https:\/\/demokraatlikliikumine.ee\/en\/dokumendid\/eesti-demokraatliku-liikumise-edl-programm\/x-uhiskondlik-poliitiline-kord\/"]}]},{"@type":"BreadcrumbList","@id":"https:\/\/demokraatlikliikumine.ee\/en\/dokumendid\/eesti-demokraatliku-liikumise-edl-programm\/x-uhiskondlik-poliitiline-kord\/#breadcrumb","itemListElement":[{"@type":"ListItem","position":1,"name":"Home","item":"https:\/\/demokraatlikliikumine.ee\/en\/"},{"@type":"ListItem","position":2,"name":"Eesti Demokraatliku Liikumise (EDL) Programm","item":"https:\/\/demokraatlikliikumine.ee\/en\/dokumendid\/eesti-demokraatliku-liikumise-edl-programm\/"},{"@type":"ListItem","position":3,"name":"X \u00dchiskondlik-poliitiline kord"}]},{"@type":"WebSite","@id":"https:\/\/demokraatlikliikumine.ee\/en\/#website","url":"https:\/\/demokraatlikliikumine.ee\/en\/","name":"Demokraatlik liikumine","description":"Just another WordPress site","potentialAction":[{"@type":"SearchAction","target":{"@type":"EntryPoint","urlTemplate":"https:\/\/demokraatlikliikumine.ee\/en\/?s={search_term_string}"},"query-input":{"@type":"PropertyValueSpecification","valueRequired":true,"valueName":"search_term_string"}}],"inLanguage":"en-US"}]}},"_links":{"self":[{"href":"https:\/\/demokraatlikliikumine.ee\/en\/wp-json\/wp\/v2\/dokumendid\/11189","targetHints":{"allow":["GET"]}}],"collection":[{"href":"https:\/\/demokraatlikliikumine.ee\/en\/wp-json\/wp\/v2\/dokumendid"}],"about":[{"href":"https:\/\/demokraatlikliikumine.ee\/en\/wp-json\/wp\/v2\/types\/dokumendid"}],"version-history":[{"count":3,"href":"https:\/\/demokraatlikliikumine.ee\/en\/wp-json\/wp\/v2\/dokumendid\/11189\/revisions"}],"predecessor-version":[{"id":12260,"href":"https:\/\/demokraatlikliikumine.ee\/en\/wp-json\/wp\/v2\/dokumendid\/11189\/revisions\/12260"}],"up":[{"embeddable":true,"href":"https:\/\/demokraatlikliikumine.ee\/en\/wp-json\/wp\/v2\/dokumendid\/11216"}],"wp:attachment":[{"href":"https:\/\/demokraatlikliikumine.ee\/en\/wp-json\/wp\/v2\/media?parent=11189"}],"wp:term":[{"taxonomy":"autorid","embeddable":true,"href":"https:\/\/demokraatlikliikumine.ee\/en\/wp-json\/wp\/v2\/autorid?post=11189"},{"taxonomy":"aasta","embeddable":true,"href":"https:\/\/demokraatlikliikumine.ee\/en\/wp-json\/wp\/v2\/aasta?post=11189"},{"taxonomy":"valjaanne","embeddable":true,"href":"https:\/\/demokraatlikliikumine.ee\/en\/wp-json\/wp\/v2\/valjaanne?post=11189"},{"taxonomy":"toimiku_number","embeddable":true,"href":"https:\/\/demokraatlikliikumine.ee\/en\/wp-json\/wp\/v2\/toimiku_number?post=11189"}],"curies":[{"name":"wp","href":"https:\/\/api.w.org\/{rel}","templated":true}]}}