{"id":11428,"date":"2021-09-01T14:35:29","date_gmt":"2021-09-01T14:35:29","guid":{"rendered":"https:\/\/demokraatlikliikumine.ee\/?post_type=dokumendid&#038;p=11428"},"modified":"2021-09-01T14:35:29","modified_gmt":"2021-09-01T14:35:29","slug":"kaaskiri-edl-ja-err-memorandumile","status":"publish","type":"dokumendid","link":"https:\/\/demokraatlikliikumine.ee\/en\/dokumendid\/err-ja-edl-memorandum\/kaaskiri-edl-ja-err-memorandumile\/","title":{"rendered":"Kaaskiri EDL ja ERR Memorandumile"},"content":{"rendered":"<p>\u00dcHINENUD RAHVASTE ORGANISATSIOONI PEASEKRET\u00c4RILE HR. KURT WALDHEIMILE<\/p>\n<p>Teie Ekstsellents!<\/p>\n<p>Eesti Rahvusrinne ja Eesti Demokraatlik Liikumine saadavad Teile Memorandumi, mis taotleb iseseisva Eesti riigi taastamist \u00dcRO abiga ning Eesti vastuv\u00f5tmist \u00dcRO liikmeks. Seda tehes juhindume me asjaolust, et kolm Balti riiki (nende seas Eesti) olid ainsad riigid \u2013 endised Rahvasteliidu liikmed \u2013 kelle suhtes p\u00e4rast Teist maailmas\u00f5da pole rakendatud Atlandi harta artiklit nr. 3, mis k\u00e4sitleb suver\u00e4\u00e4nsete \u00f5iguste ja omavalitsuse tagastamist rahvastele, kes on nendest v\u00e4givaldselt ilma j\u00e4etud. Me juhime Teie t\u00e4helepanu \u00fcldtuntud faktile, et Balti riikide saatus otsustati 1939-1940. a. mitte nende riikide rahvaste poolt, vaid kahe imperialistliku riigi vahelise salajase sobinguga, millega viimased m\u00e4\u00e4rasid kindlaks vastastikused m\u00f5jusf\u00e4\u00e4rid oma v\u00e4iksemate naabrite arvel. K\u00f5iki j\u00e4rgnevaid s\u00fcndmusi kolmes Balti riigis (kaasa arvatud 1940. a. valimiskom\u00f6\u00f6dia, mille alusel Eesti \u201cv\u00f5eti vastu\u201d N\u00f5ukogude Liitu) tuleb vaadelda katsetena anda viisakam ja seaduslikum kuju aktsioonile, mis tegelikult kujutas endast v\u00e4ikeriikide annekteerimist suurriigi poolt, mis viidi l\u00e4bi s\u00f5jalise okupatsiooni tingimustes, toorest j\u00f5udu kasutades.<\/p>\n<p>Maailma demokraatlikud riigid pole seda anneksiooni kunagi tunnustanud. Selle anneksiooni tulemusena minetas eesti rahvas v\u00f5imaluse kujundada vabalt oma saatust oma rahvuslikes huvides ja olla esindatud maailma rahvaste \u00fchenduses.<\/p>\n<p>Lisaks poliitilise s\u00f5ltumatuse kaotusele on j\u00e4rkj\u00e4rgult tekkinud t\u00f5sine oht eesti rahva kui sellise olemasolule: perspektiiv assimileeruda venelaste seas, kes asuvad takistamatult ja \u00fcha suuremal arvul Eesti territooriumile; assimileerumine, mida planeerib N\u00f5ukogude valitsus.<\/p>\n<p>J\u00e4rgnevad tabelid n\u00e4itavad Eestis elavate mitmesuguste rahvuste vahelise proportsioonide muutusi:<\/p>\n<p>&nbsp;<\/p>\n<p>Tabel 1.<\/p>\n<p>Aasta\u00a0\u00a0\u00a0 Elanike \u00fcldarv, tuh\u00a0\u00a0\u00a0\u00a0\u00a0\u00a0\u00a0\u00a0\u00a0 Eestlasi Venelasi **\u00a0\u00a0\u00a0\u00a0\u00a0\u00a0\u00a0 Teisi rahvusi, tuh\u00a0\u00a0\u00a0\u00a0\u00a0\u00a0\u00a0\u00a0\u00a0\u00a0\u00a0\u00a0 K\u00f5iki mitteeestlasi<\/p>\n<p>tuh.\u00a0\u00a0\u00a0\u00a0\u00a0\u00a0 %\u00a0\u00a0\u00a0\u00a0\u00a0\u00a0\u00a0\u00a0\u00a0\u00a0\u00a0 tuh.\u00a0\u00a0\u00a0\u00a0\u00a0\u00a0 %\u00a0\u00a0\u00a0\u00a0\u00a0\u00a0\u00a0\u00a0\u00a0\u00a0\u00a0 \u00a0\u00a0\u00a0\u00a0\u00a0\u00a0\u00a0\u00a0\u00a0\u00a0\u00a0\u00a0\u00a0\u00a0 tuh.\u00a0\u00a0\u00a0\u00a0\u00a0\u00a0 %<\/p>\n<p>1934** 1064\u00a0\u00a0\u00a0\u00a0\u00a0 980\u00a0\u00a0\u00a0\u00a0\u00a0\u00a0\u00a0\u00a0 92.1\u00a0\u00a0\u00a0\u00a0\u00a0\u00a0 60\u00a0\u00a0\u00a0\u00a0\u00a0\u00a0\u00a0\u00a0\u00a0\u00a0 5.6\u00a0\u00a0\u00a0\u00a0\u00a0\u00a0\u00a0\u00a0\u00a0 24\u00a0\u00a0\u00a0\u00a0\u00a0\u00a0\u00a0\u00a0\u00a0\u00a0 84\u00a0\u00a0\u00a0\u00a0\u00a0\u00a0\u00a0\u00a0\u00a0\u00a0 7.3.<\/p>\n<p>1959\u00a0\u00a0\u00a0\u00a0\u00a0 1197\u00a0\u00a0\u00a0\u00a0\u00a0 893\u00a0\u00a0\u00a0\u00a0\u00a0\u00a0\u00a0\u00a0 74.6\u00a0\u00a0\u00a0\u00a0\u00a0\u00a0 267\u00a0\u00a0\u00a0\u00a0\u00a0\u00a0\u00a0\u00a0 22.3\u00a0\u00a0\u00a0\u00a0\u00a0\u00a0 37\u00a0\u00a0\u00a0\u00a0\u00a0\u00a0\u00a0\u00a0\u00a0\u00a0 304\u00a0\u00a0\u00a0\u00a0\u00a0\u00a0\u00a0\u00a0 25.4<\/p>\n<p>1970\u00a0\u00a0\u00a0\u00a0\u00a0 1396\u00a0\u00a0\u00a0\u00a0\u00a0 925\u00a0\u00a0\u00a0\u00a0\u00a0\u00a0\u00a0\u00a0 68.2\u00a0\u00a0\u00a0\u00a0\u00a0\u00a0 381\u00a0\u00a0\u00a0\u00a0\u00a0\u00a0\u00a0\u00a0 28.1\u00a0\u00a0\u00a0\u00a0\u00a0\u00a0 49***\u00a0\u00a0 430\u00a0\u00a0\u00a0\u00a0\u00a0\u00a0\u00a0\u00a0 31.8<\/p>\n<p>Juurde- kasv 1934-70\u00a0\u00a0\u00a0\u00a0 +292\u00a0\u00a0\u00a0\u00a0\u00a0 -53\u00a0\u00a0\u00a0\u00a0\u00a0\u00a0\u00a0\u00a0 -5.6\u00a0\u00a0\u00a0\u00a0\u00a0\u00a0\u00a0 +321\u00a0\u00a0\u00a0\u00a0\u00a0 +436\u00a0\u00a0\u00a0\u00a0\u00a0 +25\u00a0\u00a0\u00a0\u00a0\u00a0\u00a0\u00a0 +346\u00a0\u00a0\u00a0\u00a0\u00a0 +312<\/p>\n<p>M\u00e4rkused:<\/p>\n<p>*koos ukrainlaste ja valgevenelastega;<\/p>\n<p>**v\u00e4lja arvatud piirkonnad Narva ja Petseri l\u00e4hedal, mis on asustatud pesmiselt venelastega ja mis p\u00e4rast Teist maailmas\u00f5da liideti VNFSV-ga ;<\/p>\n<p>***praegu peamiselt venestunud<\/p>\n<p>Tabel 2. Elanikkonna juurdekasv aastatel 1951-1970*.<\/p>\n<p>Aasta\u00a0\u00a0\u00a0 \u00dcldine juurdekasv\u00a0\u00a0\u00a0\u00a0\u00a0\u00a0\u00a0\u00a0\u00a0 Loomulik juurdekasv\u00a0\u00a0\u00a0\u00a0 Immigrandid teistest liiduvabariikidest Keskmine igaaastane juurdekasv<\/p>\n<p>1951-70\u00a0\u00a0\u00a0\u00a0\u00a0\u00a0\u00a0\u00a0\u00a0\u00a0\u00a0\u00a0\u00a0\u00a0\u00a0 270.1\u00a0\u00a0\u00a0\u00a0 124.1\u00a0\u00a0\u00a0\u00a0 146.0\u00a0\u00a0\u00a0\u00a0 13.5<\/p>\n<p>1951-55\u00a0\u00a0\u00a0\u00a0\u00a0\u00a0\u00a0\u00a0\u00a0\u00a0\u00a0\u00a0\u00a0\u00a0\u00a0 58.5\u00a0\u00a0\u00a0\u00a0\u00a0\u00a0 30.5\u00a0\u00a0\u00a0\u00a0\u00a0\u00a0 28.0\u00a0\u00a0\u00a0\u00a0\u00a0\u00a0 11.7<\/p>\n<p>1956-60\u00a0\u00a0\u00a0\u00a0\u00a0\u00a0\u00a0\u00a0\u00a0\u00a0\u00a0\u00a0\u00a0\u00a0\u00a0 59.7\u00a0\u00a0\u00a0\u00a0\u00a0\u00a0 34.2 \u00a0\u00a0\u00a0\u00a0\u00a0 25.5\u00a0\u00a0\u00a0\u00a0\u00a0\u00a0 11.9<\/p>\n<p>1961-65\u00a0\u00a0\u00a0\u00a0\u00a0\u00a0\u00a0\u00a0\u00a0\u00a0\u00a0\u00a0\u00a0\u00a0\u00a0 75.1\u00a0\u00a0\u00a0\u00a0\u00a0\u00a0 32.0\u00a0\u00a0\u00a0\u00a0\u00a0\u00a0 43.1\u00a0\u00a0\u00a0\u00a0\u00a0\u00a0 15.0<\/p>\n<p>1966-70\u00a0\u00a0\u00a0\u00a0\u00a0\u00a0\u00a0\u00a0\u00a0\u00a0\u00a0\u00a0\u00a0\u00a0\u00a0 76.8\u00a0\u00a0\u00a0\u00a0\u00a0\u00a0 27.4\u00a0\u00a0\u00a0\u00a0\u00a0\u00a0 4.4\u00a0\u00a0\u00a0\u00a0\u00a0\u00a0\u00a0\u00a0\u00a0 15.4<\/p>\n<p>1970\u00a0\u00a0\u00a0\u00a0\u00a0 19.0\u00a0\u00a0\u00a0\u00a0\u00a0\u00a0 6.4\u00a0\u00a0\u00a0\u00a0\u00a0\u00a0\u00a0\u00a0\u00a0 12.6\u00a0\u00a0\u00a0\u00a0\u00a0\u00a0 19.0<\/p>\n<p>*tuhandetes<\/p>\n<p>M\u00e4rkus: andmed s\u00f5jaj\u00e4rgse perioodi kohta on v\u00f5etud statistilisest aastaraamatust \u201cEesti NSV rahvamajandus 1970. aastal.\u201d, Tallinn, 1971.<\/p>\n<p>Nagu tabel nr. 2 n\u00e4itab, on immigratsioon teistest liiduvabariikidest (peamiselt Vene F\u00f6deratsioonist) viimase aastak\u00fcmne jooksul tunduvalt suurenenud. \u00dcldisest juurdekasvust ajavahemikus 1961-1970 (152 000) moodustab mehaaniline juurdekasv 92 000, s.o. 61%. Samal ajal langeb oluline osa loomulikust juurdekasvust kohaliku vene rahvusest elanikkonna arvele.<\/p>\n<p>Ametlikult \u00f5igustatakse vene immigrantide sissevoolu t\u00f6\u00f6j\u00f5u vajadusega kiirelt areneva t\u00f6\u00f6stuse jaoks. Tegelikult on aga t\u00f6\u00f6stuse majanduslikult p\u00f5hjendamatu forsseerimine katteks venestamisele. Ajavahemikul 1940-70 suurenes N\u00f5ukogude Liidu t\u00f6\u00f6stuse kogutoodang 1180 %. Eesti oma 2779 %, t\u00f6\u00f6stustoodang Eestis on suurenenud 11.7 % v\u00f5rra aastas, t\u00f6\u00f6viljakus ainult 7.6 %. Vahe t\u00e4idetakse vene immigrantide arvel, kes saavad mitmesuguseid soodustusi kohaliku elanikkonna arvel, n\u00e4iteks odavaid kommunaalkortereid v\u00e4ljaspool j\u00e4rjekorda. Samal ajal enamus eestlasi on sunnitud ehitama niinimetatud kooperatiivkortereid omal kulul. Venelased on koondunud peamiselt suurtesse linnadesse ja suurtesse tehastesse, mis alluvad otseselt Moskvale ja millel ei ole midagi \u00fchist Eesti majanduse ja vajadustega.<\/p>\n<p>Teie Ekstsellents, me teame, et Teie kodumaa annekteeriti v\u00e4givaldselt tema suure naabri poolt peaaegu samaaegselt Eestiga. Teie maale tuli kasuks demokraatlike maade v\u00f5it Teises maailmas\u00f5jas. T\u00e4nu sellele faktile taastati tema iseseisvus ja Teie olete oma maa esindajana maailma suurima organisatsiooni peasekret\u00e4r. Meie maa pole kaotatud rahvuslikku s\u00f5ltumatust seniajani tagasi saanud ja kui meie esindajad (Saksa ja N\u00f5ukogude okupatsiooni vaheajal 1944.a. septembris) moodustasid Eesti rahvusliku valitsuse, kes taotles Atlandi Harta kolmanda artikli ellurakendamist, nad arreteeriti N\u00f5ukogude v\u00f5imude poolt ja saadeti Venemaa sunnit\u00f6\u00f6laagritesse. Sellest ajast peale on poliitiline tegevusv\u00e4li avatud poolvenestunud koloniaalb\u00fcrokraatiale. Neil isehakanud \u201crahva parematel poegadel\u201d pole mingit \u00f5igust r\u00e4\u00e4kida Eesti rahva nimel. Tegelikult pole neid valinud rahvas, vaid nad on m\u00e4\u00e4ratud oma kohtadele N\u00f5ukogude koloniaaladministratsiooni poolt. Selliseid kollaboratsioniste esineb k\u00f5igi alistatud rahvaste seas, nagu neid esines ka Austrias Saksa okupatsiooni ajal. Samal ajal on eesti rahva enamus nii \u00e4ra hirmutatud ja m\u00e4letab nii h\u00e4sti Stalini aegade veriseid arvete\u00f5iendusi, et ta peab mistahes rahulolematuse avaldamist samav\u00e4\u00e4rseks enesetapmisega.<\/p>\n<p>Te v\u00f5ite k\u00fcsida: Kas on m\u00f5tet t\u00fclitada \u00dcRO-d selliste vanade probleemidega praegusel ajal, mil see \u00fclemaailmne orgaanisatsioon on \u00fclekoormatud palju pakilisemate k\u00fcsimustega? Osa inimesi l\u00e4\u00e4nes v\u00f5ivad samuti k\u00fcsida: K\u00e4esoleval momendil ei toimu teie otsest assimileerimist, te ei n\u00e4lgi, te olete majanduslikult suhteliselt heal j\u00e4ljel, m\u00f5ningaid teie hulgast lubatakse k\u00fclastada l\u00e4\u00e4neriike, teil on oma rahvuslik kultuur jne. Mis te siis v\u00e4idate, et teie olukord on halb?<\/p>\n<p>Me vastame: kord juba tunnustatud eksistentsi ja s\u00f5ltumatuse k\u00fcsimus ei saa vananeda \u2013 ta on lihtsalt kaua viibinud ja seet\u00f5ttu eriti aktuaalne. Kui ta ei kerkinud esile vahetult p\u00e4rast Teist maailmas\u00f5da (Potsdami konverentsil), siis oli see tingitud asjaolust, et antud juhul agressor oli ise sattunud oma endise partneri kallaletungi t\u00f5ttu demokraatlike riikide leeri. Need riigid ei t\u00f5statanud tema endiste anneksioonide delikaatset probleemi, lootes t\u00f5en\u00e4oliselt saavutada temaga kokkulepet pakilisemates ja t\u00e4htsamates k\u00fcsimustes. Nii nad praktiliselt ignoreerisid kolme Balti riigi saatust. See lepituspoliitika uus v\u00e4ljaanne, see naiivne usk \u00fche totalitaarse riigi heasse tahtesse ja usaldusv\u00e4\u00e4rsusse t\u00f5i kaasa uusi anneksioone Euroopa idaosas, agressiooni Koreas jne.<\/p>\n<p>Miks me ei saa siis n\u00f5ustuda seisukohaga, mille kohaselt meie praegune olukord on suhteliselt talutav?<\/p>\n<p>Me ei saa sellega n\u00f5ustuda,<\/p>\n<p>sest eksisteerimine ilma igasuguse reaalse tulevikugarantiita, vene kolonisaatorite pidevalt suureneva sissevoolu olukorras, on halvem kui t\u00e4ielik olematus;<\/p>\n<p>sest vabadused ja \u00f5igused, mida paberi peal silmakirjalikult v\u00e4lja kuulutatakse, kuid tegelikkuses kunagi ei rakendata, on halvemad kui vabaduse t\u00e4ielik puudumine;<\/p>\n<p>sest avalikul kolonialismil on kalduvus muuta inimesi orjadeks v\u00f5i vabadusv\u00f5itlejateks, kuid maskeeritud kolonialismi, pseudovabaduste ja kahekeelsuse s\u00fcsteem s\u00fcnnitab ainult vaimseid v\u00e4rdjaid ja silmakirjatsejaid, inimesi, isegi oma s\u00fcdames kardavad teatud t\u00f5dedele m\u00f5elda ja neist j\u00e4reldusi teha (julgeolek kuuleb!), v\u00f5i kes on harjunud m\u00f5tlema \u00fcht ja r\u00e4\u00e4kima teist.<\/p>\n<p>S\u00e4\u00e4rane kahekeelsuse, alalise hirmutamise ja r\u00f5humise s\u00fcteem, igasuguste garantiide puudumise \u00fcksikisiku julgeoleku ja rahvuse tuleviku osas, otseste v\u00f5i kaudsete valede, \u00fchek\u00fclgse ja moonutatud informatsiooni s\u00fcsteem, vaimse ja poliitilise vabaduse, igasuguse t\u00f5elise alternatiivi ja vastutustunde puudumine p\u00fc\u00fcab moonutada rahva teadvust sellisel m\u00e4\u00e4ral, et ta harjub n\u00e4gema ebloomulikus loomulikku, vales t\u00f5de, diktatuuris ja terroris demokraatia k\u00f5rgeimat vormi ning on l\u00f5ppkokkuv\u00f5ttes valmis vastupanuta \u00fchte sulama \u201csuure vene rahvaga\u201d niinimetatud n\u00f5ukogude rahvuse teooria sildi all.<\/p>\n<p>K\u00e4esolevas olukorras on eesti rahvale j\u00e4\u00e4nud ainult kaks alternatiivi:<\/p>\n<p>a)kui ta ei pane vastu, v\u00f5imaldataks tal venestuda aeglaselt ja j\u00e4rkj\u00e4rgult;<\/p>\n<p>b)kui ta aga osutab aktiivset vastupanu, siis \u00f5iendatakse kogu rahvaga kiirelt ja julmalt arved; intelligents ja rahva muu aktiivsem osa vangistatakse ja k\u00fc\u00fcditatakse, \u00fclej\u00e4\u00e4nud elanikkond allutatakse intensiivsele venestamisele ja repressioonidele.<\/p>\n<p>Tuleb arvestada ka asjaolu, et N\u00f5ukogude koloniaalvalitsejad saavad tunda oma ebaseaduslikult ja eba\u00f5iglaselt h\u00f5lvatud valdustes kindlalt ja julgelt alles siis, kui kogu mittevene elanikkond on venestatud.<\/p>\n<p>Me tahaksime juhtida Teie t\u00e4helepanu asjaolule, et demokraatlike valitsusvormide, s\u00f5jalise okupatsiooni ja vaimse vabaduse mahasurumise, rahvusliku kultuuri allutamist kommunistlikule ja propagandale, s\u00f5ltumatu m\u00f5tlemise ja tegutsemise puudumist, s\u00fcdametunnistusevabaduse puudumist ei ole v\u00f5imalik h\u00fcvitada m\u00f5ningase edasiminneku demonstreerimisega majanduses ja elatustasemes, mis on siiski v\u00e4hene, \u00fchek\u00fclgne ja propaganda poolt \u00fcles paisutatud, eriti kui v\u00f5rrelda seda naabermaa Soome omaga.<\/p>\n<p>Me tahaksime samuti juhtida Teie t\u00e4helepanu asjaolule, et iga t\u00e4htsama administratiivse, teadusliku v\u00f5i kultuurialase ametikoha hinnaks, iga v\u00e4lisreisi (mis s\u00f5ltub kommunistliku partei kohaliku organisatsiooni soovitusest) hinnaks on faktiliselt intellektuaalne ja moraalne enesesalgamine.<\/p>\n<p>\u00dcRO aitas saavutada rahvuslikku s\u00f5ltumatust paljudel rahvastel, kellel kunagi pole olnud sellist s\u00f5ltumatust t\u00e4nap\u00e4eva m\u00f5istes. Tunnustatakse isega k\u00f5ige v\u00e4iksemate rahvaste ja territooriumite \u00f5igust olla s\u00f5ltumatud riigid. 29. augustil 1972.a. \u00dcRO tunnistas Puertoriiko territooriumiks, millel on v\u00f5\u00f5randamatu \u00f5igus ja s\u00f5ltumatusele, hoolimata asjaolust, et puertoriiklastel on mitmel korral olnud v\u00f5imalus vabalt v\u00e4ljendada oma tahet, v\u00f5imalus, mida eestlastel pole kunagi olnud n\u00f5ukogude koloniaalre\u017eiimi tingimustes.<\/p>\n<p>Meie arvates on \u00dcRO-l palju suurem vastutus kolme Balti riigi suhtes, kellel on rahvusvaheliselt tunnustatud rahvusliku s\u00f5ltumatuse pretsedent ja see minetanud s\u00f5ltumatuse mitte oma s\u00fc\u00fc t\u00f5ttu.<\/p>\n<p>Vahetult enne Teise maailmas\u00f5ja l\u00f5ppu ja enne Potsdami konverentsi algust kirjutas \u00fcks autor:<\/p>\n<p>\u201c\u2026 Eesti, L\u00e4ti ja Leedu ajalugu seab homsetele rahutegijatele k\u00fcsimuse: kas nad kavatsevad aktsepteerida mineviku \u00f5ppetundi ja anda neile v\u00e4ikestele riikidele tagasi nende \u00f5igustatud s\u00f5ltumatus, nii et Baltikumi rahvad v\u00f5iksid uuesti olla vabade rahvaste \u00fchenduses, andes, nagu varemgi oma panuse Euroopa rahu ja progressi \u00fcritusse? Selles seisab BALTI K\u00dcSIMUS. Kui sellele ei anta \u00f5iget vastust, siis homsed rahutegijad petavad meid.&#8221;<\/p>\n<p>Praegusel momendil esitame me k\u00fcsimuse: kas t\u00e4nap\u00e4eva rahutegijad kavatsevad Balti rahvaid veel kord petta?<\/p>\n<p>See on k\u00fcsimus, millele me ootame maailma rahvaste \u00fchenduselt vastust.<\/p>\n<p>&nbsp;<\/p>\n<p>Tallinnas, 24. oktoobril 1972. a.<\/p>\n<p>Eesti Demokraatlik Liikumine Eesti Rahvusrinne<\/p>\n","protected":false},"excerpt":{"rendered":"<p>\u00dcHINENUD RAHVASTE ORGANISATSIOONI PEASEKRET\u00c4RILE HR. KURT WALDHEIMILE Teie Ekstsellents! Eesti Rahvusrinne ja Eesti Demokraatlik Liikumine saadavad Teile Memorandumi, mis taotleb<\/p>\n","protected":false},"featured_media":0,"parent":11426,"menu_order":0,"template":"","format":"standard","meta":{"_acf_changed":false,"footnotes":""},"autorid":[100,99],"aasta":[90],"valjaanne":[],"toimiku_number":[],"class_list":["post-11428","dokumendid","type-dokumendid","status-publish","format-standard","hentry","autorid-edl","autorid-err","aasta-90"],"acf":[],"yoast_head":"<!-- This site is optimized with the Yoast SEO plugin v25.8 - https:\/\/yoast.com\/wordpress\/plugins\/seo\/ -->\n<title>Kaaskiri EDL ja ERR Memorandumile - Demokraatlik liikumine<\/title>\n<meta name=\"robots\" content=\"index, follow, max-snippet:-1, max-image-preview:large, max-video-preview:-1\" \/>\n<link rel=\"canonical\" href=\"https:\/\/demokraatlikliikumine.ee\/en\/dokumendid\/err-ja-edl-memorandum\/kaaskiri-edl-ja-err-memorandumile\/\" \/>\n<meta property=\"og:locale\" content=\"en_US\" \/>\n<meta property=\"og:type\" content=\"article\" \/>\n<meta property=\"og:title\" content=\"Kaaskiri EDL ja ERR Memorandumile - Demokraatlik liikumine\" \/>\n<meta property=\"og:description\" content=\"\u00dcHINENUD RAHVASTE ORGANISATSIOONI PEASEKRET\u00c4RILE HR. KURT WALDHEIMILE Teie Ekstsellents! Eesti Rahvusrinne ja Eesti Demokraatlik Liikumine saadavad Teile Memorandumi, mis taotleb\" \/>\n<meta property=\"og:url\" content=\"https:\/\/demokraatlikliikumine.ee\/en\/dokumendid\/err-ja-edl-memorandum\/kaaskiri-edl-ja-err-memorandumile\/\" \/>\n<meta property=\"og:site_name\" content=\"Demokraatlik liikumine\" \/>\n<meta name=\"twitter:card\" content=\"summary_large_image\" \/>\n<meta name=\"twitter:label1\" content=\"Est. reading time\" \/>\n\t<meta name=\"twitter:data1\" content=\"6 minutes\" \/>\n<script type=\"application\/ld+json\" class=\"yoast-schema-graph\">{\"@context\":\"https:\/\/schema.org\",\"@graph\":[{\"@type\":\"WebPage\",\"@id\":\"https:\/\/demokraatlikliikumine.ee\/en\/dokumendid\/err-ja-edl-memorandum\/kaaskiri-edl-ja-err-memorandumile\/\",\"url\":\"https:\/\/demokraatlikliikumine.ee\/en\/dokumendid\/err-ja-edl-memorandum\/kaaskiri-edl-ja-err-memorandumile\/\",\"name\":\"Kaaskiri EDL ja ERR Memorandumile - Demokraatlik liikumine\",\"isPartOf\":{\"@id\":\"https:\/\/demokraatlikliikumine.ee\/en\/#website\"},\"datePublished\":\"2021-09-01T14:35:29+00:00\",\"breadcrumb\":{\"@id\":\"https:\/\/demokraatlikliikumine.ee\/en\/dokumendid\/err-ja-edl-memorandum\/kaaskiri-edl-ja-err-memorandumile\/#breadcrumb\"},\"inLanguage\":\"en-US\",\"potentialAction\":[{\"@type\":\"ReadAction\",\"target\":[\"https:\/\/demokraatlikliikumine.ee\/en\/dokumendid\/err-ja-edl-memorandum\/kaaskiri-edl-ja-err-memorandumile\/\"]}]},{\"@type\":\"BreadcrumbList\",\"@id\":\"https:\/\/demokraatlikliikumine.ee\/en\/dokumendid\/err-ja-edl-memorandum\/kaaskiri-edl-ja-err-memorandumile\/#breadcrumb\",\"itemListElement\":[{\"@type\":\"ListItem\",\"position\":1,\"name\":\"Home\",\"item\":\"https:\/\/demokraatlikliikumine.ee\/en\/\"},{\"@type\":\"ListItem\",\"position\":2,\"name\":\"ERR ja EDL Memorandum\",\"item\":\"https:\/\/demokraatlikliikumine.ee\/en\/dokumendid\/err-ja-edl-memorandum\/\"},{\"@type\":\"ListItem\",\"position\":3,\"name\":\"Kaaskiri EDL ja ERR Memorandumile\"}]},{\"@type\":\"WebSite\",\"@id\":\"https:\/\/demokraatlikliikumine.ee\/en\/#website\",\"url\":\"https:\/\/demokraatlikliikumine.ee\/en\/\",\"name\":\"Demokraatlik liikumine\",\"description\":\"Just another WordPress site\",\"potentialAction\":[{\"@type\":\"SearchAction\",\"target\":{\"@type\":\"EntryPoint\",\"urlTemplate\":\"https:\/\/demokraatlikliikumine.ee\/en\/?s={search_term_string}\"},\"query-input\":{\"@type\":\"PropertyValueSpecification\",\"valueRequired\":true,\"valueName\":\"search_term_string\"}}],\"inLanguage\":\"en-US\"}]}<\/script>\n<!-- \/ Yoast SEO plugin. -->","yoast_head_json":{"title":"Kaaskiri EDL ja ERR Memorandumile - Demokraatlik liikumine","robots":{"index":"index","follow":"follow","max-snippet":"max-snippet:-1","max-image-preview":"max-image-preview:large","max-video-preview":"max-video-preview:-1"},"canonical":"https:\/\/demokraatlikliikumine.ee\/en\/dokumendid\/err-ja-edl-memorandum\/kaaskiri-edl-ja-err-memorandumile\/","og_locale":"en_US","og_type":"article","og_title":"Kaaskiri EDL ja ERR Memorandumile - Demokraatlik liikumine","og_description":"\u00dcHINENUD RAHVASTE ORGANISATSIOONI PEASEKRET\u00c4RILE HR. KURT WALDHEIMILE Teie Ekstsellents! Eesti Rahvusrinne ja Eesti Demokraatlik Liikumine saadavad Teile Memorandumi, mis taotleb","og_url":"https:\/\/demokraatlikliikumine.ee\/en\/dokumendid\/err-ja-edl-memorandum\/kaaskiri-edl-ja-err-memorandumile\/","og_site_name":"Demokraatlik liikumine","twitter_card":"summary_large_image","twitter_misc":{"Est. reading time":"6 minutes"},"schema":{"@context":"https:\/\/schema.org","@graph":[{"@type":"WebPage","@id":"https:\/\/demokraatlikliikumine.ee\/en\/dokumendid\/err-ja-edl-memorandum\/kaaskiri-edl-ja-err-memorandumile\/","url":"https:\/\/demokraatlikliikumine.ee\/en\/dokumendid\/err-ja-edl-memorandum\/kaaskiri-edl-ja-err-memorandumile\/","name":"Kaaskiri EDL ja ERR Memorandumile - Demokraatlik liikumine","isPartOf":{"@id":"https:\/\/demokraatlikliikumine.ee\/en\/#website"},"datePublished":"2021-09-01T14:35:29+00:00","breadcrumb":{"@id":"https:\/\/demokraatlikliikumine.ee\/en\/dokumendid\/err-ja-edl-memorandum\/kaaskiri-edl-ja-err-memorandumile\/#breadcrumb"},"inLanguage":"en-US","potentialAction":[{"@type":"ReadAction","target":["https:\/\/demokraatlikliikumine.ee\/en\/dokumendid\/err-ja-edl-memorandum\/kaaskiri-edl-ja-err-memorandumile\/"]}]},{"@type":"BreadcrumbList","@id":"https:\/\/demokraatlikliikumine.ee\/en\/dokumendid\/err-ja-edl-memorandum\/kaaskiri-edl-ja-err-memorandumile\/#breadcrumb","itemListElement":[{"@type":"ListItem","position":1,"name":"Home","item":"https:\/\/demokraatlikliikumine.ee\/en\/"},{"@type":"ListItem","position":2,"name":"ERR ja EDL Memorandum","item":"https:\/\/demokraatlikliikumine.ee\/en\/dokumendid\/err-ja-edl-memorandum\/"},{"@type":"ListItem","position":3,"name":"Kaaskiri EDL ja ERR Memorandumile"}]},{"@type":"WebSite","@id":"https:\/\/demokraatlikliikumine.ee\/en\/#website","url":"https:\/\/demokraatlikliikumine.ee\/en\/","name":"Demokraatlik liikumine","description":"Just another WordPress site","potentialAction":[{"@type":"SearchAction","target":{"@type":"EntryPoint","urlTemplate":"https:\/\/demokraatlikliikumine.ee\/en\/?s={search_term_string}"},"query-input":{"@type":"PropertyValueSpecification","valueRequired":true,"valueName":"search_term_string"}}],"inLanguage":"en-US"}]}},"_links":{"self":[{"href":"https:\/\/demokraatlikliikumine.ee\/en\/wp-json\/wp\/v2\/dokumendid\/11428","targetHints":{"allow":["GET"]}}],"collection":[{"href":"https:\/\/demokraatlikliikumine.ee\/en\/wp-json\/wp\/v2\/dokumendid"}],"about":[{"href":"https:\/\/demokraatlikliikumine.ee\/en\/wp-json\/wp\/v2\/types\/dokumendid"}],"version-history":[{"count":1,"href":"https:\/\/demokraatlikliikumine.ee\/en\/wp-json\/wp\/v2\/dokumendid\/11428\/revisions"}],"predecessor-version":[{"id":11429,"href":"https:\/\/demokraatlikliikumine.ee\/en\/wp-json\/wp\/v2\/dokumendid\/11428\/revisions\/11429"}],"up":[{"embeddable":true,"href":"https:\/\/demokraatlikliikumine.ee\/en\/wp-json\/wp\/v2\/dokumendid\/11426"}],"wp:attachment":[{"href":"https:\/\/demokraatlikliikumine.ee\/en\/wp-json\/wp\/v2\/media?parent=11428"}],"wp:term":[{"taxonomy":"autorid","embeddable":true,"href":"https:\/\/demokraatlikliikumine.ee\/en\/wp-json\/wp\/v2\/autorid?post=11428"},{"taxonomy":"aasta","embeddable":true,"href":"https:\/\/demokraatlikliikumine.ee\/en\/wp-json\/wp\/v2\/aasta?post=11428"},{"taxonomy":"valjaanne","embeddable":true,"href":"https:\/\/demokraatlikliikumine.ee\/en\/wp-json\/wp\/v2\/valjaanne?post=11428"},{"taxonomy":"toimiku_number","embeddable":true,"href":"https:\/\/demokraatlikliikumine.ee\/en\/wp-json\/wp\/v2\/toimiku_number?post=11428"}],"curies":[{"name":"wp","href":"https:\/\/api.w.org\/{rel}","templated":true}]}}