{"id":12345,"date":"2021-10-28T06:46:15","date_gmt":"2021-10-28T06:46:15","guid":{"rendered":"https:\/\/demokraatlikliikumine.ee\/?post_type=dokumendid&#038;p=12345"},"modified":"2021-10-28T06:46:15","modified_gmt":"2021-10-28T06:46:15","slug":"xvi-keskjuhtimine-ja-autonoomia-tsentraliseerituse-ja-detsentraliseerituse-vahekord","status":"publish","type":"dokumendid","link":"https:\/\/demokraatlikliikumine.ee\/en\/dokumendid\/eesti-demokraatliku-liikumise-taktika-ja-strateegia\/xvi-keskjuhtimine-ja-autonoomia-tsentraliseerituse-ja-detsentraliseerituse-vahekord\/","title":{"rendered":"XVI  Keskjuhtimine ja autonoomia, tsentraliseerituse ja detsentraliseerituse vahekord"},"content":{"rendered":"<p>Oma strateegia ja v\u00f5itlustaktika v\u00e4ljat\u00f6\u00f6tamisel omistab EDL tsentraliseerituse ja detsentraliseerituse vahekorra k\u00fcsimusele erakordse t\u00e4helepanu. See on saanud tema taktika v\u00f5tmek\u00fcsimuseks.<\/p>\n<p>EDL oma taktika v\u00e4ljat\u00f6\u00f6tamisel l\u00e4htus reaalsest olukorrast, kus peaaegu k\u00f5igil poliitilistel liikumistel, peale demokraatide, \u00fcle kogu N\u00f5ukogude Liidu puudub selgepiiriliselt v\u00e4ljat\u00f6\u00f6tatud ideoloogia. V\u00f5ib korduda \/\u2026\/ ajalugu. Rahva rahulolematus on juba praegu k\u00fcllalt suur ning teatud momendil v\u00f5ib toimuda plahvatus. Murdub re\u017eiim, kuid puuduvad need, kes v\u00f5tsid juhtimise endile, et luua vabam kord. Ning j\u00e4lle v\u00f5ivad juhust kasutada energilisemad enesearmastajad ja salakavalad aferistid. Re\u017eiimivastastel peale demokraatide, puudub selgelt v\u00e4ljendatud kaugem eesm\u00e4rk \u2013 v\u00f5imu v\u00f5tmine. Peale \u00e4\u00e4rmiselt primitiivsel tasemel teatava agitatsiooni ja propaganda ei kujutata endale ette, MIDA on vaja teha edasi ja KUIDAS seda teha. Sageli kannavad re\u017eiimivastased endis totalitarismi loodet ja re\u017eiimi vastu v\u00f5itlemise asemel v\u00f5itlevad demokraatliku liikumise vastu, p\u00fc\u00fcdes teda halvustada kui kontrrevolutsioonilist. N\u00e4iteks sellist v\u00f5itlust pidasid omal ajal N\u00f5ukogude Liidu Demokraatliku Liikumise vastu Jakir ja Krasin oma initsiatiivgrupiga ning tegid seda kuni vahi alla v\u00f5tmise ja enesepaljastuseni.<\/p>\n<p>Selge on see, et tsentraliseeritud \u00fchtse s\u00fcsteemi loomine v\u00f5itluse juhtimise eesm\u00e4rgil k\u00e4esoleva aja totalitaarsetes tingimustes pole reaalne, ja mis peamine, pole ratsionaalne.<\/p>\n<p>T\u00c4IELIK TSENTRALISEERITUD S\u00dcSTEEM RE\u017dIIMI MURDMISEKS EI K\u00d5LBA!<\/p>\n<p>T\u00e4ielikult tsentraliseeritud s\u00fcsteemil on j\u00e4rgmised puudused:<\/p>\n<p>1)\u00a0\u00a0\u00a0 On suurema t\u00f5en\u00e4osusega ohustatud avastamise ja h\u00e4vitamise suhtes.<\/p>\n<p>2)\u00a0\u00a0\u00a0 P\u00f5randaalustes salastuse tingimustes ning seoses avalikustamise puudumisega tekib sellisel laiutavad s\u00fcsteemil poliitilise b\u00fcrokratiseerumise oht, mis v\u00f5ib kontrolli alt v\u00e4lja libiseda ja viia sisemise \u00f5igusliku seaduslikkuse rikkumisele v\u00f5i ohule ise hiljem muutuda totalitaarseks s\u00fcsteemiks.<\/p>\n<p>3)\u00a0\u00a0\u00a0 Aheldab kohalikku initsiatiivi ja ettev\u00f5tlikkust. All\u00fcksused j\u00e4\u00e4vad ootama instruktsioone ning k\u00e4skusid, mille t\u00f5ttu kannatab operatiivsus. Suurim h\u00e4da on aga see, et see ei kasvata funktsion\u00e4\u00e4rides vabam\u00f5tlemist ja vaba tegutsemist, nad ei \u00f5pi vastutust endi peale v\u00f5tma kriitilistel silmapilkudel.<\/p>\n<p>4)\u00a0\u00a0\u00a0 Ei kujunda osav\u00f5tjates demokraatlikke harjumusi ning praktikat, mida l\u00e4heb vaja re\u017eiimij\u00e4rgsel perioodil, mis on t\u00e4is igasuguseid h\u00e4daohte.<\/p>\n<p>5)\u00a0\u00a0\u00a0 R\u00e4\u00e4gib vastu vaba-demokraatlikele p\u00f5him\u00f5tetele ja maailmavaatele.<\/p>\n<p>KA T\u00c4IELIK DETSENTRALISEERITUS EI K\u00d5LBA!<\/p>\n<p>T\u00e4ielikult detsentraliseeritud grupid, ilma \u00fchendava algeta vabad demokraadid muutuvad isoleeritud gruppideks ja \u00fcksikuteks, kes ei kujutaks erilist ohtu re\u017eiimile. See aga t\u00e4hendaks re\u017eiimi edasieksisteerimist.<\/p>\n<p>EDL P\u00d5HILISEKS TAKTIKALISEKS \u00dcKSUSEKS ON AUTONOOMSED ILLEGAALSED GRUPID, KES JUHINDUVAD \u00dcHTSEIST EDL PROGRAMMILISTEST DOKUMENTIDEST.<\/p>\n<p>Autonoomsed Illegaalsed Grupid (AIG) on p\u00f5hilised EDL taktikalised \u00fcksused, kes operatiivses suhtes on t\u00e4ielikult iseseisvad.<\/p>\n<p>AIG \u2013 on ideoloogiliselt, maailmavaateliselt ja eriti strateegilis-taktikaliselt allutatud EDL programmilistele dokumentidele. \u00dchendavaks algeks ja \u00fchiseks platvormiks nende gruppide vahel on \u201cEDL Programm\u201d ja \u201cEDL Strateegia ja Taktika\u201d. Nende kohustuslike dokumentide raamid on k\u00fcllaldaselt laiad ning piisavalt konkreetsed selleks, et asendada autonoomsete illegaalsete gruppide tsentraalseid operatiiv- ja juhtorganeid. AIG-d peavad muutuma endid ise \u00fclalhoidvaiks EDL \u00fcksusteks, kes tegutsevad vaenlase tagalas EDL v\u00f5itlusp\u00f5hikirja \u2013 \u201cStrateegia ja Taktika\u201d alusel, ning konkreetsetes tegudes ilmutavad oma loomingulist leidlikkust ja initsiatiivi.<\/p>\n<p>See on analoogiline partisanisalkade tegutsemisele vaenlase territooriumil. Saades s\u00f5ja\u00fclesandeks v\u00f5imalikult suurema kahju valmistamise vaenlasele, tegutsevad iseseisvalt, valides sobivaid objekte pealetungiks. Seejuures juhinduvad nad oma armee v\u00f5itlusm\u00e4\u00e4rustikust. Vajaliku ettevalmistuse saamisel, teadmisi kogudes ja tegevuses karastudes v\u00f5ivad sellised \u00fcksused hoida vaenlase suuri j\u00f5ude pinge all.<\/p>\n<p>Meie r\u00fchmad \u2013 AIG-d \u2013 on veelgi mobiilsemad ning \u00fchise plaani kasutamisel v\u00f5ivad alustada \u00fchist pealetungi re\u017eiimile.<\/p>\n<p>&nbsp;<\/p>\n<p>AI-GRUPPIDE EELISED:<\/p>\n<p>1)\u00a0\u00a0\u00a0 Teeb v\u00f5imatuks kogu Demokraatliku Liikumise l\u00fc\u00fcasaamise isegi m\u00f5nede gruppide puruksl\u00f6\u00f6misel.<\/p>\n<p>2)\u00a0\u00a0\u00a0 Arendab v\u00f5itlejate initsiatiivi loomuliku \u00f5iguse raames ning seega kasvatab ja valmistab kaadreid ette selleks, et tulevikus luua vabademokraatlikku korda.<\/p>\n<p>3)\u00a0\u00a0\u00a0 On v\u00e4listatud m\u00f5nede auahnete isikute poolt v\u00f5imuhaaramise h\u00e4daoht. Inimesed, kes on harjunud loomulik-\u00f5iguslike seadustega ja lugu pidama inimv\u00e4\u00e4rikusest ning omavad demokraatlikke kogemuse ei lase endile auahnetel j\u00f5hkarditel p\u00e4he istuda.<\/p>\n<p>AI-GRUPID ON SISEMISELT TSENTRALISEERITUD!<\/p>\n<p>AI-grupid on operatiivselt autonoomsed, kuid grupisiseselt peab kehtima range tsentraliseeritus ja ainujuhtimise p\u00f5him\u00f5te. K\u00f5ik AI-grupi funktsion\u00e4\u00e4rid peavad alluma grupi juhtkonna v\u00f5i juhi k\u00e4skudele, juhid aga v\u00f5ivad anda k\u00e4ske ja \u00fclesandeid vaid loomulik-\u00f5iguslike seaduste raames. K\u00f5ik k\u00e4sud ja \u00fclesanded v\u00e4ljaspool neid raame ei kuulu t\u00e4itmisele, sellise k\u00e4su andja aga kuulub kohtulikule karistamisele vastavalt sisemisele loomulik-\u00f5iguslikule seadusele. Seega on grupi juhtimine k\u00fcll tsentraliseeritud, kuid on piiratud garanteeritud \u00f5iguslike normidega, s.t. gruppides j\u00e4rgitakse rangelt demokraatlikku p\u00f5hiseaduslikkust.<\/p>\n<p>K\u00f5ik anarhia ja distsiplineerimatuse v\u00e4ljendused AI-gruppides on lubamatud, kuna see muudab grupi v\u00f5itlusv\u00f5imetuks karjaks.<\/p>\n<p>&nbsp;<\/p>\n<p>KESKJUHTIMISE LOOMISE VAJALIKKUS<\/p>\n<p>Eelmises punktis kirjeldatud AI-gruppide staatus s\u00e4ilib kuni selle momendini, mil ilmneb reaalne v\u00f5imalus v\u00f5imu oma k\u00e4tte haaramiseks. Taolise situatsiooni tekkimisel regionaalsed \u00fchendused ja EDL olemasolevad organid loovad \u201cProgrammi\u201d alusel k\u00f5ikidele liikumistele juhtorgani, kusjuures initsiatiivi sel juhul peab haarama endale iga grupp, kes peab seda j\u00f5ukohaseks.<\/p>\n<p>Kui operatiivse eraldatuse t\u00f5ttu tekib mitu operatiivse \u00fcldjuhtimise keskust, siis kontakti leidmisel nad \u00fchinevad, tegutsedes k\u00e4esoleva dokumendi alusel. \u00dchildumisel annavad need keskused poole oma liikmetest \u00fchisele keskusele. Viimase k\u00e4sud \u00fchinemise momendist alates muutuvad kohustuslikuks kogu kontrollialusel maaalal.<\/p>\n<p>Otsustaval momendil moodustunud keskuste \u00fchildumine peab toimuma kiirelt ja otsekohe peale kontakti leidmist. Keskuste \u00fchildumise aluseks on kuuluvus EDL-I ja allumine EDL \u201cProgrammile\u201d ja \u201cTaktikale\u201d:<\/p>\n<p>&nbsp;<\/p>\n<p>KOKKUV\u00d5TTEKS<\/p>\n<p>Oma v\u00f5itlustaktikas autonoomsete illegaalsete gruppide loomisel kehtestatakse tsentraliseerituse ja detsentraliseerituse j\u00e4rgmine suhe:<\/p>\n<p>1)\u00a0\u00a0\u00a0 Detsentraliseeritus kehtestatakse operatiiv-koosseisulises ja organisatsioonilises osas. See t\u00e4hendab AI-gruppide t\u00e4ielikku autonoomsust operatiivses m\u00f5ttes \u2013 AI-grupid v\u00f5itlevad iseseisvalt, l\u00e4htudes konkreetsetest tingimustest ja gruppide reaalsetest v\u00f5imalustest.<\/p>\n<p>M\u00e4rkus: AI-gruppide autonoomsus ei anna \u00f5igust mittemidagitegemiseks. S\u00fc\u00fcdlased selles kannavad vastutust demokraatlike kohtute ees (kas omas grupis, \u00fchendgruppides v\u00f5i regionaalsetes ja rahvuslikes \u00fchendustes).<\/p>\n<p>2)\u00a0\u00a0\u00a0 Tsentraliseeritus kehtestatakse ideoloogia, v\u00f5itlustaktika ja strateegia osas \u00fchise sihi loomiseks k\u00f5ikidele AI-gruppidele, k\u00f5ikidele EDL regionaalsetele ja rahvuslikele \u00fchendustele, igale eraldi v\u00f5etud eesti demokraadile nii kodumaal kui ka v\u00e4lismaal, igale EDL pagulas\u00fchendusele.<\/p>\n<p>See \u00fchine siht on \u2013 n\u00f5ukogude totalitarismi ja kolonialismi kukutamine, vaba-demokraatliku korraga suver\u00e4\u00e4nse Eesti rahvusvabariigi taasloomine, k\u00f5ikv\u00f5imaliku abi osutamine analoogiliste rahvusvabariikide loomiseks k\u00f5igi N\u00f5ukogude Liidu rahvaste poolt.<\/p>\n<p>V\u00f5itluse \u00fchiseks aluseks olevad dokumendid: \u201cEDL Programm\u201d ja \u201cEDL Strateegia ja Taktika\u201d muutuvad kehtetuiks alles peale totalitaarse ja koloniaalse korra kukutamist kogu N\u00f5ukogude Liidus.<\/p>\n","protected":false},"excerpt":{"rendered":"<p>Oma strateegia ja v\u00f5itlustaktika v\u00e4ljat\u00f6\u00f6tamisel omistab EDL tsentraliseerituse ja detsentraliseerituse vahekorra k\u00fcsimusele erakordse t\u00e4helepanu. See on saanud tema taktika v\u00f5tmek\u00fcsimuseks.<\/p>\n","protected":false},"featured_media":0,"parent":12309,"menu_order":0,"template":"","format":"standard","meta":{"_acf_changed":false,"footnotes":""},"autorid":[100],"aasta":[129],"valjaanne":[],"toimiku_number":[],"class_list":["post-12345","dokumendid","type-dokumendid","status-publish","format-standard","hentry","autorid-edl","aasta-129"],"acf":[],"yoast_head":"<!-- This site is optimized with the Yoast SEO plugin v25.8 - https:\/\/yoast.com\/wordpress\/plugins\/seo\/ -->\n<title>XVI Keskjuhtimine ja autonoomia, tsentraliseerituse ja detsentraliseerituse vahekord - Demokraatlik liikumine<\/title>\n<meta name=\"robots\" content=\"index, follow, max-snippet:-1, max-image-preview:large, max-video-preview:-1\" \/>\n<link rel=\"canonical\" href=\"https:\/\/demokraatlikliikumine.ee\/en\/dokumendid\/eesti-demokraatliku-liikumise-taktika-ja-strateegia\/xvi-keskjuhtimine-ja-autonoomia-tsentraliseerituse-ja-detsentraliseerituse-vahekord\/\" \/>\n<meta property=\"og:locale\" content=\"en_US\" \/>\n<meta property=\"og:type\" content=\"article\" \/>\n<meta property=\"og:title\" content=\"XVI Keskjuhtimine ja autonoomia, tsentraliseerituse ja detsentraliseerituse vahekord - Demokraatlik liikumine\" \/>\n<meta property=\"og:description\" content=\"Oma strateegia ja v\u00f5itlustaktika v\u00e4ljat\u00f6\u00f6tamisel omistab EDL tsentraliseerituse ja detsentraliseerituse vahekorra k\u00fcsimusele erakordse t\u00e4helepanu. See on saanud tema taktika v\u00f5tmek\u00fcsimuseks.\" \/>\n<meta property=\"og:url\" content=\"https:\/\/demokraatlikliikumine.ee\/en\/dokumendid\/eesti-demokraatliku-liikumise-taktika-ja-strateegia\/xvi-keskjuhtimine-ja-autonoomia-tsentraliseerituse-ja-detsentraliseerituse-vahekord\/\" \/>\n<meta property=\"og:site_name\" content=\"Demokraatlik liikumine\" \/>\n<meta name=\"twitter:card\" content=\"summary_large_image\" \/>\n<meta name=\"twitter:label1\" content=\"Est. reading time\" \/>\n\t<meta name=\"twitter:data1\" content=\"4 minutes\" \/>\n<script type=\"application\/ld+json\" class=\"yoast-schema-graph\">{\"@context\":\"https:\/\/schema.org\",\"@graph\":[{\"@type\":\"WebPage\",\"@id\":\"https:\/\/demokraatlikliikumine.ee\/en\/dokumendid\/eesti-demokraatliku-liikumise-taktika-ja-strateegia\/xvi-keskjuhtimine-ja-autonoomia-tsentraliseerituse-ja-detsentraliseerituse-vahekord\/\",\"url\":\"https:\/\/demokraatlikliikumine.ee\/en\/dokumendid\/eesti-demokraatliku-liikumise-taktika-ja-strateegia\/xvi-keskjuhtimine-ja-autonoomia-tsentraliseerituse-ja-detsentraliseerituse-vahekord\/\",\"name\":\"XVI Keskjuhtimine ja autonoomia, tsentraliseerituse ja detsentraliseerituse vahekord - Demokraatlik liikumine\",\"isPartOf\":{\"@id\":\"https:\/\/demokraatlikliikumine.ee\/en\/#website\"},\"datePublished\":\"2021-10-28T06:46:15+00:00\",\"breadcrumb\":{\"@id\":\"https:\/\/demokraatlikliikumine.ee\/en\/dokumendid\/eesti-demokraatliku-liikumise-taktika-ja-strateegia\/xvi-keskjuhtimine-ja-autonoomia-tsentraliseerituse-ja-detsentraliseerituse-vahekord\/#breadcrumb\"},\"inLanguage\":\"en-US\",\"potentialAction\":[{\"@type\":\"ReadAction\",\"target\":[\"https:\/\/demokraatlikliikumine.ee\/en\/dokumendid\/eesti-demokraatliku-liikumise-taktika-ja-strateegia\/xvi-keskjuhtimine-ja-autonoomia-tsentraliseerituse-ja-detsentraliseerituse-vahekord\/\"]}]},{\"@type\":\"BreadcrumbList\",\"@id\":\"https:\/\/demokraatlikliikumine.ee\/en\/dokumendid\/eesti-demokraatliku-liikumise-taktika-ja-strateegia\/xvi-keskjuhtimine-ja-autonoomia-tsentraliseerituse-ja-detsentraliseerituse-vahekord\/#breadcrumb\",\"itemListElement\":[{\"@type\":\"ListItem\",\"position\":1,\"name\":\"Home\",\"item\":\"https:\/\/demokraatlikliikumine.ee\/en\/\"},{\"@type\":\"ListItem\",\"position\":2,\"name\":\"Eesti Demokraatliku Liikumise taktika ja strateegia\",\"item\":\"https:\/\/demokraatlikliikumine.ee\/en\/dokumendid\/eesti-demokraatliku-liikumise-taktika-ja-strateegia\/\"},{\"@type\":\"ListItem\",\"position\":3,\"name\":\"XVI Keskjuhtimine ja autonoomia, tsentraliseerituse ja detsentraliseerituse vahekord\"}]},{\"@type\":\"WebSite\",\"@id\":\"https:\/\/demokraatlikliikumine.ee\/en\/#website\",\"url\":\"https:\/\/demokraatlikliikumine.ee\/en\/\",\"name\":\"Demokraatlik liikumine\",\"description\":\"Just another WordPress site\",\"potentialAction\":[{\"@type\":\"SearchAction\",\"target\":{\"@type\":\"EntryPoint\",\"urlTemplate\":\"https:\/\/demokraatlikliikumine.ee\/en\/?s={search_term_string}\"},\"query-input\":{\"@type\":\"PropertyValueSpecification\",\"valueRequired\":true,\"valueName\":\"search_term_string\"}}],\"inLanguage\":\"en-US\"}]}<\/script>\n<!-- \/ Yoast SEO plugin. -->","yoast_head_json":{"title":"XVI Keskjuhtimine ja autonoomia, tsentraliseerituse ja detsentraliseerituse vahekord - Demokraatlik liikumine","robots":{"index":"index","follow":"follow","max-snippet":"max-snippet:-1","max-image-preview":"max-image-preview:large","max-video-preview":"max-video-preview:-1"},"canonical":"https:\/\/demokraatlikliikumine.ee\/en\/dokumendid\/eesti-demokraatliku-liikumise-taktika-ja-strateegia\/xvi-keskjuhtimine-ja-autonoomia-tsentraliseerituse-ja-detsentraliseerituse-vahekord\/","og_locale":"en_US","og_type":"article","og_title":"XVI Keskjuhtimine ja autonoomia, tsentraliseerituse ja detsentraliseerituse vahekord - Demokraatlik liikumine","og_description":"Oma strateegia ja v\u00f5itlustaktika v\u00e4ljat\u00f6\u00f6tamisel omistab EDL tsentraliseerituse ja detsentraliseerituse vahekorra k\u00fcsimusele erakordse t\u00e4helepanu. See on saanud tema taktika v\u00f5tmek\u00fcsimuseks.","og_url":"https:\/\/demokraatlikliikumine.ee\/en\/dokumendid\/eesti-demokraatliku-liikumise-taktika-ja-strateegia\/xvi-keskjuhtimine-ja-autonoomia-tsentraliseerituse-ja-detsentraliseerituse-vahekord\/","og_site_name":"Demokraatlik liikumine","twitter_card":"summary_large_image","twitter_misc":{"Est. reading time":"4 minutes"},"schema":{"@context":"https:\/\/schema.org","@graph":[{"@type":"WebPage","@id":"https:\/\/demokraatlikliikumine.ee\/en\/dokumendid\/eesti-demokraatliku-liikumise-taktika-ja-strateegia\/xvi-keskjuhtimine-ja-autonoomia-tsentraliseerituse-ja-detsentraliseerituse-vahekord\/","url":"https:\/\/demokraatlikliikumine.ee\/en\/dokumendid\/eesti-demokraatliku-liikumise-taktika-ja-strateegia\/xvi-keskjuhtimine-ja-autonoomia-tsentraliseerituse-ja-detsentraliseerituse-vahekord\/","name":"XVI Keskjuhtimine ja autonoomia, tsentraliseerituse ja detsentraliseerituse vahekord - Demokraatlik liikumine","isPartOf":{"@id":"https:\/\/demokraatlikliikumine.ee\/en\/#website"},"datePublished":"2021-10-28T06:46:15+00:00","breadcrumb":{"@id":"https:\/\/demokraatlikliikumine.ee\/en\/dokumendid\/eesti-demokraatliku-liikumise-taktika-ja-strateegia\/xvi-keskjuhtimine-ja-autonoomia-tsentraliseerituse-ja-detsentraliseerituse-vahekord\/#breadcrumb"},"inLanguage":"en-US","potentialAction":[{"@type":"ReadAction","target":["https:\/\/demokraatlikliikumine.ee\/en\/dokumendid\/eesti-demokraatliku-liikumise-taktika-ja-strateegia\/xvi-keskjuhtimine-ja-autonoomia-tsentraliseerituse-ja-detsentraliseerituse-vahekord\/"]}]},{"@type":"BreadcrumbList","@id":"https:\/\/demokraatlikliikumine.ee\/en\/dokumendid\/eesti-demokraatliku-liikumise-taktika-ja-strateegia\/xvi-keskjuhtimine-ja-autonoomia-tsentraliseerituse-ja-detsentraliseerituse-vahekord\/#breadcrumb","itemListElement":[{"@type":"ListItem","position":1,"name":"Home","item":"https:\/\/demokraatlikliikumine.ee\/en\/"},{"@type":"ListItem","position":2,"name":"Eesti Demokraatliku Liikumise taktika ja strateegia","item":"https:\/\/demokraatlikliikumine.ee\/en\/dokumendid\/eesti-demokraatliku-liikumise-taktika-ja-strateegia\/"},{"@type":"ListItem","position":3,"name":"XVI Keskjuhtimine ja autonoomia, tsentraliseerituse ja detsentraliseerituse vahekord"}]},{"@type":"WebSite","@id":"https:\/\/demokraatlikliikumine.ee\/en\/#website","url":"https:\/\/demokraatlikliikumine.ee\/en\/","name":"Demokraatlik liikumine","description":"Just another WordPress site","potentialAction":[{"@type":"SearchAction","target":{"@type":"EntryPoint","urlTemplate":"https:\/\/demokraatlikliikumine.ee\/en\/?s={search_term_string}"},"query-input":{"@type":"PropertyValueSpecification","valueRequired":true,"valueName":"search_term_string"}}],"inLanguage":"en-US"}]}},"_links":{"self":[{"href":"https:\/\/demokraatlikliikumine.ee\/en\/wp-json\/wp\/v2\/dokumendid\/12345","targetHints":{"allow":["GET"]}}],"collection":[{"href":"https:\/\/demokraatlikliikumine.ee\/en\/wp-json\/wp\/v2\/dokumendid"}],"about":[{"href":"https:\/\/demokraatlikliikumine.ee\/en\/wp-json\/wp\/v2\/types\/dokumendid"}],"version-history":[{"count":1,"href":"https:\/\/demokraatlikliikumine.ee\/en\/wp-json\/wp\/v2\/dokumendid\/12345\/revisions"}],"predecessor-version":[{"id":12346,"href":"https:\/\/demokraatlikliikumine.ee\/en\/wp-json\/wp\/v2\/dokumendid\/12345\/revisions\/12346"}],"up":[{"embeddable":true,"href":"https:\/\/demokraatlikliikumine.ee\/en\/wp-json\/wp\/v2\/dokumendid\/12309"}],"wp:attachment":[{"href":"https:\/\/demokraatlikliikumine.ee\/en\/wp-json\/wp\/v2\/media?parent=12345"}],"wp:term":[{"taxonomy":"autorid","embeddable":true,"href":"https:\/\/demokraatlikliikumine.ee\/en\/wp-json\/wp\/v2\/autorid?post=12345"},{"taxonomy":"aasta","embeddable":true,"href":"https:\/\/demokraatlikliikumine.ee\/en\/wp-json\/wp\/v2\/aasta?post=12345"},{"taxonomy":"valjaanne","embeddable":true,"href":"https:\/\/demokraatlikliikumine.ee\/en\/wp-json\/wp\/v2\/valjaanne?post=12345"},{"taxonomy":"toimiku_number","embeddable":true,"href":"https:\/\/demokraatlikliikumine.ee\/en\/wp-json\/wp\/v2\/toimiku_number?post=12345"}],"curies":[{"name":"wp","href":"https:\/\/api.w.org\/{rel}","templated":true}]}}