{"id":11139,"date":"2021-08-16T18:48:27","date_gmt":"2021-08-16T18:48:27","guid":{"rendered":"https:\/\/demokraatlikliikumine.ee\/?post_type=uurimused&#038;p=11139"},"modified":"2021-10-27T19:27:04","modified_gmt":"2021-10-27T19:27:04","slug":"v-nldl-asub-tegutsema","status":"publish","type":"uurimused","link":"https:\/\/demokraatlikliikumine.ee\/en\/uurimused\/v-nldl-asub-tegutsema\/","title":{"rendered":"V NLDL asub tegutsema"},"content":{"rendered":"<p>Sellega j\u00f5udis N Liidu kukutamise teoreetiline t\u00f6\u00f6, v\u00e4hemalt niisuguses mahus, mille Soldatov ja Juskevit\u0161 olid v\u00f5tnud enda kanda, l\u00f5pule. Kavakohaselt pidanuks j\u00e4rgnema programmi ja taktikaliste aluste t\u00e4psustamine ning siis juba koordineeritud vastupanutegevus \u00fcle N Liidu.<br \/>\nTegelikkus oli paraku niisugune, et NLDL Programm ja Taktikalised Alused said Moskvas leige vastuv\u00f5tu osaliseks. 30. juulil 1970 teatas &#8220;Hronika\u2026&#8221; nr 14, et NLDL dokumendid on koostanud isehakanud, kellel puuduvad volitused esineda demokraatliku liikumise nimel. Ning mingisugust demokraatlike j\u00f5udude koordinatsiooni-n\u00f5ukogu ei eksisteeri. Eraldi ironiseeriti konspiratiivsuse n\u00f5ude \u00fcle, mis ei olevat \u00fcksnes m\u00f5ttetu, vaid koguni kahjulik. Moskvasse ei tekkinud ka re\u017eiimivastase v\u00f5itluse keskust.<br \/>\nS\u00fcgisel 1970 koostas NLDL uurimuse &#8220;Demokraatide memorandum N\u00f5ukogude Liidu \u00dclemn\u00f5ukogule&#8221; ning varjunime Juri Mazepa-Bakajivski kandva mahuka artikli &#8220;Vene kolonialism ja rahvuste probleemid&#8221; (m\u00f5lema p\u00f5hiautoriks oli Juskevit\u0161). NLDL Memorandum oli vastus Moskva dissidentidele, kes \u00fcldjuhul pidasid Stalini konstitutsiooni heaks ja piirdusid oma v\u00f5itluses peamiselt n\u00f5udega, et re\u017eiim tagaks senisest paremini selle s\u00e4tete t\u00e4itmise. Memorandumis anti paragrahvide kaupa \u00fclevaade N Liidu konstitutsioonist. Tulemusena j\u00e4id alasti nii Stalini p\u00f5hiseaduse \u00f5igusvastane, ebainimlik ja vastuoluline olemus kui ka kogu n\u00f5ukogude s\u00fcsteem. (RA, ERAF.129SM.1.29079-1., KD. 23., L. 42.-48.) &#8220;Vene kolonialism ja rahvuste probleemid&#8221; p\u00fc\u00fcdis korrigeerida veel \u00fcht olulist puudust Moskva dissidentide tegevuses, kelle suurvenelastest ja juutidest liidrite jaoks oli rahvusk\u00fcsimus arusaamatu teema. Nad ei teinud v\u00e4himatki panust ikestatud rahvastele, kuigi just vabadusiha julgustamine kolooniates oleks saanud tuua otsustava p\u00f6\u00f6rde re\u017eiimivastasesse v\u00f5itlusse. (RA, ERAF.129SM.1.29079-1., KD. 51., L. 135.-214.)<br \/>\nDetsembris 1970 kinnitati NLDL-i s\u00fcmboolika. Demokraatide tunnuseks valiti v\u00f5rdk\u00fclgne kolmnurk tipuga \u00fclespoole, mis meenutas kreeka t\u00e4hestiku t\u00e4hte &#8220;delta&#8221;, millega algab kreeka keeles s\u00f5na &#8220;demos&#8221;. Kolmnurga k\u00fclgedest \u00fcmbrusse paiskuvad kiired pidid s\u00fcmboliseerima piiritut vabadust. Kokkuv\u00f5ttes t\u00e4histas kujund vaba demokraatiat \u2013 liberaalset poliitilist voolu, mis oli eriti m\u00f5juv\u00f5imas L\u00e4\u00e4ne-Saksamaal. (Soldatov 1984: 195)<br \/>\n1971. aasta algul moodustati Leningradis NLDL-iga seotud r\u00fchmitus, hilisema nimetusega Venemaa Sotsiaaldemokraatlik T\u00f6\u00f6lisliit (eesotsas Georgi Dav\u00f5dov ja Vjat\u0161eslav Petrov), mis levitas ka Eestist p\u00e4rit programmilisi tr\u00fckiseid ja ajakirju. (Petrovi tunnistus, RA, ERAF.129SM.1.29079-1., KD. 51., L. 78.)<br \/>\nNLDL alustas venekeelse ajakirja &#8220;Demokrat&#8221; v\u00e4ljaandmist, tehes sellega teoks Paldiski ohvitseride ammuse unistuse. See \u00fcle N Liidu levitamiseks m\u00f5eldud ajakiri kandis m\u00e4rget &#8220;Demokraatlike j\u00f5udude organ&#8221; ja ilmus sagedusega kord kvartalis. (RA, ERAF.129SM.1.29079-1., KD. 51., L. 242)<br \/>\nNLDL-i m\u00f5ttekaaslased Moskvas (Aleksandr Bolonkin, Valeri Balakirev jt) alustasid liikumise tr\u00fckiste paljundamist oma p\u00f5randaaluses tr\u00fckikojas. Veidi hiljem koostasid nad ajakirja &#8220;Svobodnaja M\u00f5sl&#8221; (\u201cVaba M\u00f5te\u201d), kutsudes selle veergudel koost\u00f6\u00f6le NLDL Programmi ja Taktikaliste Aluste vaimus. (RA, ERAF.129SM.1.29079-1., KD. 25., L. 41.-63.)<br \/>\nJaanuaris 1972 v\u00f5eti vastu demokraadi vanne. (RA, ERAF.129SM.1.29079-1., KD. 29., L. 105.-106.)<\/p>\n","protected":false},"excerpt":{"rendered":"<p>Sellega j\u00f5udis N Liidu kukutamise teoreetiline t\u00f6\u00f6, v\u00e4hemalt niisuguses mahus, mille Soldatov ja Juskevit\u0161 olid v\u00f5tnud enda kanda, l\u00f5pule. Kavakohaselt<\/p>\n","protected":false},"featured_media":0,"parent":0,"menu_order":0,"template":"","format":"standard","meta":{"_acf_changed":false,"footnotes":""},"autorid":[],"aasta":[],"valjaanne":[],"class_list":["post-11139","uurimused","type-uurimused","status-publish","format-standard","hentry"],"acf":[],"yoast_head":"<!-- This site is optimized with the Yoast SEO plugin v25.8 - https:\/\/yoast.com\/wordpress\/plugins\/seo\/ -->\n<title>V NLDL asub tegutsema - Demokraatlik liikumine<\/title>\n<meta name=\"robots\" content=\"index, follow, max-snippet:-1, max-image-preview:large, max-video-preview:-1\" \/>\n<link rel=\"canonical\" href=\"https:\/\/demokraatlikliikumine.ee\/en\/uurimused\/v-nldl-asub-tegutsema\/\" \/>\n<meta property=\"og:locale\" content=\"en_US\" \/>\n<meta property=\"og:type\" content=\"article\" \/>\n<meta property=\"og:title\" content=\"V NLDL asub tegutsema - Demokraatlik liikumine\" \/>\n<meta property=\"og:description\" content=\"Sellega j\u00f5udis N Liidu kukutamise teoreetiline t\u00f6\u00f6, v\u00e4hemalt niisuguses mahus, mille Soldatov ja Juskevit\u0161 olid v\u00f5tnud enda kanda, l\u00f5pule. Kavakohaselt\" \/>\n<meta property=\"og:url\" content=\"https:\/\/demokraatlikliikumine.ee\/en\/uurimused\/v-nldl-asub-tegutsema\/\" \/>\n<meta property=\"og:site_name\" content=\"Demokraatlik liikumine\" \/>\n<meta property=\"article:modified_time\" content=\"2021-10-27T19:27:04+00:00\" \/>\n<meta name=\"twitter:card\" content=\"summary_large_image\" \/>\n<meta name=\"twitter:label1\" content=\"Est. reading time\" \/>\n\t<meta name=\"twitter:data1\" content=\"2 minutes\" \/>\n<script type=\"application\/ld+json\" class=\"yoast-schema-graph\">{\"@context\":\"https:\/\/schema.org\",\"@graph\":[{\"@type\":\"WebPage\",\"@id\":\"https:\/\/demokraatlikliikumine.ee\/en\/uurimused\/v-nldl-asub-tegutsema\/\",\"url\":\"https:\/\/demokraatlikliikumine.ee\/en\/uurimused\/v-nldl-asub-tegutsema\/\",\"name\":\"V NLDL asub tegutsema - Demokraatlik liikumine\",\"isPartOf\":{\"@id\":\"https:\/\/demokraatlikliikumine.ee\/en\/#website\"},\"datePublished\":\"2021-08-16T18:48:27+00:00\",\"dateModified\":\"2021-10-27T19:27:04+00:00\",\"breadcrumb\":{\"@id\":\"https:\/\/demokraatlikliikumine.ee\/en\/uurimused\/v-nldl-asub-tegutsema\/#breadcrumb\"},\"inLanguage\":\"en-US\",\"potentialAction\":[{\"@type\":\"ReadAction\",\"target\":[\"https:\/\/demokraatlikliikumine.ee\/en\/uurimused\/v-nldl-asub-tegutsema\/\"]}]},{\"@type\":\"BreadcrumbList\",\"@id\":\"https:\/\/demokraatlikliikumine.ee\/en\/uurimused\/v-nldl-asub-tegutsema\/#breadcrumb\",\"itemListElement\":[{\"@type\":\"ListItem\",\"position\":1,\"name\":\"Home\",\"item\":\"https:\/\/demokraatlikliikumine.ee\/en\/\"},{\"@type\":\"ListItem\",\"position\":2,\"name\":\"V NLDL asub tegutsema\"}]},{\"@type\":\"WebSite\",\"@id\":\"https:\/\/demokraatlikliikumine.ee\/en\/#website\",\"url\":\"https:\/\/demokraatlikliikumine.ee\/en\/\",\"name\":\"Demokraatlik liikumine\",\"description\":\"Just another WordPress site\",\"potentialAction\":[{\"@type\":\"SearchAction\",\"target\":{\"@type\":\"EntryPoint\",\"urlTemplate\":\"https:\/\/demokraatlikliikumine.ee\/en\/?s={search_term_string}\"},\"query-input\":{\"@type\":\"PropertyValueSpecification\",\"valueRequired\":true,\"valueName\":\"search_term_string\"}}],\"inLanguage\":\"en-US\"}]}<\/script>\n<!-- \/ Yoast SEO plugin. -->","yoast_head_json":{"title":"V NLDL asub tegutsema - Demokraatlik liikumine","robots":{"index":"index","follow":"follow","max-snippet":"max-snippet:-1","max-image-preview":"max-image-preview:large","max-video-preview":"max-video-preview:-1"},"canonical":"https:\/\/demokraatlikliikumine.ee\/en\/uurimused\/v-nldl-asub-tegutsema\/","og_locale":"en_US","og_type":"article","og_title":"V NLDL asub tegutsema - Demokraatlik liikumine","og_description":"Sellega j\u00f5udis N Liidu kukutamise teoreetiline t\u00f6\u00f6, v\u00e4hemalt niisuguses mahus, mille Soldatov ja Juskevit\u0161 olid v\u00f5tnud enda kanda, l\u00f5pule. Kavakohaselt","og_url":"https:\/\/demokraatlikliikumine.ee\/en\/uurimused\/v-nldl-asub-tegutsema\/","og_site_name":"Demokraatlik liikumine","article_modified_time":"2021-10-27T19:27:04+00:00","twitter_card":"summary_large_image","twitter_misc":{"Est. reading time":"2 minutes"},"schema":{"@context":"https:\/\/schema.org","@graph":[{"@type":"WebPage","@id":"https:\/\/demokraatlikliikumine.ee\/en\/uurimused\/v-nldl-asub-tegutsema\/","url":"https:\/\/demokraatlikliikumine.ee\/en\/uurimused\/v-nldl-asub-tegutsema\/","name":"V NLDL asub tegutsema - Demokraatlik liikumine","isPartOf":{"@id":"https:\/\/demokraatlikliikumine.ee\/en\/#website"},"datePublished":"2021-08-16T18:48:27+00:00","dateModified":"2021-10-27T19:27:04+00:00","breadcrumb":{"@id":"https:\/\/demokraatlikliikumine.ee\/en\/uurimused\/v-nldl-asub-tegutsema\/#breadcrumb"},"inLanguage":"en-US","potentialAction":[{"@type":"ReadAction","target":["https:\/\/demokraatlikliikumine.ee\/en\/uurimused\/v-nldl-asub-tegutsema\/"]}]},{"@type":"BreadcrumbList","@id":"https:\/\/demokraatlikliikumine.ee\/en\/uurimused\/v-nldl-asub-tegutsema\/#breadcrumb","itemListElement":[{"@type":"ListItem","position":1,"name":"Home","item":"https:\/\/demokraatlikliikumine.ee\/en\/"},{"@type":"ListItem","position":2,"name":"V NLDL asub tegutsema"}]},{"@type":"WebSite","@id":"https:\/\/demokraatlikliikumine.ee\/en\/#website","url":"https:\/\/demokraatlikliikumine.ee\/en\/","name":"Demokraatlik liikumine","description":"Just another WordPress site","potentialAction":[{"@type":"SearchAction","target":{"@type":"EntryPoint","urlTemplate":"https:\/\/demokraatlikliikumine.ee\/en\/?s={search_term_string}"},"query-input":{"@type":"PropertyValueSpecification","valueRequired":true,"valueName":"search_term_string"}}],"inLanguage":"en-US"}]}},"_links":{"self":[{"href":"https:\/\/demokraatlikliikumine.ee\/en\/wp-json\/wp\/v2\/uurimused\/11139","targetHints":{"allow":["GET"]}}],"collection":[{"href":"https:\/\/demokraatlikliikumine.ee\/en\/wp-json\/wp\/v2\/uurimused"}],"about":[{"href":"https:\/\/demokraatlikliikumine.ee\/en\/wp-json\/wp\/v2\/types\/uurimused"}],"version-history":[{"count":3,"href":"https:\/\/demokraatlikliikumine.ee\/en\/wp-json\/wp\/v2\/uurimused\/11139\/revisions"}],"predecessor-version":[{"id":12136,"href":"https:\/\/demokraatlikliikumine.ee\/en\/wp-json\/wp\/v2\/uurimused\/11139\/revisions\/12136"}],"wp:attachment":[{"href":"https:\/\/demokraatlikliikumine.ee\/en\/wp-json\/wp\/v2\/media?parent=11139"}],"wp:term":[{"taxonomy":"autorid","embeddable":true,"href":"https:\/\/demokraatlikliikumine.ee\/en\/wp-json\/wp\/v2\/autorid?post=11139"},{"taxonomy":"aasta","embeddable":true,"href":"https:\/\/demokraatlikliikumine.ee\/en\/wp-json\/wp\/v2\/aasta?post=11139"},{"taxonomy":"valjaanne","embeddable":true,"href":"https:\/\/demokraatlikliikumine.ee\/en\/wp-json\/wp\/v2\/valjaanne?post=11139"}],"curies":[{"name":"wp","href":"https:\/\/api.w.org\/{rel}","templated":true}]}}