{"id":11141,"date":"2021-08-16T18:49:16","date_gmt":"2021-08-16T18:49:16","guid":{"rendered":"https:\/\/demokraatlikliikumine.ee\/?post_type=uurimused&#038;p=11141"},"modified":"2021-10-27T19:27:37","modified_gmt":"2021-10-27T19:27:37","slug":"vi-eesti-rahvusrinne","status":"publish","type":"uurimused","link":"https:\/\/demokraatlikliikumine.ee\/en\/uurimused\/vi-eesti-rahvusrinne\/","title":{"rendered":"VI Eesti Rahvusrinne"},"content":{"rendered":"<p>Ka Eesti-sisene dissidentlik liikumine hoogustus aastal 1971. Soldatov ja Juskevit\u0161 sondeerisid v\u00e4lja inimesed, kes v\u00f5iksid potentsiaalselt kuuluda gruppidesse ja oleksid suutelised neid ka ise moodustama. Eriti soodsalt m\u00f5jus Eesti Filharmoonia s\u00fcmfooniaorkestri direktori Oleg Tjutrjumovi salong, selle k\u00f5rgvaimsusega peremeest k\u00fclastas suur osa eesti kultuuriintelligentsist. Vene v\u00fcrstisoost Tjutrjumovil (isa Igor T. p\u00f5lisest Peterburgi suguv\u00f5sast, ema \u2013 j\u00f5uka eesti talu peret\u00fctar), kes ise pidas end eestlaseks, olid v\u00e4\u00e4rtuslikud sidemed ka Venemaa p\u00f5randaaluse kunsti esindajate seas. ( Soldatov 1999)<br \/>\nS\u00fcgisel 1971 moodustati Eesti Rahvusrinne, mida juhtis arst Arvo Varato. ERR Programmi koostas peamiselt Kalju M\u00e4tik. (M\u00e4tik 1999: 59) Rahvusrinne m\u00e4\u00e4ratles end Eesti demokraatlikult meelestatud organisatsioonide ja \u00fcksikisikute vabatahtliku \u00fchendusena, millel on kaks eesm\u00e4rki: rahvah\u00e4\u00e4letuse l\u00e4biviimine Eesti riikliku seisundi m\u00e4\u00e4ramiseks; omariikluse ja demokraatliku riigikorra taaskehtestamine Eesti territooriumil. Et otsustada, kas Eesti peab saama iseseisvaks v\u00f5i astuma mingisse f\u00f6deratsiooni, tuleb Eestis viia l\u00e4bi rahvah\u00e4\u00e4letus \u00dcRO j\u00e4relvalve all. Juhul, kui selle tulemus langeb iseseisvuse kasuks, m\u00e4\u00e4rab ERR ametisse Ajutise Valitsuse ja viib l\u00e4bi Asutava Kogu valimised, mis seab ametisse riigi valitsuse.<br \/>\nVarato ja M\u00e4tik tegelesid ka demokraatliku liikumise dokumentide t\u00f5lkimisega eesti keelde, samuti nende paljundamise ja levitamisega. Varato koju loodi fotolaboratoorium (Soldatov 1984: 188) \u2013 teksti j\u00e4\u00e4dvustamine filmilindile (mis sai eelk\u00f5ige M\u00e4tiku t\u00f6\u00f6ks) v\u00f5imaldas asendada paljundusprotsessis l\u00e4rmaka kirjutusmasinal \u00fcmbertr\u00fckkimise ilmutamisega pimikus. ERR andis v\u00e4lja kaks numbrit p\u00f5randaalust ajakirja &#8220;Eesti Rahvuslik H\u00e4\u00e4l&#8221;.<br \/>\n&#8220;Eesti Rahvusliku H\u00e4\u00e4le&#8221; artiklid olid tasemelt eba\u00fchtlased. Varato kirjutas peamiselt iluk\u00f5nesse r\u00fc\u00fctatud \u00fcmberjutustusi kas Eesti Vabariigi ajalooraamatusest v\u00f5i Saksa okupatsiooni ajal ilmunud ajalehelugudest. M\u00e4tik teoretiseeris teadlase \u00fclima t\u00f5sidusega (&#8220;Ekspluateerimisest&#8221; jt) v\u00f5i siis, vastupidi, parodeeris l\u00f5ikava iroonia abil (&#8220;Pealik Pekipea troonik\u00f5ne&#8221; Bre\u017enevi kohta). Soldatov uputas probleemid kristlikku kastmesse, p\u00fc\u00fcdes t\u00f5estada headuse ja ilu paratamatut v\u00f5idulep\u00e4\u00e4su: &#8220;Kolm \u00fclimat v\u00e4\u00e4rtust&#8221;. Allkirjadeks ei olnud sageli isegi mitte pseudon\u00fc\u00fcmid (nagu venekeelsete \u00fcllitiste puhul), vaid lihtsalt initsiaalid. (RA, ERAF.129SM.1.29079-1., KD. 3., L. 273.)<br \/>\nEnt kuigi tegemist oli v\u00f5rdlemisi vaoshoitud \u00fcllitisega, oli see totalitaarseid olusid arvestades kahtlemata julgust\u00fckk. Sest m\u00f5te, mis neilt lehek\u00fclgedelt vastu vaatas, oli vaba \u2013 ja vabadus oli see, mida re\u017eiim kartis k\u00f5igest enam. S\u00fc\u00fctuimgi neist tekstidest ei oleks leidnud \u00e4ratr\u00fckkimist ametliku ajakirjanduse veergudel. Kuiv\u00f5rd erinevad olid seisukohad kommunistlikust ideoloogiast, t\u00f5endab kasv\u00f5i t\u00f5ik, et M\u00e4tiku \u00fche tunduvalt leebema haridustemaatilise kirjutise (RA, ERAF.129SM.1.29079-1., KD. 4., L. 114.-117.), mille ta saatis poleemikavastusena ajalehe &#8220;Edasi&#8221; artiklile &#8220;Haridus ja t\u00f6\u00f6tasu&#8221;, l\u00fckkas leht tagasi ning hiljem konfiskeeris KGB selle l\u00e4biotsimisel ja paigutas muu s\u00fc\u00fcdistusmaterjali hulka (M\u00e4tik 2000).<\/p>\n","protected":false},"excerpt":{"rendered":"<p>Ka Eesti-sisene dissidentlik liikumine hoogustus aastal 1971. Soldatov ja Juskevit\u0161 sondeerisid v\u00e4lja inimesed, kes v\u00f5iksid potentsiaalselt kuuluda gruppidesse ja oleksid<\/p>\n","protected":false},"featured_media":0,"parent":0,"menu_order":0,"template":"","format":"standard","meta":{"_acf_changed":false,"footnotes":""},"autorid":[],"aasta":[],"valjaanne":[],"class_list":["post-11141","uurimused","type-uurimused","status-publish","format-standard","hentry"],"acf":[],"yoast_head":"<!-- This site is optimized with the Yoast SEO plugin v25.8 - https:\/\/yoast.com\/wordpress\/plugins\/seo\/ -->\n<title>VI Eesti Rahvusrinne - Demokraatlik liikumine<\/title>\n<meta name=\"robots\" content=\"index, follow, max-snippet:-1, max-image-preview:large, max-video-preview:-1\" \/>\n<link rel=\"canonical\" href=\"https:\/\/demokraatlikliikumine.ee\/en\/uurimused\/vi-eesti-rahvusrinne\/\" \/>\n<meta property=\"og:locale\" content=\"en_US\" \/>\n<meta property=\"og:type\" content=\"article\" \/>\n<meta property=\"og:title\" content=\"VI Eesti Rahvusrinne - Demokraatlik liikumine\" \/>\n<meta property=\"og:description\" content=\"Ka Eesti-sisene dissidentlik liikumine hoogustus aastal 1971. Soldatov ja Juskevit\u0161 sondeerisid v\u00e4lja inimesed, kes v\u00f5iksid potentsiaalselt kuuluda gruppidesse ja oleksid\" \/>\n<meta property=\"og:url\" content=\"https:\/\/demokraatlikliikumine.ee\/en\/uurimused\/vi-eesti-rahvusrinne\/\" \/>\n<meta property=\"og:site_name\" content=\"Demokraatlik liikumine\" \/>\n<meta property=\"article:modified_time\" content=\"2021-10-27T19:27:37+00:00\" \/>\n<meta name=\"twitter:card\" content=\"summary_large_image\" \/>\n<meta name=\"twitter:label1\" content=\"Est. reading time\" \/>\n\t<meta name=\"twitter:data1\" content=\"2 minutes\" \/>\n<script type=\"application\/ld+json\" class=\"yoast-schema-graph\">{\"@context\":\"https:\/\/schema.org\",\"@graph\":[{\"@type\":\"WebPage\",\"@id\":\"https:\/\/demokraatlikliikumine.ee\/en\/uurimused\/vi-eesti-rahvusrinne\/\",\"url\":\"https:\/\/demokraatlikliikumine.ee\/en\/uurimused\/vi-eesti-rahvusrinne\/\",\"name\":\"VI Eesti Rahvusrinne - Demokraatlik liikumine\",\"isPartOf\":{\"@id\":\"https:\/\/demokraatlikliikumine.ee\/en\/#website\"},\"datePublished\":\"2021-08-16T18:49:16+00:00\",\"dateModified\":\"2021-10-27T19:27:37+00:00\",\"breadcrumb\":{\"@id\":\"https:\/\/demokraatlikliikumine.ee\/en\/uurimused\/vi-eesti-rahvusrinne\/#breadcrumb\"},\"inLanguage\":\"en-US\",\"potentialAction\":[{\"@type\":\"ReadAction\",\"target\":[\"https:\/\/demokraatlikliikumine.ee\/en\/uurimused\/vi-eesti-rahvusrinne\/\"]}]},{\"@type\":\"BreadcrumbList\",\"@id\":\"https:\/\/demokraatlikliikumine.ee\/en\/uurimused\/vi-eesti-rahvusrinne\/#breadcrumb\",\"itemListElement\":[{\"@type\":\"ListItem\",\"position\":1,\"name\":\"Home\",\"item\":\"https:\/\/demokraatlikliikumine.ee\/en\/\"},{\"@type\":\"ListItem\",\"position\":2,\"name\":\"VI Eesti Rahvusrinne\"}]},{\"@type\":\"WebSite\",\"@id\":\"https:\/\/demokraatlikliikumine.ee\/en\/#website\",\"url\":\"https:\/\/demokraatlikliikumine.ee\/en\/\",\"name\":\"Demokraatlik liikumine\",\"description\":\"Just another WordPress site\",\"potentialAction\":[{\"@type\":\"SearchAction\",\"target\":{\"@type\":\"EntryPoint\",\"urlTemplate\":\"https:\/\/demokraatlikliikumine.ee\/en\/?s={search_term_string}\"},\"query-input\":{\"@type\":\"PropertyValueSpecification\",\"valueRequired\":true,\"valueName\":\"search_term_string\"}}],\"inLanguage\":\"en-US\"}]}<\/script>\n<!-- \/ Yoast SEO plugin. -->","yoast_head_json":{"title":"VI Eesti Rahvusrinne - Demokraatlik liikumine","robots":{"index":"index","follow":"follow","max-snippet":"max-snippet:-1","max-image-preview":"max-image-preview:large","max-video-preview":"max-video-preview:-1"},"canonical":"https:\/\/demokraatlikliikumine.ee\/en\/uurimused\/vi-eesti-rahvusrinne\/","og_locale":"en_US","og_type":"article","og_title":"VI Eesti Rahvusrinne - Demokraatlik liikumine","og_description":"Ka Eesti-sisene dissidentlik liikumine hoogustus aastal 1971. Soldatov ja Juskevit\u0161 sondeerisid v\u00e4lja inimesed, kes v\u00f5iksid potentsiaalselt kuuluda gruppidesse ja oleksid","og_url":"https:\/\/demokraatlikliikumine.ee\/en\/uurimused\/vi-eesti-rahvusrinne\/","og_site_name":"Demokraatlik liikumine","article_modified_time":"2021-10-27T19:27:37+00:00","twitter_card":"summary_large_image","twitter_misc":{"Est. reading time":"2 minutes"},"schema":{"@context":"https:\/\/schema.org","@graph":[{"@type":"WebPage","@id":"https:\/\/demokraatlikliikumine.ee\/en\/uurimused\/vi-eesti-rahvusrinne\/","url":"https:\/\/demokraatlikliikumine.ee\/en\/uurimused\/vi-eesti-rahvusrinne\/","name":"VI Eesti Rahvusrinne - Demokraatlik liikumine","isPartOf":{"@id":"https:\/\/demokraatlikliikumine.ee\/en\/#website"},"datePublished":"2021-08-16T18:49:16+00:00","dateModified":"2021-10-27T19:27:37+00:00","breadcrumb":{"@id":"https:\/\/demokraatlikliikumine.ee\/en\/uurimused\/vi-eesti-rahvusrinne\/#breadcrumb"},"inLanguage":"en-US","potentialAction":[{"@type":"ReadAction","target":["https:\/\/demokraatlikliikumine.ee\/en\/uurimused\/vi-eesti-rahvusrinne\/"]}]},{"@type":"BreadcrumbList","@id":"https:\/\/demokraatlikliikumine.ee\/en\/uurimused\/vi-eesti-rahvusrinne\/#breadcrumb","itemListElement":[{"@type":"ListItem","position":1,"name":"Home","item":"https:\/\/demokraatlikliikumine.ee\/en\/"},{"@type":"ListItem","position":2,"name":"VI Eesti Rahvusrinne"}]},{"@type":"WebSite","@id":"https:\/\/demokraatlikliikumine.ee\/en\/#website","url":"https:\/\/demokraatlikliikumine.ee\/en\/","name":"Demokraatlik liikumine","description":"Just another WordPress site","potentialAction":[{"@type":"SearchAction","target":{"@type":"EntryPoint","urlTemplate":"https:\/\/demokraatlikliikumine.ee\/en\/?s={search_term_string}"},"query-input":{"@type":"PropertyValueSpecification","valueRequired":true,"valueName":"search_term_string"}}],"inLanguage":"en-US"}]}},"_links":{"self":[{"href":"https:\/\/demokraatlikliikumine.ee\/en\/wp-json\/wp\/v2\/uurimused\/11141","targetHints":{"allow":["GET"]}}],"collection":[{"href":"https:\/\/demokraatlikliikumine.ee\/en\/wp-json\/wp\/v2\/uurimused"}],"about":[{"href":"https:\/\/demokraatlikliikumine.ee\/en\/wp-json\/wp\/v2\/types\/uurimused"}],"version-history":[{"count":3,"href":"https:\/\/demokraatlikliikumine.ee\/en\/wp-json\/wp\/v2\/uurimused\/11141\/revisions"}],"predecessor-version":[{"id":12137,"href":"https:\/\/demokraatlikliikumine.ee\/en\/wp-json\/wp\/v2\/uurimused\/11141\/revisions\/12137"}],"wp:attachment":[{"href":"https:\/\/demokraatlikliikumine.ee\/en\/wp-json\/wp\/v2\/media?parent=11141"}],"wp:term":[{"taxonomy":"autorid","embeddable":true,"href":"https:\/\/demokraatlikliikumine.ee\/en\/wp-json\/wp\/v2\/autorid?post=11141"},{"taxonomy":"aasta","embeddable":true,"href":"https:\/\/demokraatlikliikumine.ee\/en\/wp-json\/wp\/v2\/aasta?post=11141"},{"taxonomy":"valjaanne","embeddable":true,"href":"https:\/\/demokraatlikliikumine.ee\/en\/wp-json\/wp\/v2\/valjaanne?post=11141"}],"curies":[{"name":"wp","href":"https:\/\/api.w.org\/{rel}","templated":true}]}}