{"id":11145,"date":"2021-08-16T18:50:29","date_gmt":"2021-08-16T18:50:29","guid":{"rendered":"https:\/\/demokraatlikliikumine.ee\/?post_type=uurimused&#038;p=11145"},"modified":"2021-10-27T19:31:56","modified_gmt":"2021-10-27T19:31:56","slug":"viii-eesti-demokraatliku-liikumise-algus","status":"publish","type":"uurimused","link":"https:\/\/demokraatlikliikumine.ee\/en\/uurimused\/viii-eesti-demokraatliku-liikumise-algus\/","title":{"rendered":"VIII Eesti Demokraatliku Liikumise algus"},"content":{"rendered":"<p>Erimeelsuste t\u00f5ttu j\u00e4i ERR-i senine programm kehtima. Ent Juskevit\u0161i ja Kiirendi algatusel moodustati juurde teine r\u00fchmitus: Eesti Demokraatlik Liikumine, mille programmi kohe hakati koostama. Selles t\u00f6\u00f6s osalesid p\u00f5hij\u00f5ududena veel Soldatov ja M\u00e4tik. Siin kulusid NLDL p\u00f5hidokumentide autorite kogemused marjaks \u00e4ra.<br \/>\nNLDL-i programmdokumendid olid t\u00e4ielikult allutatud s\u00f5numile ja ideele, et n\u00f5ukogude totalitarism on r\u00f5hutud rahvaste k\u00f5ikide h\u00e4dade algp\u00f5hjus ja tuleb kui loomuvastane ning kuritegelik re\u017eiim h\u00e4vitada N Liidu rahvaste \u00fchisel j\u00f5ul.<br \/>\nEesti rahvuslaste unistuseks on ikka olnud vaba ja s\u00f5ltumatu Eesti Vabariigi taastamine. Eesti demokraatidel oli selge, et \u00fchelgi N Liidu rahval ei \u00f5nnestu end \u00fcksi vabaks rabeleda. Seep\u00e4rast panid nad t\u00f5sise panuse NLDL \u00fchisv\u00f5itluse ideele ja otsustasid koostada sellise programmi, mis oleks \u00fcleskutseks ning eeskujuks ka teistele rahvastele, nende rahvusliku vastupanuv\u00f5itluse hoogustamiseks ja v\u00f5imalikuks j\u00f5udude \u00fchendamiseks (Kiirend 2000).<br \/>\nLahkhelid suhtumises rahvusk\u00fcsimusse otsustati k\u00f5rvaldada ERR-i ja EDL-i \u00fchiste seisukohtade fikseerimise abil. Aluseks v\u00f5eti artikkel &#8220;Vene kolonialism ja rahvuste probleemid&#8221; ja kohandati see Eesti tingimustele.<br \/>\nVenekeelse ajakirja &#8220;Demokrat&#8221; k\u00f5rvale rajati &#8220;Eesti Demokraat&#8221;, mille esimese numbri toimetas Varato (Varato tunnistus, RA, ERAF.129SM.1.29079-1., KD. 17., L. 69.). Varjunime Iskander all ilmus Soldatovi s\u00fcdametunnistusele koputav m\u00f5tisklus &#8220;Vabadus, inimene, isiksus&#8221;. Varato koostas j\u00e4rjekordse ajalooteemalise \u00fcmberjutustuse, k\u00e4sitledes seekord Eesti ja Venemaa vahel 1939. aastal s\u00f5lmitud &#8220;baaside lepingut&#8221;. Need kirjutised moodustasid kogutekstist umbes poole.<br \/>\nKuue l\u00fchema kaast\u00f6\u00f6ga oli seotud M\u00e4tik. Enamik neist kajastasid EDL-i programmi alged, sh &#8220;\u00dchiskonna arengust&#8221; ja &#8220;Informatsioonist&#8221; valmisid koost\u00f6\u00f6s Juskevit\u0161iga. Viimases t\u00f5deti, et tsensuur on N Liidus \u00fcletanud isegi inkvisitsiooniaegsed m\u00f5\u00f5tmed, ja leiti, et &#8220;tsensuuri kehtestamine ajakirjanduse, t\u00e4nap\u00e4eval aga ka raadio ja televisiooni \u00fcle, kui seda tehakse rahuaja tingimustes, on kindlaks tundem\u00e4rgiks, et antud riigis p\u00fc\u00fcavad v\u00f5imulolevad klikid ajaloo arengut peatada. Inkvisitsiooni tuleriidad, kus p\u00f5letati teisitim\u00f5tlejaid, said v\u00f5imalikuks eelk\u00f5ige t\u00e4nu inkvisitsioonile vaimsel alal \u2013 t\u00e4nu rahva hoidmisele vaimupimeduses ja teadmatuses.&#8221; (RA, ERAF.129SM.1.29079-1., KD. 4., L. 106.-107.)<br \/>\nP\u00e4rast seda, kui Kiirendil \u00f5nnestus rahvusliku meelsusega tuttava kaudu salaja kasutada Pedagoogilise Instituudi foto-laboratooriumit (Kiirendi tunnistus, RA, ERAF.129SM.1.29079-1., KD. 27., L. 23.), kaotas Varato t\u00e4htsuse tekstide paljundajana. Ka ajakirja hakkas toimetama Kiirend (Kiirendi tunnistus, RA, ERAF.129SM.1.29079-1., KD. 27., L. 93.-95.) &#8220;Eesti Demokraadi&#8221; j\u00e4rgmine number oli koosta-tud hoopis teistsuguse maitse j\u00e4rgi, selles avaldasid end p\u00f5hiliselt vaid M\u00e4tik, Juskevit\u0161 ja Kiirend. (RA, ERAF.129SM.1.29079-1., KD. 40., L. 100.-114.)<\/p>\n","protected":false},"excerpt":{"rendered":"<p>Erimeelsuste t\u00f5ttu j\u00e4i ERR-i senine programm kehtima. Ent Juskevit\u0161i ja Kiirendi algatusel moodustati juurde teine r\u00fchmitus: Eesti Demokraatlik Liikumine, mille<\/p>\n","protected":false},"featured_media":0,"parent":0,"menu_order":0,"template":"","format":"standard","meta":{"_acf_changed":false,"footnotes":""},"autorid":[],"aasta":[],"valjaanne":[],"class_list":["post-11145","uurimused","type-uurimused","status-publish","format-standard","hentry"],"acf":[],"yoast_head":"<!-- This site is optimized with the Yoast SEO plugin v25.8 - https:\/\/yoast.com\/wordpress\/plugins\/seo\/ -->\n<title>VIII Eesti Demokraatliku Liikumise algus - Demokraatlik liikumine<\/title>\n<meta name=\"robots\" content=\"index, follow, max-snippet:-1, max-image-preview:large, max-video-preview:-1\" \/>\n<link rel=\"canonical\" href=\"https:\/\/demokraatlikliikumine.ee\/en\/uurimused\/viii-eesti-demokraatliku-liikumise-algus\/\" \/>\n<meta property=\"og:locale\" content=\"en_US\" \/>\n<meta property=\"og:type\" content=\"article\" \/>\n<meta property=\"og:title\" content=\"VIII Eesti Demokraatliku Liikumise algus - Demokraatlik liikumine\" \/>\n<meta property=\"og:description\" content=\"Erimeelsuste t\u00f5ttu j\u00e4i ERR-i senine programm kehtima. Ent Juskevit\u0161i ja Kiirendi algatusel moodustati juurde teine r\u00fchmitus: Eesti Demokraatlik Liikumine, mille\" \/>\n<meta property=\"og:url\" content=\"https:\/\/demokraatlikliikumine.ee\/en\/uurimused\/viii-eesti-demokraatliku-liikumise-algus\/\" \/>\n<meta property=\"og:site_name\" content=\"Demokraatlik liikumine\" \/>\n<meta property=\"article:modified_time\" content=\"2021-10-27T19:31:56+00:00\" \/>\n<meta name=\"twitter:card\" content=\"summary_large_image\" \/>\n<meta name=\"twitter:label1\" content=\"Est. reading time\" \/>\n\t<meta name=\"twitter:data1\" content=\"2 minutes\" \/>\n<script type=\"application\/ld+json\" class=\"yoast-schema-graph\">{\"@context\":\"https:\/\/schema.org\",\"@graph\":[{\"@type\":\"WebPage\",\"@id\":\"https:\/\/demokraatlikliikumine.ee\/en\/uurimused\/viii-eesti-demokraatliku-liikumise-algus\/\",\"url\":\"https:\/\/demokraatlikliikumine.ee\/en\/uurimused\/viii-eesti-demokraatliku-liikumise-algus\/\",\"name\":\"VIII Eesti Demokraatliku Liikumise algus - Demokraatlik liikumine\",\"isPartOf\":{\"@id\":\"https:\/\/demokraatlikliikumine.ee\/en\/#website\"},\"datePublished\":\"2021-08-16T18:50:29+00:00\",\"dateModified\":\"2021-10-27T19:31:56+00:00\",\"breadcrumb\":{\"@id\":\"https:\/\/demokraatlikliikumine.ee\/en\/uurimused\/viii-eesti-demokraatliku-liikumise-algus\/#breadcrumb\"},\"inLanguage\":\"en-US\",\"potentialAction\":[{\"@type\":\"ReadAction\",\"target\":[\"https:\/\/demokraatlikliikumine.ee\/en\/uurimused\/viii-eesti-demokraatliku-liikumise-algus\/\"]}]},{\"@type\":\"BreadcrumbList\",\"@id\":\"https:\/\/demokraatlikliikumine.ee\/en\/uurimused\/viii-eesti-demokraatliku-liikumise-algus\/#breadcrumb\",\"itemListElement\":[{\"@type\":\"ListItem\",\"position\":1,\"name\":\"Home\",\"item\":\"https:\/\/demokraatlikliikumine.ee\/en\/\"},{\"@type\":\"ListItem\",\"position\":2,\"name\":\"VIII Eesti Demokraatliku Liikumise algus\"}]},{\"@type\":\"WebSite\",\"@id\":\"https:\/\/demokraatlikliikumine.ee\/en\/#website\",\"url\":\"https:\/\/demokraatlikliikumine.ee\/en\/\",\"name\":\"Demokraatlik liikumine\",\"description\":\"Just another WordPress site\",\"potentialAction\":[{\"@type\":\"SearchAction\",\"target\":{\"@type\":\"EntryPoint\",\"urlTemplate\":\"https:\/\/demokraatlikliikumine.ee\/en\/?s={search_term_string}\"},\"query-input\":{\"@type\":\"PropertyValueSpecification\",\"valueRequired\":true,\"valueName\":\"search_term_string\"}}],\"inLanguage\":\"en-US\"}]}<\/script>\n<!-- \/ Yoast SEO plugin. -->","yoast_head_json":{"title":"VIII Eesti Demokraatliku Liikumise algus - Demokraatlik liikumine","robots":{"index":"index","follow":"follow","max-snippet":"max-snippet:-1","max-image-preview":"max-image-preview:large","max-video-preview":"max-video-preview:-1"},"canonical":"https:\/\/demokraatlikliikumine.ee\/en\/uurimused\/viii-eesti-demokraatliku-liikumise-algus\/","og_locale":"en_US","og_type":"article","og_title":"VIII Eesti Demokraatliku Liikumise algus - Demokraatlik liikumine","og_description":"Erimeelsuste t\u00f5ttu j\u00e4i ERR-i senine programm kehtima. Ent Juskevit\u0161i ja Kiirendi algatusel moodustati juurde teine r\u00fchmitus: Eesti Demokraatlik Liikumine, mille","og_url":"https:\/\/demokraatlikliikumine.ee\/en\/uurimused\/viii-eesti-demokraatliku-liikumise-algus\/","og_site_name":"Demokraatlik liikumine","article_modified_time":"2021-10-27T19:31:56+00:00","twitter_card":"summary_large_image","twitter_misc":{"Est. reading time":"2 minutes"},"schema":{"@context":"https:\/\/schema.org","@graph":[{"@type":"WebPage","@id":"https:\/\/demokraatlikliikumine.ee\/en\/uurimused\/viii-eesti-demokraatliku-liikumise-algus\/","url":"https:\/\/demokraatlikliikumine.ee\/en\/uurimused\/viii-eesti-demokraatliku-liikumise-algus\/","name":"VIII Eesti Demokraatliku Liikumise algus - Demokraatlik liikumine","isPartOf":{"@id":"https:\/\/demokraatlikliikumine.ee\/en\/#website"},"datePublished":"2021-08-16T18:50:29+00:00","dateModified":"2021-10-27T19:31:56+00:00","breadcrumb":{"@id":"https:\/\/demokraatlikliikumine.ee\/en\/uurimused\/viii-eesti-demokraatliku-liikumise-algus\/#breadcrumb"},"inLanguage":"en-US","potentialAction":[{"@type":"ReadAction","target":["https:\/\/demokraatlikliikumine.ee\/en\/uurimused\/viii-eesti-demokraatliku-liikumise-algus\/"]}]},{"@type":"BreadcrumbList","@id":"https:\/\/demokraatlikliikumine.ee\/en\/uurimused\/viii-eesti-demokraatliku-liikumise-algus\/#breadcrumb","itemListElement":[{"@type":"ListItem","position":1,"name":"Home","item":"https:\/\/demokraatlikliikumine.ee\/en\/"},{"@type":"ListItem","position":2,"name":"VIII Eesti Demokraatliku Liikumise algus"}]},{"@type":"WebSite","@id":"https:\/\/demokraatlikliikumine.ee\/en\/#website","url":"https:\/\/demokraatlikliikumine.ee\/en\/","name":"Demokraatlik liikumine","description":"Just another WordPress site","potentialAction":[{"@type":"SearchAction","target":{"@type":"EntryPoint","urlTemplate":"https:\/\/demokraatlikliikumine.ee\/en\/?s={search_term_string}"},"query-input":{"@type":"PropertyValueSpecification","valueRequired":true,"valueName":"search_term_string"}}],"inLanguage":"en-US"}]}},"_links":{"self":[{"href":"https:\/\/demokraatlikliikumine.ee\/en\/wp-json\/wp\/v2\/uurimused\/11145","targetHints":{"allow":["GET"]}}],"collection":[{"href":"https:\/\/demokraatlikliikumine.ee\/en\/wp-json\/wp\/v2\/uurimused"}],"about":[{"href":"https:\/\/demokraatlikliikumine.ee\/en\/wp-json\/wp\/v2\/types\/uurimused"}],"version-history":[{"count":3,"href":"https:\/\/demokraatlikliikumine.ee\/en\/wp-json\/wp\/v2\/uurimused\/11145\/revisions"}],"predecessor-version":[{"id":12139,"href":"https:\/\/demokraatlikliikumine.ee\/en\/wp-json\/wp\/v2\/uurimused\/11145\/revisions\/12139"}],"wp:attachment":[{"href":"https:\/\/demokraatlikliikumine.ee\/en\/wp-json\/wp\/v2\/media?parent=11145"}],"wp:term":[{"taxonomy":"autorid","embeddable":true,"href":"https:\/\/demokraatlikliikumine.ee\/en\/wp-json\/wp\/v2\/autorid?post=11145"},{"taxonomy":"aasta","embeddable":true,"href":"https:\/\/demokraatlikliikumine.ee\/en\/wp-json\/wp\/v2\/aasta?post=11145"},{"taxonomy":"valjaanne","embeddable":true,"href":"https:\/\/demokraatlikliikumine.ee\/en\/wp-json\/wp\/v2\/valjaanne?post=11145"}],"curies":[{"name":"wp","href":"https:\/\/api.w.org\/{rel}","templated":true}]}}