{"id":11153,"date":"2021-08-16T18:52:39","date_gmt":"2021-08-16T18:52:39","guid":{"rendered":"https:\/\/demokraatlikliikumine.ee\/?post_type=uurimused&#038;p=11153"},"modified":"2021-10-27T19:35:03","modified_gmt":"2021-10-27T19:35:03","slug":"xii-edl-programm","status":"publish","type":"uurimused","link":"https:\/\/demokraatlikliikumine.ee\/en\/uurimused\/xii-edl-programm\/","title":{"rendered":"XII EDL Programm"},"content":{"rendered":"<p>Programmi koostamise k\u00e4igus vallandus maailmavaateline konflikt \u2013 l\u00f5id v\u00e4lja Soldatovi ja Juskevit\u0161i erimeelsused filosoofilistes k\u00fcsimustes. Esimene oli s\u00fcgavalt religioosne inimene ja kirjutas EDL Programmi jaoks eetikapeat\u00fcki, kus v\u00e4itis, et eetika on kogu eksistentsi religioosne alusprintsiip, mis on lahutamatult seotud kirikuga, teine propageeris vaba-demokraatiat ja loodus\u00f5iguslikku loomulikku \u00f5igust. (Kiirend 2000).<br \/>\nProgrammi valminud osad korjas kokku ja s\u00fcstematiseeris Kiirend, kes pooldas Juskevit\u0161it, samasse suunda kaldus ka M\u00e4tik (Soldatov 2000). Soldatov selgitas, et \u00f5iguslikud v\u00e4\u00e4rtused ilma eetilisteta, Vabadus ilma Armastuseta t\u00e4hendab vormi ilma sisuta, ning Juskevit\u0161 ja ta m\u00f5jualused kavandavad \u00fchiskonnale katastroofilist arenguteed (Soldatov 1999), kuid teiste arvates oli eetikat tekstis juba piisavalt arvestatud. Religioossete veendumustega Varato oli aga viimasel ajal distantseerunud. (RA, ERAF.129SM.1.29079-1., KD. 16., L. 192.)<br \/>\nTulemuseks oli, et EDL Programmis on usutemaatikale p\u00fchendatud peat\u00fckk l\u00fchike ja v\u00e4he\u00fctlev, ent sedav\u00f5rd mahukam on t\u00e4helepanu loodus\u00f5iguse filosoofiale. Sellele voolule pani 18. sajandi keskel aluse Louis XV \u00f5ukonnaarst Quesnay, kelle arvates valitseb nii looduses kui ka inimlike emotsioonide maailmas \u00fchtne seadusp\u00e4rasus ehk loomulik kord. Mida l\u00e4hemal on inimeste impulsid loodus-seadustele, seda lihtsamalt on saavutatav \u00fcldine h\u00fcve kui loomise eesm\u00e4rk. Sellal kui positiivne \u00f5igus muutub, on loomulik \u00f5igus liikumatu, p\u00fcsiv, absoluutne. (Kuznetsov 1988: 95-96)<br \/>\nProgrammi kavandi paisudes seisti silmitsi t\u00f5demusega, et taktikalistel alustel ei ole m\u00f5tet, kui puudub strateegia. T\u00e4helepanu juhtimine strateegiale oli aga juba p\u00f5him\u00f5tteline edasiarendus v\u00f5rrel-des NLDL-i seisukohtadega.<br \/>\nSel ajaj\u00e4rgul pandi paika EDL-i p\u00f5hidokumentide struktuur. \u00dcldine ideestik pidi moodustama EDL Programmi (koodnimega Suur Siga) \u2013 vabadusv\u00f5itluse v\u00f5imalikult t\u00e4iusliku teoreetilise raami. Ent EDL Strateegia ja Taktika pidi olema nagu saatuslik Must Kass, kelle pahaendeline ilmumine n\u00f5ukogude re\u017eiimi teele tekitab paanikat ning l\u00f6\u00f6b ta l\u00f5puks jalust (Kiirend 1999: 38).<br \/>\nOktoobris 1972, kuu aega p\u00e4rast \u00dcRO-le saadetava memorandumi (selle koodnimeks oli V\u00e4ike Siga) valmimist, v\u00f5eti EDL Programm l\u00e4himate asjaosaliste salakoosolekul vastu (RA, ERAF.129SM.1.29079-1., KD. 27., L. 88.). See koosnes 369 teesist ja andis v\u00e4lja bro\u0161\u00fc\u00fcri m\u00f5\u00f5du. Programmist sai &#8220;Eesti Demokraadi&#8221; erinumber. Kuid sellega Eesti dissidentide laiahaardeline tegevus l\u00f5ppes.<\/p>\n","protected":false},"excerpt":{"rendered":"<p>Programmi koostamise k\u00e4igus vallandus maailmavaateline konflikt \u2013 l\u00f5id v\u00e4lja Soldatovi ja Juskevit\u0161i erimeelsused filosoofilistes k\u00fcsimustes. Esimene oli s\u00fcgavalt religioosne inimene<\/p>\n","protected":false},"featured_media":0,"parent":0,"menu_order":0,"template":"","format":"standard","meta":{"_acf_changed":false,"footnotes":""},"autorid":[],"aasta":[],"valjaanne":[],"class_list":["post-11153","uurimused","type-uurimused","status-publish","format-standard","hentry"],"acf":[],"yoast_head":"<!-- This site is optimized with the Yoast SEO plugin v25.8 - https:\/\/yoast.com\/wordpress\/plugins\/seo\/ -->\n<title>XII EDL Programm - Demokraatlik liikumine<\/title>\n<meta name=\"robots\" content=\"index, follow, max-snippet:-1, max-image-preview:large, max-video-preview:-1\" \/>\n<link rel=\"canonical\" href=\"https:\/\/demokraatlikliikumine.ee\/en\/uurimused\/xii-edl-programm\/\" \/>\n<meta property=\"og:locale\" content=\"en_US\" \/>\n<meta property=\"og:type\" content=\"article\" \/>\n<meta property=\"og:title\" content=\"XII EDL Programm - Demokraatlik liikumine\" \/>\n<meta property=\"og:description\" content=\"Programmi koostamise k\u00e4igus vallandus maailmavaateline konflikt \u2013 l\u00f5id v\u00e4lja Soldatovi ja Juskevit\u0161i erimeelsused filosoofilistes k\u00fcsimustes. Esimene oli s\u00fcgavalt religioosne inimene\" \/>\n<meta property=\"og:url\" content=\"https:\/\/demokraatlikliikumine.ee\/en\/uurimused\/xii-edl-programm\/\" \/>\n<meta property=\"og:site_name\" content=\"Demokraatlik liikumine\" \/>\n<meta property=\"article:modified_time\" content=\"2021-10-27T19:35:03+00:00\" \/>\n<meta name=\"twitter:card\" content=\"summary_large_image\" \/>\n<meta name=\"twitter:label1\" content=\"Est. reading time\" \/>\n\t<meta name=\"twitter:data1\" content=\"2 minutes\" \/>\n<script type=\"application\/ld+json\" class=\"yoast-schema-graph\">{\"@context\":\"https:\/\/schema.org\",\"@graph\":[{\"@type\":\"WebPage\",\"@id\":\"https:\/\/demokraatlikliikumine.ee\/en\/uurimused\/xii-edl-programm\/\",\"url\":\"https:\/\/demokraatlikliikumine.ee\/en\/uurimused\/xii-edl-programm\/\",\"name\":\"XII EDL Programm - Demokraatlik liikumine\",\"isPartOf\":{\"@id\":\"https:\/\/demokraatlikliikumine.ee\/en\/#website\"},\"datePublished\":\"2021-08-16T18:52:39+00:00\",\"dateModified\":\"2021-10-27T19:35:03+00:00\",\"breadcrumb\":{\"@id\":\"https:\/\/demokraatlikliikumine.ee\/en\/uurimused\/xii-edl-programm\/#breadcrumb\"},\"inLanguage\":\"en-US\",\"potentialAction\":[{\"@type\":\"ReadAction\",\"target\":[\"https:\/\/demokraatlikliikumine.ee\/en\/uurimused\/xii-edl-programm\/\"]}]},{\"@type\":\"BreadcrumbList\",\"@id\":\"https:\/\/demokraatlikliikumine.ee\/en\/uurimused\/xii-edl-programm\/#breadcrumb\",\"itemListElement\":[{\"@type\":\"ListItem\",\"position\":1,\"name\":\"Home\",\"item\":\"https:\/\/demokraatlikliikumine.ee\/en\/\"},{\"@type\":\"ListItem\",\"position\":2,\"name\":\"XII EDL Programm\"}]},{\"@type\":\"WebSite\",\"@id\":\"https:\/\/demokraatlikliikumine.ee\/en\/#website\",\"url\":\"https:\/\/demokraatlikliikumine.ee\/en\/\",\"name\":\"Demokraatlik liikumine\",\"description\":\"Just another WordPress site\",\"potentialAction\":[{\"@type\":\"SearchAction\",\"target\":{\"@type\":\"EntryPoint\",\"urlTemplate\":\"https:\/\/demokraatlikliikumine.ee\/en\/?s={search_term_string}\"},\"query-input\":{\"@type\":\"PropertyValueSpecification\",\"valueRequired\":true,\"valueName\":\"search_term_string\"}}],\"inLanguage\":\"en-US\"}]}<\/script>\n<!-- \/ Yoast SEO plugin. -->","yoast_head_json":{"title":"XII EDL Programm - Demokraatlik liikumine","robots":{"index":"index","follow":"follow","max-snippet":"max-snippet:-1","max-image-preview":"max-image-preview:large","max-video-preview":"max-video-preview:-1"},"canonical":"https:\/\/demokraatlikliikumine.ee\/en\/uurimused\/xii-edl-programm\/","og_locale":"en_US","og_type":"article","og_title":"XII EDL Programm - Demokraatlik liikumine","og_description":"Programmi koostamise k\u00e4igus vallandus maailmavaateline konflikt \u2013 l\u00f5id v\u00e4lja Soldatovi ja Juskevit\u0161i erimeelsused filosoofilistes k\u00fcsimustes. Esimene oli s\u00fcgavalt religioosne inimene","og_url":"https:\/\/demokraatlikliikumine.ee\/en\/uurimused\/xii-edl-programm\/","og_site_name":"Demokraatlik liikumine","article_modified_time":"2021-10-27T19:35:03+00:00","twitter_card":"summary_large_image","twitter_misc":{"Est. reading time":"2 minutes"},"schema":{"@context":"https:\/\/schema.org","@graph":[{"@type":"WebPage","@id":"https:\/\/demokraatlikliikumine.ee\/en\/uurimused\/xii-edl-programm\/","url":"https:\/\/demokraatlikliikumine.ee\/en\/uurimused\/xii-edl-programm\/","name":"XII EDL Programm - Demokraatlik liikumine","isPartOf":{"@id":"https:\/\/demokraatlikliikumine.ee\/en\/#website"},"datePublished":"2021-08-16T18:52:39+00:00","dateModified":"2021-10-27T19:35:03+00:00","breadcrumb":{"@id":"https:\/\/demokraatlikliikumine.ee\/en\/uurimused\/xii-edl-programm\/#breadcrumb"},"inLanguage":"en-US","potentialAction":[{"@type":"ReadAction","target":["https:\/\/demokraatlikliikumine.ee\/en\/uurimused\/xii-edl-programm\/"]}]},{"@type":"BreadcrumbList","@id":"https:\/\/demokraatlikliikumine.ee\/en\/uurimused\/xii-edl-programm\/#breadcrumb","itemListElement":[{"@type":"ListItem","position":1,"name":"Home","item":"https:\/\/demokraatlikliikumine.ee\/en\/"},{"@type":"ListItem","position":2,"name":"XII EDL Programm"}]},{"@type":"WebSite","@id":"https:\/\/demokraatlikliikumine.ee\/en\/#website","url":"https:\/\/demokraatlikliikumine.ee\/en\/","name":"Demokraatlik liikumine","description":"Just another WordPress site","potentialAction":[{"@type":"SearchAction","target":{"@type":"EntryPoint","urlTemplate":"https:\/\/demokraatlikliikumine.ee\/en\/?s={search_term_string}"},"query-input":{"@type":"PropertyValueSpecification","valueRequired":true,"valueName":"search_term_string"}}],"inLanguage":"en-US"}]}},"_links":{"self":[{"href":"https:\/\/demokraatlikliikumine.ee\/en\/wp-json\/wp\/v2\/uurimused\/11153","targetHints":{"allow":["GET"]}}],"collection":[{"href":"https:\/\/demokraatlikliikumine.ee\/en\/wp-json\/wp\/v2\/uurimused"}],"about":[{"href":"https:\/\/demokraatlikliikumine.ee\/en\/wp-json\/wp\/v2\/types\/uurimused"}],"version-history":[{"count":3,"href":"https:\/\/demokraatlikliikumine.ee\/en\/wp-json\/wp\/v2\/uurimused\/11153\/revisions"}],"predecessor-version":[{"id":12143,"href":"https:\/\/demokraatlikliikumine.ee\/en\/wp-json\/wp\/v2\/uurimused\/11153\/revisions\/12143"}],"wp:attachment":[{"href":"https:\/\/demokraatlikliikumine.ee\/en\/wp-json\/wp\/v2\/media?parent=11153"}],"wp:term":[{"taxonomy":"autorid","embeddable":true,"href":"https:\/\/demokraatlikliikumine.ee\/en\/wp-json\/wp\/v2\/autorid?post=11153"},{"taxonomy":"aasta","embeddable":true,"href":"https:\/\/demokraatlikliikumine.ee\/en\/wp-json\/wp\/v2\/aasta?post=11153"},{"taxonomy":"valjaanne","embeddable":true,"href":"https:\/\/demokraatlikliikumine.ee\/en\/wp-json\/wp\/v2\/valjaanne?post=11153"}],"curies":[{"name":"wp","href":"https:\/\/api.w.org\/{rel}","templated":true}]}}