{"id":11161,"date":"2021-08-16T18:54:47","date_gmt":"2021-08-16T18:54:47","guid":{"rendered":"https:\/\/demokraatlikliikumine.ee\/?post_type=uurimused&#038;p=11161"},"modified":"2021-10-27T19:38:20","modified_gmt":"2021-10-27T19:38:20","slug":"xvi-eesti-rahvuslik-vastupanuliikumine","status":"publish","type":"uurimused","link":"https:\/\/demokraatlikliikumine.ee\/en\/uurimused\/xvi-eesti-rahvuslik-vastupanuliikumine\/","title":{"rendered":"XVI Eesti rahvuslik vastupanuliikumine"},"content":{"rendered":"<p>Suvel 1973 taastas Juskevit\u0161 suhted Varatoga (Varato tunnistus, RA, ERAF.129SM.1.29079-1., KD. 16., L. 171.). Viimane innustuski m\u00f5neks ajaks EDL-i tegevusest, kuid j\u00e4i p\u00e4rast \u00fcht ebav\u00e4\u00e4rika k\u00e4itumise intsidenti ja \u00fclekuulamist KGB-s peatselt taas k\u00f5rvale. EDL-i liikmed t\u00f5mbasid seej\u00e4rel Varato liistule, kahtlustades, et ta ostis vabaduse mingisuguse salakokkuleppe varal, kuid viimane eitas. (Kiirend 2000)<br \/>\nKuna EDL-i rong oli l\u00e4inud, l\u00f5i Varato Eesti Rahvusliku Vastupanuliikumise, mis deklareeris, et tegutseb ERR-i koosseisus ja valmistub pikaajaliseks v\u00f5itluseks n\u00f5ukogude totalitaarre\u017eiimi kukutamise nimel. Esma\u00fclesandeks pidi olema eestlaste koondamine \u00fchiseks v\u00f5itluseks oma iseseisva rahvusriigi nimel \u2013 k\u00f5igepealt laialdase passiivse vastupanu n\u00e4ol, aga siis minnes \u00fcle aktiivsele re\u017eiimikukutamisele k\u00f5ikjal ja k\u00f5iki vahendeid kasutades. P\u00e4rast v\u00f5itu pidi ERVL n\u00f5udma eestlasi m\u00f5rvanud, k\u00fc\u00fcditanud ja muul viisil vaenanud isikute nimede avalikukstegemist ning kohtum\u00f5istmist nende kui s\u00f5jaroimarite \u00fcle.<br \/>\nKui NLDL n\u00e4gi edu alusena k\u00f5igi ikestatud rahvaste \u00fchistegevust, siis Varato leidis, et otstarbekam on l\u00e4htuda Balti riikide eristaatusest ja koondada teistest eraldi kolme Balti riigi vastupanuj\u00f5ud, sealhulgas ka emigratsioonis. K\u00fcll aga peaks ERVL v\u00f5tma enda hooleks programmilise selgitust\u00f6\u00f6 Eestis tegutsevate rahvusgruppide seas.<br \/>\nVarato j\u00e4tkas ka kompilatsioonide koostamist Eesti Vabariigi ja Saksamaa okupatsiooni aegsetest kirjutiste p\u00f5hjal. Et organisatsioon ei saanud koosneda \u00fchestainsast isikust, p\u00fchendas ta oma p\u00fcrgimustesse kolleeg Tiit Siivelti (Varato tunnistus, RA, ERAF.129SM.1.29079-1., KD. 17., L. 11.-12.). Viimane kirjutas Varatost tuumakamaid artikleid, suutes reageerida neis ka p\u00e4evapoliitikale, k\u00e4sitles N Liidu juhtide v\u00e4lisvisiite ja L\u00e4\u00e4ne vastukajade ebakohti.<br \/>\nKuna tekstid kippusid \u00fcletama tavaliste artiklite m\u00f5\u00f5tmeid, alustas ERVL taskuformaadis ajalooteemalise raamatusarja v\u00e4lja-andmist. Tegemist oli kirjutusmasinatekstidega pooleks l\u00f5igatud maisipaberil, mis kaanetati ja klammerdati. Varato pani nii enese kui Siivelti kirjutistele konspiratsioonireeglite p\u00f5hjal varjunimed, kuid need olid v\u00e4ga kummalised: Taave Vihavald, Eluleid Kangro, Ago Aegvalge, Urves S\u00fctik jne. (Varato tunnistus, RA, ERAF.129SM.1.29079-1., KD. 17., L. 126.)<br \/>\nSuvel 1974 Siivelt suri. Edaspidi suhtles Varato vaid m\u00f5nev\u00f5rra M\u00e4tikuga, hoidudes dissidentlikust liikumisest k\u00f5rvale.<\/p>\n","protected":false},"excerpt":{"rendered":"<p>Suvel 1973 taastas Juskevit\u0161 suhted Varatoga (Varato tunnistus, RA, ERAF.129SM.1.29079-1., KD. 16., L. 171.). Viimane innustuski m\u00f5neks ajaks EDL-i tegevusest,<\/p>\n","protected":false},"featured_media":0,"parent":0,"menu_order":0,"template":"","format":"standard","meta":{"_acf_changed":false,"footnotes":""},"autorid":[],"aasta":[],"valjaanne":[],"class_list":["post-11161","uurimused","type-uurimused","status-publish","format-standard","hentry"],"acf":[],"yoast_head":"<!-- This site is optimized with the Yoast SEO plugin v25.8 - https:\/\/yoast.com\/wordpress\/plugins\/seo\/ -->\n<title>XVI Eesti rahvuslik vastupanuliikumine - Demokraatlik liikumine<\/title>\n<meta name=\"robots\" content=\"index, follow, max-snippet:-1, max-image-preview:large, max-video-preview:-1\" \/>\n<link rel=\"canonical\" href=\"https:\/\/demokraatlikliikumine.ee\/en\/uurimused\/xvi-eesti-rahvuslik-vastupanuliikumine\/\" \/>\n<meta property=\"og:locale\" content=\"en_US\" \/>\n<meta property=\"og:type\" content=\"article\" \/>\n<meta property=\"og:title\" content=\"XVI Eesti rahvuslik vastupanuliikumine - Demokraatlik liikumine\" \/>\n<meta property=\"og:description\" content=\"Suvel 1973 taastas Juskevit\u0161 suhted Varatoga (Varato tunnistus, RA, ERAF.129SM.1.29079-1., KD. 16., L. 171.). Viimane innustuski m\u00f5neks ajaks EDL-i tegevusest,\" \/>\n<meta property=\"og:url\" content=\"https:\/\/demokraatlikliikumine.ee\/en\/uurimused\/xvi-eesti-rahvuslik-vastupanuliikumine\/\" \/>\n<meta property=\"og:site_name\" content=\"Demokraatlik liikumine\" \/>\n<meta property=\"article:modified_time\" content=\"2021-10-27T19:38:20+00:00\" \/>\n<meta name=\"twitter:card\" content=\"summary_large_image\" \/>\n<meta name=\"twitter:label1\" content=\"Est. reading time\" \/>\n\t<meta name=\"twitter:data1\" content=\"2 minutes\" \/>\n<script type=\"application\/ld+json\" class=\"yoast-schema-graph\">{\"@context\":\"https:\/\/schema.org\",\"@graph\":[{\"@type\":\"WebPage\",\"@id\":\"https:\/\/demokraatlikliikumine.ee\/en\/uurimused\/xvi-eesti-rahvuslik-vastupanuliikumine\/\",\"url\":\"https:\/\/demokraatlikliikumine.ee\/en\/uurimused\/xvi-eesti-rahvuslik-vastupanuliikumine\/\",\"name\":\"XVI Eesti rahvuslik vastupanuliikumine - Demokraatlik liikumine\",\"isPartOf\":{\"@id\":\"https:\/\/demokraatlikliikumine.ee\/en\/#website\"},\"datePublished\":\"2021-08-16T18:54:47+00:00\",\"dateModified\":\"2021-10-27T19:38:20+00:00\",\"breadcrumb\":{\"@id\":\"https:\/\/demokraatlikliikumine.ee\/en\/uurimused\/xvi-eesti-rahvuslik-vastupanuliikumine\/#breadcrumb\"},\"inLanguage\":\"en-US\",\"potentialAction\":[{\"@type\":\"ReadAction\",\"target\":[\"https:\/\/demokraatlikliikumine.ee\/en\/uurimused\/xvi-eesti-rahvuslik-vastupanuliikumine\/\"]}]},{\"@type\":\"BreadcrumbList\",\"@id\":\"https:\/\/demokraatlikliikumine.ee\/en\/uurimused\/xvi-eesti-rahvuslik-vastupanuliikumine\/#breadcrumb\",\"itemListElement\":[{\"@type\":\"ListItem\",\"position\":1,\"name\":\"Home\",\"item\":\"https:\/\/demokraatlikliikumine.ee\/en\/\"},{\"@type\":\"ListItem\",\"position\":2,\"name\":\"XVI Eesti rahvuslik vastupanuliikumine\"}]},{\"@type\":\"WebSite\",\"@id\":\"https:\/\/demokraatlikliikumine.ee\/en\/#website\",\"url\":\"https:\/\/demokraatlikliikumine.ee\/en\/\",\"name\":\"Demokraatlik liikumine\",\"description\":\"Just another WordPress site\",\"potentialAction\":[{\"@type\":\"SearchAction\",\"target\":{\"@type\":\"EntryPoint\",\"urlTemplate\":\"https:\/\/demokraatlikliikumine.ee\/en\/?s={search_term_string}\"},\"query-input\":{\"@type\":\"PropertyValueSpecification\",\"valueRequired\":true,\"valueName\":\"search_term_string\"}}],\"inLanguage\":\"en-US\"}]}<\/script>\n<!-- \/ Yoast SEO plugin. -->","yoast_head_json":{"title":"XVI Eesti rahvuslik vastupanuliikumine - Demokraatlik liikumine","robots":{"index":"index","follow":"follow","max-snippet":"max-snippet:-1","max-image-preview":"max-image-preview:large","max-video-preview":"max-video-preview:-1"},"canonical":"https:\/\/demokraatlikliikumine.ee\/en\/uurimused\/xvi-eesti-rahvuslik-vastupanuliikumine\/","og_locale":"en_US","og_type":"article","og_title":"XVI Eesti rahvuslik vastupanuliikumine - Demokraatlik liikumine","og_description":"Suvel 1973 taastas Juskevit\u0161 suhted Varatoga (Varato tunnistus, RA, ERAF.129SM.1.29079-1., KD. 16., L. 171.). Viimane innustuski m\u00f5neks ajaks EDL-i tegevusest,","og_url":"https:\/\/demokraatlikliikumine.ee\/en\/uurimused\/xvi-eesti-rahvuslik-vastupanuliikumine\/","og_site_name":"Demokraatlik liikumine","article_modified_time":"2021-10-27T19:38:20+00:00","twitter_card":"summary_large_image","twitter_misc":{"Est. reading time":"2 minutes"},"schema":{"@context":"https:\/\/schema.org","@graph":[{"@type":"WebPage","@id":"https:\/\/demokraatlikliikumine.ee\/en\/uurimused\/xvi-eesti-rahvuslik-vastupanuliikumine\/","url":"https:\/\/demokraatlikliikumine.ee\/en\/uurimused\/xvi-eesti-rahvuslik-vastupanuliikumine\/","name":"XVI Eesti rahvuslik vastupanuliikumine - Demokraatlik liikumine","isPartOf":{"@id":"https:\/\/demokraatlikliikumine.ee\/en\/#website"},"datePublished":"2021-08-16T18:54:47+00:00","dateModified":"2021-10-27T19:38:20+00:00","breadcrumb":{"@id":"https:\/\/demokraatlikliikumine.ee\/en\/uurimused\/xvi-eesti-rahvuslik-vastupanuliikumine\/#breadcrumb"},"inLanguage":"en-US","potentialAction":[{"@type":"ReadAction","target":["https:\/\/demokraatlikliikumine.ee\/en\/uurimused\/xvi-eesti-rahvuslik-vastupanuliikumine\/"]}]},{"@type":"BreadcrumbList","@id":"https:\/\/demokraatlikliikumine.ee\/en\/uurimused\/xvi-eesti-rahvuslik-vastupanuliikumine\/#breadcrumb","itemListElement":[{"@type":"ListItem","position":1,"name":"Home","item":"https:\/\/demokraatlikliikumine.ee\/en\/"},{"@type":"ListItem","position":2,"name":"XVI Eesti rahvuslik vastupanuliikumine"}]},{"@type":"WebSite","@id":"https:\/\/demokraatlikliikumine.ee\/en\/#website","url":"https:\/\/demokraatlikliikumine.ee\/en\/","name":"Demokraatlik liikumine","description":"Just another WordPress site","potentialAction":[{"@type":"SearchAction","target":{"@type":"EntryPoint","urlTemplate":"https:\/\/demokraatlikliikumine.ee\/en\/?s={search_term_string}"},"query-input":{"@type":"PropertyValueSpecification","valueRequired":true,"valueName":"search_term_string"}}],"inLanguage":"en-US"}]}},"_links":{"self":[{"href":"https:\/\/demokraatlikliikumine.ee\/en\/wp-json\/wp\/v2\/uurimused\/11161","targetHints":{"allow":["GET"]}}],"collection":[{"href":"https:\/\/demokraatlikliikumine.ee\/en\/wp-json\/wp\/v2\/uurimused"}],"about":[{"href":"https:\/\/demokraatlikliikumine.ee\/en\/wp-json\/wp\/v2\/types\/uurimused"}],"version-history":[{"count":3,"href":"https:\/\/demokraatlikliikumine.ee\/en\/wp-json\/wp\/v2\/uurimused\/11161\/revisions"}],"predecessor-version":[{"id":12147,"href":"https:\/\/demokraatlikliikumine.ee\/en\/wp-json\/wp\/v2\/uurimused\/11161\/revisions\/12147"}],"wp:attachment":[{"href":"https:\/\/demokraatlikliikumine.ee\/en\/wp-json\/wp\/v2\/media?parent=11161"}],"wp:term":[{"taxonomy":"autorid","embeddable":true,"href":"https:\/\/demokraatlikliikumine.ee\/en\/wp-json\/wp\/v2\/autorid?post=11161"},{"taxonomy":"aasta","embeddable":true,"href":"https:\/\/demokraatlikliikumine.ee\/en\/wp-json\/wp\/v2\/aasta?post=11161"},{"taxonomy":"valjaanne","embeddable":true,"href":"https:\/\/demokraatlikliikumine.ee\/en\/wp-json\/wp\/v2\/valjaanne?post=11161"}],"curies":[{"name":"wp","href":"https:\/\/api.w.org\/{rel}","templated":true}]}}