{"id":11163,"date":"2021-08-16T18:55:21","date_gmt":"2021-08-16T18:55:21","guid":{"rendered":"https:\/\/demokraatlikliikumine.ee\/?post_type=uurimused&#038;p=11163"},"modified":"2021-10-27T19:39:00","modified_gmt":"2021-10-27T19:39:00","slug":"xvii-moningate-ausate-inimeste-tragoodia","status":"publish","type":"uurimused","link":"https:\/\/demokraatlikliikumine.ee\/en\/uurimused\/xvii-moningate-ausate-inimeste-tragoodia\/","title":{"rendered":"XVII &#8220;M\u00f5ningate ausate inimeste trag\u00f6\u00f6dia&#8221;"},"content":{"rendered":"<p>Kuigi Must Kass t\u00e4itis kogu aja, j\u00e4tkas EDL ajapikku ka muud tegevust. Hangiti endale m\u00f5ned relvad (tuues M\u00e4tikule kohtus t\u00e4iendava s\u00fc\u00fcparagrahvi, nii et teda ei rehabiliteeritud \u00fchiselt teiste kaasosalistega ENSV \u00dcN Presiidiumi seadluse alusel 19. veebruaril 1990, vaid Eesti Vabariigi Riigikohtu poolt alles 1996. aastal), saadeti j\u00e4tkuvalt informatsiooni Moskva dissidentidele ja saadi neilt omakorda materjale vastu. M\u00e4tik l\u00f5i aluse salakirjas\u00fcsteemile, mida v\u00f5iks kasutada p\u00f5randaaluste \u00fcksuste omavaheliseks sidemepidamiseks. (RA, ERAF.129SM.1.29079-1., KD. 25., L. 187.-189.; K. 45. L. 46.-66.; Kiirendi tunnistus, RA, ERAF.129SM.1.29079-1., KD. 27., L. 15.).<br \/>\nIntellektuaalse iidoli leidis Juskevit\u0161 tehnikateadlases Johannes Hindis. Hint oli Eesti NSV teeneline teadlane, desintegraator- tehnoloogia ja ehitusmaterjali silikatsiit leiutaja, 1962. aastast teaduste doktor ja Lenini preemia laureaat. Juskevit\u0161i \u00f5hutusel kirjutas ta poliitilise traktaadi &#8220;M\u00f5ningate XX sajandi ausate inimeste trag\u00f6\u00f6dia&#8221;, mis ilmus 1974. aastal &#8220;Eesti Demokraadi&#8221; numbrina Aivars Krauklise varjunime all (RA, ERAF.129SM.1.29079-1., KD. 22., L. 2.-44.).<br \/>\nTraktaat oli sisult autobiograafiline, n\u00e4idates \u00fche ausa inimese arenguteed ideelisest kommunistist kommunistliku ideoloogia veendunud vastaseks. Algul paneb peategelane m\u00e4ngu kogu oma noorusenergia ja innustunud kommunistina osaleb n\u00f5ukogude v\u00f5imu kehtestamisel Eestis. Kuid hiljem, liikudes parteieliidi ringkondades ja n\u00e4hes n\u00f5ukogude v\u00f5imu tegelikke telgitaguseid, toimub ta m\u00f5ttemaailmas p\u00f6\u00f6rdumatu murrang. (Kiirend 1983) Vahest k\u00f5ige paremini iseloomustas traktaadi \u00f5hustikku Nobeli preemiast unistanud Hindi enese annotatsioon, mille ta kirjutas surma eel vanglast poeg Reimo poolt v\u00e4lja toodud kirjas &#8220;Viimaseid m\u00f5tteid inimkonnale&#8221;:<br \/>\n&#8220;P\u00fc\u00fcdsin juhtida inimeste t\u00e4helepanu sellele, millisele koletule teele on asunud NSV Liit \u2013 k\u00e4put\u00e4is s\u00fcdametunnistuseta inimesi on teinud riigikorrast religiooni, v\u00f5ttes inimestelt \u00e4ra t\u00f5elise usu ja sellega k\u00f5ige t\u00e4htsama osa inimesest endast \u2013 headuse. Ja seda sellep\u00e4rast, et ise nautida heaolu, mida selline riigikord rahvale ei v\u00f5imalda. On t\u00f5si, et niisugune riigikord peab varsti ennast ise h\u00e4vitama hakkama \u2013 sest iga haridust saanud inimene hakkab m\u00f5tlema. See viib t\u00f5e tunnustamisele ja l\u00f5puks vastuhakule. J\u00e4relikult tuleb h\u00e4vitada oma maa &#8220;ajud&#8221;.<br \/>\nSamal ajal on maailma arengutase selline, et ilma m\u00f5tlevate, ajudega t\u00f6\u00f6tavate inimesteta kuhugi ei j\u00f5uta, ja seda n\u00e4itab ilmekalt ka N Liidu kaasaja tehnikatase. Et mitte maha j\u00e4\u00e4da arenenud maailmast (peamiselt s\u00f5jat\u00f6\u00f6stuses, sest inimeste olukord riigis valitsevat klikki ei puuduta), tuleb luua ajusid, neid kasutada ja \u00f5igeaegselt h\u00e4vitada, et nad riigikorda ennast ei h\u00e4vitaks. Kuid ilma ausate inimeste abita ja vahelesegamiseta j\u00f5uab NLKP inimvihkajalik juhtkond lisaks juba h\u00e4vitatud miljonitele veel \u00f5ige pea palju ausaid inimesi hauda saata.&#8221; (Hint 1985: 674)<\/p>\n","protected":false},"excerpt":{"rendered":"<p>Kuigi Must Kass t\u00e4itis kogu aja, j\u00e4tkas EDL ajapikku ka muud tegevust. Hangiti endale m\u00f5ned relvad (tuues M\u00e4tikule kohtus t\u00e4iendava<\/p>\n","protected":false},"featured_media":0,"parent":0,"menu_order":0,"template":"","format":"standard","meta":{"_acf_changed":false,"footnotes":""},"autorid":[],"aasta":[],"valjaanne":[],"class_list":["post-11163","uurimused","type-uurimused","status-publish","format-standard","hentry"],"acf":[],"yoast_head":"<!-- This site is optimized with the Yoast SEO plugin v25.8 - https:\/\/yoast.com\/wordpress\/plugins\/seo\/ -->\n<title>XVII &quot;M\u00f5ningate ausate inimeste trag\u00f6\u00f6dia&quot; - Demokraatlik liikumine<\/title>\n<meta name=\"robots\" content=\"index, follow, max-snippet:-1, max-image-preview:large, max-video-preview:-1\" \/>\n<link rel=\"canonical\" href=\"https:\/\/demokraatlikliikumine.ee\/en\/uurimused\/xvii-moningate-ausate-inimeste-tragoodia\/\" \/>\n<meta property=\"og:locale\" content=\"en_US\" \/>\n<meta property=\"og:type\" content=\"article\" \/>\n<meta property=\"og:title\" content=\"XVII &quot;M\u00f5ningate ausate inimeste trag\u00f6\u00f6dia&quot; - Demokraatlik liikumine\" \/>\n<meta property=\"og:description\" content=\"Kuigi Must Kass t\u00e4itis kogu aja, j\u00e4tkas EDL ajapikku ka muud tegevust. Hangiti endale m\u00f5ned relvad (tuues M\u00e4tikule kohtus t\u00e4iendava\" \/>\n<meta property=\"og:url\" content=\"https:\/\/demokraatlikliikumine.ee\/en\/uurimused\/xvii-moningate-ausate-inimeste-tragoodia\/\" \/>\n<meta property=\"og:site_name\" content=\"Demokraatlik liikumine\" \/>\n<meta property=\"article:modified_time\" content=\"2021-10-27T19:39:00+00:00\" \/>\n<meta name=\"twitter:card\" content=\"summary_large_image\" \/>\n<meta name=\"twitter:label1\" content=\"Est. reading time\" \/>\n\t<meta name=\"twitter:data1\" content=\"2 minutes\" \/>\n<script type=\"application\/ld+json\" class=\"yoast-schema-graph\">{\"@context\":\"https:\/\/schema.org\",\"@graph\":[{\"@type\":\"WebPage\",\"@id\":\"https:\/\/demokraatlikliikumine.ee\/en\/uurimused\/xvii-moningate-ausate-inimeste-tragoodia\/\",\"url\":\"https:\/\/demokraatlikliikumine.ee\/en\/uurimused\/xvii-moningate-ausate-inimeste-tragoodia\/\",\"name\":\"XVII \\\"M\u00f5ningate ausate inimeste trag\u00f6\u00f6dia\\\" - Demokraatlik liikumine\",\"isPartOf\":{\"@id\":\"https:\/\/demokraatlikliikumine.ee\/en\/#website\"},\"datePublished\":\"2021-08-16T18:55:21+00:00\",\"dateModified\":\"2021-10-27T19:39:00+00:00\",\"breadcrumb\":{\"@id\":\"https:\/\/demokraatlikliikumine.ee\/en\/uurimused\/xvii-moningate-ausate-inimeste-tragoodia\/#breadcrumb\"},\"inLanguage\":\"en-US\",\"potentialAction\":[{\"@type\":\"ReadAction\",\"target\":[\"https:\/\/demokraatlikliikumine.ee\/en\/uurimused\/xvii-moningate-ausate-inimeste-tragoodia\/\"]}]},{\"@type\":\"BreadcrumbList\",\"@id\":\"https:\/\/demokraatlikliikumine.ee\/en\/uurimused\/xvii-moningate-ausate-inimeste-tragoodia\/#breadcrumb\",\"itemListElement\":[{\"@type\":\"ListItem\",\"position\":1,\"name\":\"Home\",\"item\":\"https:\/\/demokraatlikliikumine.ee\/en\/\"},{\"@type\":\"ListItem\",\"position\":2,\"name\":\"XVII &#8220;M\u00f5ningate ausate inimeste trag\u00f6\u00f6dia&#8221;\"}]},{\"@type\":\"WebSite\",\"@id\":\"https:\/\/demokraatlikliikumine.ee\/en\/#website\",\"url\":\"https:\/\/demokraatlikliikumine.ee\/en\/\",\"name\":\"Demokraatlik liikumine\",\"description\":\"Just another WordPress site\",\"potentialAction\":[{\"@type\":\"SearchAction\",\"target\":{\"@type\":\"EntryPoint\",\"urlTemplate\":\"https:\/\/demokraatlikliikumine.ee\/en\/?s={search_term_string}\"},\"query-input\":{\"@type\":\"PropertyValueSpecification\",\"valueRequired\":true,\"valueName\":\"search_term_string\"}}],\"inLanguage\":\"en-US\"}]}<\/script>\n<!-- \/ Yoast SEO plugin. -->","yoast_head_json":{"title":"XVII \"M\u00f5ningate ausate inimeste trag\u00f6\u00f6dia\" - Demokraatlik liikumine","robots":{"index":"index","follow":"follow","max-snippet":"max-snippet:-1","max-image-preview":"max-image-preview:large","max-video-preview":"max-video-preview:-1"},"canonical":"https:\/\/demokraatlikliikumine.ee\/en\/uurimused\/xvii-moningate-ausate-inimeste-tragoodia\/","og_locale":"en_US","og_type":"article","og_title":"XVII \"M\u00f5ningate ausate inimeste trag\u00f6\u00f6dia\" - Demokraatlik liikumine","og_description":"Kuigi Must Kass t\u00e4itis kogu aja, j\u00e4tkas EDL ajapikku ka muud tegevust. Hangiti endale m\u00f5ned relvad (tuues M\u00e4tikule kohtus t\u00e4iendava","og_url":"https:\/\/demokraatlikliikumine.ee\/en\/uurimused\/xvii-moningate-ausate-inimeste-tragoodia\/","og_site_name":"Demokraatlik liikumine","article_modified_time":"2021-10-27T19:39:00+00:00","twitter_card":"summary_large_image","twitter_misc":{"Est. reading time":"2 minutes"},"schema":{"@context":"https:\/\/schema.org","@graph":[{"@type":"WebPage","@id":"https:\/\/demokraatlikliikumine.ee\/en\/uurimused\/xvii-moningate-ausate-inimeste-tragoodia\/","url":"https:\/\/demokraatlikliikumine.ee\/en\/uurimused\/xvii-moningate-ausate-inimeste-tragoodia\/","name":"XVII \"M\u00f5ningate ausate inimeste trag\u00f6\u00f6dia\" - Demokraatlik liikumine","isPartOf":{"@id":"https:\/\/demokraatlikliikumine.ee\/en\/#website"},"datePublished":"2021-08-16T18:55:21+00:00","dateModified":"2021-10-27T19:39:00+00:00","breadcrumb":{"@id":"https:\/\/demokraatlikliikumine.ee\/en\/uurimused\/xvii-moningate-ausate-inimeste-tragoodia\/#breadcrumb"},"inLanguage":"en-US","potentialAction":[{"@type":"ReadAction","target":["https:\/\/demokraatlikliikumine.ee\/en\/uurimused\/xvii-moningate-ausate-inimeste-tragoodia\/"]}]},{"@type":"BreadcrumbList","@id":"https:\/\/demokraatlikliikumine.ee\/en\/uurimused\/xvii-moningate-ausate-inimeste-tragoodia\/#breadcrumb","itemListElement":[{"@type":"ListItem","position":1,"name":"Home","item":"https:\/\/demokraatlikliikumine.ee\/en\/"},{"@type":"ListItem","position":2,"name":"XVII &#8220;M\u00f5ningate ausate inimeste trag\u00f6\u00f6dia&#8221;"}]},{"@type":"WebSite","@id":"https:\/\/demokraatlikliikumine.ee\/en\/#website","url":"https:\/\/demokraatlikliikumine.ee\/en\/","name":"Demokraatlik liikumine","description":"Just another WordPress site","potentialAction":[{"@type":"SearchAction","target":{"@type":"EntryPoint","urlTemplate":"https:\/\/demokraatlikliikumine.ee\/en\/?s={search_term_string}"},"query-input":{"@type":"PropertyValueSpecification","valueRequired":true,"valueName":"search_term_string"}}],"inLanguage":"en-US"}]}},"_links":{"self":[{"href":"https:\/\/demokraatlikliikumine.ee\/en\/wp-json\/wp\/v2\/uurimused\/11163","targetHints":{"allow":["GET"]}}],"collection":[{"href":"https:\/\/demokraatlikliikumine.ee\/en\/wp-json\/wp\/v2\/uurimused"}],"about":[{"href":"https:\/\/demokraatlikliikumine.ee\/en\/wp-json\/wp\/v2\/types\/uurimused"}],"version-history":[{"count":4,"href":"https:\/\/demokraatlikliikumine.ee\/en\/wp-json\/wp\/v2\/uurimused\/11163\/revisions"}],"predecessor-version":[{"id":12149,"href":"https:\/\/demokraatlikliikumine.ee\/en\/wp-json\/wp\/v2\/uurimused\/11163\/revisions\/12149"}],"wp:attachment":[{"href":"https:\/\/demokraatlikliikumine.ee\/en\/wp-json\/wp\/v2\/media?parent=11163"}],"wp:term":[{"taxonomy":"autorid","embeddable":true,"href":"https:\/\/demokraatlikliikumine.ee\/en\/wp-json\/wp\/v2\/autorid?post=11163"},{"taxonomy":"aasta","embeddable":true,"href":"https:\/\/demokraatlikliikumine.ee\/en\/wp-json\/wp\/v2\/aasta?post=11163"},{"taxonomy":"valjaanne","embeddable":true,"href":"https:\/\/demokraatlikliikumine.ee\/en\/wp-json\/wp\/v2\/valjaanne?post=11163"}],"curies":[{"name":"wp","href":"https:\/\/api.w.org\/{rel}","templated":true}]}}